{"id":3075,"date":"2019-09-23T14:30:12","date_gmt":"2019-09-23T12:30:12","guid":{"rendered":"https:\/\/www.saintemilion-unesco.com\/?page_id=3075"},"modified":"2019-09-23T14:30:12","modified_gmt":"2019-09-23T12:30:12","slug":"personal-data-management-of-requests-relating-to-the-jurisdiction-of-saint-emilion","status":"publish","type":"page","link":"https:\/\/www.saintemilion-unesco.com\/en\/personal-data-management-of-requests-relating-to-the-jurisdiction-of-saint-emilion\/","title":{"rendered":"Personal data &#8211; Management of requests relating to the jurisdiction of Saint-Emilion"},"content":{"rendered":"<p>[et_pb_section bb_built=&#8221;1&#8243;][et_pb_row][et_pb_column type=&#8221;4_4&#8243;][et_pb_text]<\/p>\n<p>Le formulaire de demandes relatives au site <a href=\"https:\/\/www.saintemilion-unesco.com\/en\/\" target=\"_blank\" rel=\"noopener\">www.saintemilion-unesco.com<\/a> est un traitement de donn\u00e9es personnelles g\u00e9r\u00e9 par Saint-Emilion-UNESCO.<\/p>\n<h2>Objet du traitement de donn\u00e9es<\/h2>\n<h3>Finalit\u00e9s<\/h3>\n<p>Le traitement a pour objet la gestion des demandes relatives \u00e0 Saint-Emilion-UNESCO.<\/p>\n<p>Il permet \u00e0 Saint-Emilion-UNESCO :<\/p>\n<ul>\n<li>La r\u00e9ception des remarques et signalements adress\u00e9s \u00e0 l\u2019\u00e9quipe de Saint-Emilion-UNESCO<\/li>\n<li>La gestion des suites donn\u00e9es aux questions re\u00e7ues<\/li>\n<\/ul>\n<h3>Base l\u00e9gale<\/h3>\n<p><a href=\"https:\/\/www.cnil.fr\/fr\/reglement-europeen-protection-donnees\/chapitre2#Article6\" target=\"_blank\" rel=\"noopener\">Article 6<\/a> (1) du r\u00e8glement g\u00e9n\u00e9ral sur la protection des donn\u00e9es \u2013 RGPD<\/p>\n<h2>Donn\u00e9es trait\u00e9es<\/h2>\n<h3>Cat\u00e9gories de donn\u00e9es trait\u00e9es<\/h3>\n<p>Nom ;<br \/>\nPr\u00e9nom ;<br \/>\nCoordonn\u00e9es (courriel) ;<br \/>\nT\u00e9l\u00e9phone ;<br \/>\nSujet de la demande ;<br \/>\nMessage.<\/p>\n<h3>Source des donn\u00e9es<\/h3>\n<p>Les donn\u00e9es sont transmises par le visiteur du site <a href=\"https:\/\/www.saintemilion-unesco.com\/en\/\" target=\"_blank\" rel=\"noopener\">www.saintemilion-unesco.com<\/a> qui souhaite adresser un message.<\/p>\n<h3>Caract\u00e8re obligatoire du recueil des donn\u00e9es<\/h3>\n<p>Le formulaire de contact du site <a href=\"https:\/\/www.saintemilion-unesco.com\/en\/\" target=\"_blank\" rel=\"noopener\">www.saintemilion-unesco.com<\/a> pr\u00e9voit un recueil obligatoire des donn\u00e9es pour la bonne prise en compte de la demande.<\/p>\n<h3>Prise de d\u00e9cision automatis\u00e9e<\/h3>\n<p>Le traitement ne pr\u00e9voit pas de <a href=\"https:\/\/www.cnil.fr\/fr\/reglement-europeen-protection-donnees\/chapitre3#Article22\" target=\"_blank\" rel=\"noopener\">prise de d\u00e9cision automatis\u00e9e<\/a>.<\/p>\n<h2>Personnes concern\u00e9es<\/h2>\n<p>Le traitement de donn\u00e9es concerne les personnes qui souhaitent adresser une question ou un signalement \u00e0 Saint-Emilion-UNESCO.<\/p>\n<h2>Destinataires des donn\u00e9es<\/h2>\n<h3>Cat\u00e9gorie de destinataire<\/h3>\n<p>Est destinataire des donn\u00e9es :<\/p>\n<ul>\n<li>Association \u00ab Juridiction de Saint-Emilion, Patrimoine Mondial de l\u2019Humanit\u00e9 \u00bb<\/li>\n<\/ul>\n<h3>Transferts des donn\u00e9es hors UE<\/h3>\n<p>Aucun transfert de donn\u00e9es hors de l\u2019Union europ\u00e9enne n\u2019est r\u00e9alis\u00e9.<\/p>\n<h2>Dur\u00e9e de conservation des donn\u00e9es<\/h2>\n<p>Les donn\u00e9es sont conserv\u00e9es 5 ans \u00e0 compter du traitement de la demande.<\/p>\n<h2>S\u00e9curit\u00e9<\/h2>\n<p>Saint-Emilion-UNESCO met tout en \u0153uvre afin de s\u00e9curiser les donn\u00e9es personnelles soumises sur le site Saint-Emilion-UNESCO.<\/p>\n<h2>Vos droits sur les donn\u00e9es vous concernant<\/h2>\n<p>Vous pouvez acc\u00e9der et obtenir copie des donn\u00e9es vous concernant, vous opposer au traitement de ces donn\u00e9es, les faire rectifier ou les faire effacer. Vous disposez \u00e9galement d\u2019un droit \u00e0 la limitation du traitement de vos donn\u00e9es.<\/p>\n<p><a href=\"https:\/\/www.cnil.fr\/fr\/comprendre-vos-droits\" target=\"_blank\" rel=\"noopener\">Pour plus d\u2019informations et comprendre vos droits<\/a><\/p>\n<h3>Exercer ses droits<\/h3>\n<p>Le d\u00e9l\u00e9gu\u00e9 \u00e0 la protection des donn\u00e9es (DPO) de Saint-Emilion-UNESCO est votre interlocuteur pour toute demande d\u2019exercice de vos droits sur ce traitement.<\/p>\n<h3>Contacter le DPO par courrier postal<\/h3>\n<p>Le d\u00e9l\u00e9gu\u00e9 \u00e0 la protection des donn\u00e9es :<br \/>\n<em>Association Juridiction de Saint-Emilion, Patrimoine Mondial de l\u2019Humanit\u00e9<br \/>\nH\u00f4tel de Ville \u2013 6 place Pioceau<br \/>\n33 330 SAINT-EMILION<br \/>\nT\u00e9l\u00e9phone : 05 57 55 50 50<\/em><\/p>\n<h3>R\u00e9clamation (plainte) aupr\u00e8s de la CNIL<\/h3>\n<p>Si vous estimez, apr\u00e8s nous avoir contact\u00e9s, que vos droits sur vos donn\u00e9es ne sont pas respect\u00e9s, vous pouvez <a href=\"https:\/\/www.cnil.fr\/fr\/webform\/adresser-une-plainte\" target=\"_blank\" rel=\"noopener\">adresser une r\u00e9clamation (plainte) \u00e0 la CNIL<\/a>.<\/p>\n<p>[\/et_pb_text][\/et_pb_column][\/et_pb_row][\/et_pb_section]<\/p>\n","protected":false},"excerpt":{"rendered":"<p>[et_pb_section bb_built=&#8221;1&#8243;][et_pb_row][et_pb_column type=&#8221;4_4&#8243;][et_pb_text] Le formulaire de demandes relatives au site www.saintemilion-unesco.com est un traitement de donn\u00e9es personnelles g\u00e9r\u00e9 par Saint-Emilion-UNESCO. Objet du traitement de donn\u00e9es Finalit\u00e9s Le traitement a pour objet la gestion des demandes relatives \u00e0 Saint-Emilion-UNESCO. Il permet \u00e0 Saint-Emilion-UNESCO : La r\u00e9ception des remarques et signalements adress\u00e9s \u00e0 l\u2019\u00e9quipe de Saint-Emilion-UNESCO La [&hellip;]<\/p>\n","protected":false},"author":1,"featured_media":0,"parent":0,"menu_order":0,"comment_status":"closed","ping_status":"closed","template":"","meta":{"_et_pb_use_builder":"off","_et_pb_old_content":"<p>Le formulaire de demandes relatives au site <a href=\"https:\/\/www.saintemilion-unesco.com\/\" target=\"_blank\" rel=\"noopener\">www.saintemilion-unesco.com<\/a> est un traitement de donn\u00e9es personnelles g\u00e9r\u00e9 par Saint-Emilion-UNESCO.<\/p><h2>Objet du traitement de donn\u00e9es<\/h2><h3>Finalit\u00e9s<\/h3><p>Le traitement a pour objet la gestion des demandes relatives \u00e0 l'Saint-Emilion-UNESCO.<\/p><p>Il permet \u00e0 Saint-Emilion-UNESCO :<\/p><ul><li>La r\u00e9ception des remarques et signalements adress\u00e9s \u00e0 l\u2019\u00e9quipe de Saint-Emilion-UNESCO<\/li><li>La gestion des suites donn\u00e9es aux questions re\u00e7ues<\/li><\/ul><h3>Base l\u00e9gale<\/h3><p><a href=\"https:\/\/www.cnil.fr\/fr\/reglement-europeen-protection-donnees\/chapitre2#Article6\" target=\"_blank\" rel=\"noopener\">Article 6<\/a> (1) e du r\u00e8glement g\u00e9n\u00e9ral sur la protection des donn\u00e9es \u2013 RGPD<\/p><p>\u00a0<\/p><h2>Donn\u00e9es trait\u00e9es<\/h2><p>\u00a0<\/p><h3>Cat\u00e9gories de donn\u00e9es trait\u00e9es<\/h3><p>Nom ;<br \/>Pr\u00e9nom ;<br \/>Coordonn\u00e9es (courriel) ;<br \/>T\u00e9l\u00e9phone ;<br \/>Sujet de la demande ;<br \/>Message.<\/p><h3>Source des donn\u00e9es<\/h3><p>Les donn\u00e9es sont transmises par le visiteur du site <a href=\"https:\/\/www.saintemilion-unesco.com\/\" target=\"_blank\" rel=\"noopener\">www.saintemilion-unesco.com<\/a> qui souhaite adresser un message.<\/p><h3>Caract\u00e8re obligatoire du recueil des donn\u00e9es<\/h3><p>Le formulaire de contact du site <a href=\"https:\/\/www.saintemilion-unesco.com\/\" target=\"_blank\" rel=\"noopener\">www.saintemilion-unesco.com<\/a> pr\u00e9voit un recueil obligatoire des donn\u00e9es pour la bonne prise en compte de la demande.<\/p><h3>Prise de d\u00e9cision automatis\u00e9e<\/h3><p>Le traitement ne pr\u00e9voit pas de <a href=\"https:\/\/www.cnil.fr\/fr\/reglement-europeen-protection-donnees\/chapitre3#Article22\" target=\"_blank\" rel=\"noopener\">prise de d\u00e9cision automatis\u00e9e<\/a>.<\/p><h2>Personnes concern\u00e9es<\/h2><p>\u00a0<\/p><p>Le traitement de donn\u00e9es concerne les personnes qui souhaitent adresser une question ou un signalement \u00e0 Saint-Emilion-UNESCO.<\/p><h2>Destinataires des donn\u00e9es<\/h2><p>\u00a0<\/p><h3>Cat\u00e9gories de destinataires<\/h3><p>Sont destinataires des donn\u00e9es :<\/p><ul><li>le secr\u00e9taire de Saint-Emilion-UNESCO ;<\/li><li>le cas \u00e9ch\u00e9ant, les autres services de Saint-Emilion-UNESCO.<\/li><\/ul><h3>Transferts des donn\u00e9es hors UE<\/h3><p>Aucun transfert de donn\u00e9es hors de l\u2019Union europ\u00e9enne n\u2019est r\u00e9alis\u00e9.<\/p><h2>Dur\u00e9e de conservation des donn\u00e9es<\/h2><p>\u00a0<\/p><p>Les donn\u00e9es sont conserv\u00e9es 5 ans \u00e0 compter du traitement de la demande.<\/p><h2>S\u00e9curit\u00e9<\/h2><p>\u00a0<\/p><p>Saint-Emilion-UNESCO met tout en \u0153uvre afin de s\u00e9curiser les donn\u00e9es personnelles soumises sur le site Saint-Emilion-UNESCO.<\/p><h2>Vos droits sur les donn\u00e9es vous concernant<\/h2><p>\u00a0<\/p><p>Vous pouvez acc\u00e9der et obtenir copie des donn\u00e9es vous concernant, vous opposer au traitement de ces donn\u00e9es, les faire rectifier ou les faire effacer. Vous disposez \u00e9galement d\u2019un droit \u00e0 la limitation du traitement de vos donn\u00e9es.<\/p><p><a href=\"https:\/\/www.cnil.fr\/fr\/comprendre-vos-droits\" target=\"_blank\" rel=\"noopener\">Pour plus d\u2019informations et comprendre vos droits<\/a><\/p><h3>Exercer ses droits<\/h3><p>Le d\u00e9l\u00e9gu\u00e9 \u00e0 la protection des donn\u00e9es (DPO) de Saint-Emilion-UNESCO est votre interlocuteur pour toute demande d\u2019exercice de vos droits sur ce traitement.<\/p><h3>Contacter le DPO par courrier postal<\/h3><p>Le d\u00e9l\u00e9gu\u00e9 \u00e0 la protection des donn\u00e9es<br \/><em>Association Juridiction de Saint-Emilion, Patrimoine Mondial de l\u2019Humanit\u00e9<br \/>H\u00f4tel de Ville \u2013 6 place Pioceau<br \/>33 330 SAINT-EMILION<br \/>T\u00e9l\u00e9phone : 05 57 55 50 50<\/em><\/p><h3>R\u00e9clamation (plainte) aupr\u00e8s de la CNIL<\/h3><p>Si vous estimez, apr\u00e8s nous avoir contact\u00e9s, que vos droits sur vos donn\u00e9es ne sont pas respect\u00e9s, vous pouvez <a href=\"https:\/\/www.cnil.fr\/fr\/webform\/adresser-une-plainte\" target=\"_blank\" rel=\"noopener\">adresser une r\u00e9clamation (plainte) \u00e0 la CNIL<\/a>.<\/p>","_et_gb_content_width":""},"yoast_head":"<!-- This site is optimized with the Yoast SEO plugin v19.13 - https:\/\/yoast.com\/wordpress\/plugins\/seo\/ -->\n<title>Personal data - Management of requests relating to the jurisdiction of Saint-Emilion - Association Juridiction de Saint-Emilion<\/title>\n<meta name=\"robots\" content=\"index, follow, max-snippet:-1, max-image-preview:large, max-video-preview:-1\" \/>\n<link rel=\"canonical\" href=\"https:\/\/www.saintemilion-unesco.com\/en\/personal-data-management-of-requests-relating-to-the-jurisdiction-of-saint-emilion\/\" \/>\n<meta property=\"og:locale\" content=\"en_US\" \/>\n<meta property=\"og:type\" content=\"article\" \/>\n<meta property=\"og:title\" content=\"Personal data - Management of requests relating to the jurisdiction of Saint-Emilion - Association Juridiction de Saint-Emilion\" \/>\n<meta property=\"og:description\" content=\"[et_pb_section bb_built=&#8221;1&#8243;][et_pb_row][et_pb_column type=&#8221;4_4&#8243;][et_pb_text] Le formulaire de demandes relatives au site www.saintemilion-unesco.com est un traitement de donn\u00e9es personnelles g\u00e9r\u00e9 par Saint-Emilion-UNESCO. Objet du traitement de donn\u00e9es Finalit\u00e9s Le traitement a pour objet la gestion des demandes relatives \u00e0 Saint-Emilion-UNESCO. Il permet \u00e0 Saint-Emilion-UNESCO : La r\u00e9ception des remarques et signalements adress\u00e9s \u00e0 l\u2019\u00e9quipe de Saint-Emilion-UNESCO La [&hellip;]\" \/>\n<meta property=\"og:url\" content=\"https:\/\/www.saintemilion-unesco.com\/en\/personal-data-management-of-requests-relating-to-the-jurisdiction-of-saint-emilion\/\" \/>\n<meta property=\"og:site_name\" content=\"Association Juridiction de Saint-Emilion\" \/>\n<meta property=\"og:image\" content=\"https:\/\/www.saintemilion-unesco.com\/wp-content\/uploads\/2018\/11\/carte-juridiction-saint-emilion-unesco3-3.jpg\" \/>\n\t<meta property=\"og:image:width\" content=\"1920\" \/>\n\t<meta property=\"og:image:height\" content=\"764\" \/>\n\t<meta property=\"og:image:type\" content=\"image\/jpeg\" \/>\n<meta name=\"twitter:card\" content=\"summary_large_image\" \/>\n<meta name=\"twitter:label1\" content=\"Est. reading time\" \/>\n\t<meta name=\"twitter:data1\" content=\"2 minutes\" \/>\n<script type=\"application\/ld+json\" class=\"yoast-schema-graph\">{\"@context\":\"https:\/\/schema.org\",\"@graph\":[{\"@type\":\"WebPage\",\"@id\":\"https:\/\/www.saintemilion-unesco.com\/en\/personal-data-management-of-requests-relating-to-the-jurisdiction-of-saint-emilion\/\",\"url\":\"https:\/\/www.saintemilion-unesco.com\/en\/personal-data-management-of-requests-relating-to-the-jurisdiction-of-saint-emilion\/\",\"name\":\"Personal data - Management of requests relating to the jurisdiction of Saint-Emilion - Association Juridiction de Saint-Emilion\",\"isPartOf\":{\"@id\":\"https:\/\/www.saintemilion-unesco.com\/en\/#website\"},\"datePublished\":\"2019-09-23T12:30:12+00:00\",\"dateModified\":\"2019-09-23T12:30:12+00:00\",\"breadcrumb\":{\"@id\":\"https:\/\/www.saintemilion-unesco.com\/en\/personal-data-management-of-requests-relating-to-the-jurisdiction-of-saint-emilion\/#breadcrumb\"},\"inLanguage\":\"en-US\",\"potentialAction\":[{\"@type\":\"ReadAction\",\"target\":[\"https:\/\/www.saintemilion-unesco.com\/en\/personal-data-management-of-requests-relating-to-the-jurisdiction-of-saint-emilion\/\"]}]},{\"@type\":\"BreadcrumbList\",\"@id\":\"https:\/\/www.saintemilion-unesco.com\/en\/personal-data-management-of-requests-relating-to-the-jurisdiction-of-saint-emilion\/#breadcrumb\",\"itemListElement\":[{\"@type\":\"ListItem\",\"position\":1,\"name\":\"Accueil\",\"item\":\"https:\/\/www.saintemilion-unesco.com\/en\/\"},{\"@type\":\"ListItem\",\"position\":2,\"name\":\"Personal data &#8211; Management of requests relating to the jurisdiction of Saint-Emilion\"}]},{\"@type\":\"WebSite\",\"@id\":\"https:\/\/www.saintemilion-unesco.com\/en\/#website\",\"url\":\"https:\/\/www.saintemilion-unesco.com\/en\/\",\"name\":\"Association Juridiction de Saint-Emilion\",\"description\":\"Patrimoine Mondial de l&#039;Humanit\u00e9\",\"potentialAction\":[{\"@type\":\"SearchAction\",\"target\":{\"@type\":\"EntryPoint\",\"urlTemplate\":\"https:\/\/www.saintemilion-unesco.com\/en\/?s={search_term_string}\"},\"query-input\":\"required name=search_term_string\"}],\"inLanguage\":\"en-US\"}]}<\/script>\n<!-- \/ Yoast SEO plugin. -->","yoast_head_json":{"title":"Personal data - Management of requests relating to the jurisdiction of Saint-Emilion - Association Juridiction de Saint-Emilion","robots":{"index":"index","follow":"follow","max-snippet":"max-snippet:-1","max-image-preview":"max-image-preview:large","max-video-preview":"max-video-preview:-1"},"canonical":"https:\/\/www.saintemilion-unesco.com\/en\/personal-data-management-of-requests-relating-to-the-jurisdiction-of-saint-emilion\/","og_locale":"en_US","og_type":"article","og_title":"Personal data - Management of requests relating to the jurisdiction of Saint-Emilion - Association Juridiction de Saint-Emilion","og_description":"[et_pb_section bb_built=&#8221;1&#8243;][et_pb_row][et_pb_column type=&#8221;4_4&#8243;][et_pb_text] Le formulaire de demandes relatives au site www.saintemilion-unesco.com est un traitement de donn\u00e9es personnelles g\u00e9r\u00e9 par Saint-Emilion-UNESCO. Objet du traitement de donn\u00e9es Finalit\u00e9s Le traitement a pour objet la gestion des demandes relatives \u00e0 Saint-Emilion-UNESCO. Il permet \u00e0 Saint-Emilion-UNESCO : La r\u00e9ception des remarques et signalements adress\u00e9s \u00e0 l\u2019\u00e9quipe de Saint-Emilion-UNESCO La [&hellip;]","og_url":"https:\/\/www.saintemilion-unesco.com\/en\/personal-data-management-of-requests-relating-to-the-jurisdiction-of-saint-emilion\/","og_site_name":"Association Juridiction de Saint-Emilion","og_image":[{"width":1920,"height":764,"url":"https:\/\/www.saintemilion-unesco.com\/wp-content\/uploads\/2018\/11\/carte-juridiction-saint-emilion-unesco3-3.jpg","type":"image\/jpeg"}],"twitter_card":"summary_large_image","twitter_misc":{"Est. reading time":"2 minutes"},"schema":{"@context":"https:\/\/schema.org","@graph":[{"@type":"WebPage","@id":"https:\/\/www.saintemilion-unesco.com\/en\/personal-data-management-of-requests-relating-to-the-jurisdiction-of-saint-emilion\/","url":"https:\/\/www.saintemilion-unesco.com\/en\/personal-data-management-of-requests-relating-to-the-jurisdiction-of-saint-emilion\/","name":"Personal data - Management of requests relating to the jurisdiction of Saint-Emilion - Association Juridiction de Saint-Emilion","isPartOf":{"@id":"https:\/\/www.saintemilion-unesco.com\/en\/#website"},"datePublished":"2019-09-23T12:30:12+00:00","dateModified":"2019-09-23T12:30:12+00:00","breadcrumb":{"@id":"https:\/\/www.saintemilion-unesco.com\/en\/personal-data-management-of-requests-relating-to-the-jurisdiction-of-saint-emilion\/#breadcrumb"},"inLanguage":"en-US","potentialAction":[{"@type":"ReadAction","target":["https:\/\/www.saintemilion-unesco.com\/en\/personal-data-management-of-requests-relating-to-the-jurisdiction-of-saint-emilion\/"]}]},{"@type":"BreadcrumbList","@id":"https:\/\/www.saintemilion-unesco.com\/en\/personal-data-management-of-requests-relating-to-the-jurisdiction-of-saint-emilion\/#breadcrumb","itemListElement":[{"@type":"ListItem","position":1,"name":"Accueil","item":"https:\/\/www.saintemilion-unesco.com\/en\/"},{"@type":"ListItem","position":2,"name":"Personal data &#8211; Management of requests relating to the jurisdiction of Saint-Emilion"}]},{"@type":"WebSite","@id":"https:\/\/www.saintemilion-unesco.com\/en\/#website","url":"https:\/\/www.saintemilion-unesco.com\/en\/","name":"Association Juridiction de Saint-Emilion","description":"Patrimoine Mondial de l&#039;Humanit\u00e9","potentialAction":[{"@type":"SearchAction","target":{"@type":"EntryPoint","urlTemplate":"https:\/\/www.saintemilion-unesco.com\/en\/?s={search_term_string}"},"query-input":"required name=search_term_string"}],"inLanguage":"en-US"}]}},"_links":{"self":[{"href":"https:\/\/www.saintemilion-unesco.com\/en\/wp-json\/wp\/v2\/pages\/3075"}],"collection":[{"href":"https:\/\/www.saintemilion-unesco.com\/en\/wp-json\/wp\/v2\/pages"}],"about":[{"href":"https:\/\/www.saintemilion-unesco.com\/en\/wp-json\/wp\/v2\/types\/page"}],"author":[{"embeddable":true,"href":"https:\/\/www.saintemilion-unesco.com\/en\/wp-json\/wp\/v2\/users\/1"}],"replies":[{"embeddable":true,"href":"https:\/\/www.saintemilion-unesco.com\/en\/wp-json\/wp\/v2\/comments?post=3075"}],"version-history":[{"count":2,"href":"https:\/\/www.saintemilion-unesco.com\/en\/wp-json\/wp\/v2\/pages\/3075\/revisions"}],"predecessor-version":[{"id":3077,"href":"https:\/\/www.saintemilion-unesco.com\/en\/wp-json\/wp\/v2\/pages\/3075\/revisions\/3077"}],"wp:attachment":[{"href":"https:\/\/www.saintemilion-unesco.com\/en\/wp-json\/wp\/v2\/media?parent=3075"}],"curies":[{"name":"wp","href":"https:\/\/api.w.org\/{rel}","templated":true}]}}