{"id":6238,"date":"2024-09-02T15:36:05","date_gmt":"2024-09-02T13:36:05","guid":{"rendered":"https:\/\/www.saintemilion-unesco.com\/project\/discover-chapelle-du-chapitre\/"},"modified":"2024-09-05T12:52:45","modified_gmt":"2024-09-05T10:52:45","slug":"discover-chapelle-du-chapitre","status":"publish","type":"project","link":"https:\/\/www.saintemilion-unesco.com\/en\/project\/discover-chapelle-du-chapitre\/","title":{"rendered":"Discover Chapelle du Chapitre"},"content":{"rendered":"<p>[et_pb_section fb_built=&#8221;1&#8243; _builder_version=&#8221;4.19.4&#8243; _module_preset=&#8221;default&#8221; global_colors_info=&#8221;{}&#8221;][et_pb_row _builder_version=&#8221;4.19.4&#8243; _module_preset=&#8221;default&#8221; global_colors_info=&#8221;{}&#8221;][et_pb_column type=&#8221;4_4&#8243; _builder_version=&#8221;4.19.4&#8243; _module_preset=&#8221;default&#8221; global_colors_info=&#8221;{}&#8221;][et_pb_text _builder_version=&#8221;4.19.4&#8243; _module_preset=&#8221;default&#8221; header_font=&#8221;Oswald||||||||&#8221; header_text_align=&#8221;center&#8221; global_colors_info=&#8221;{}&#8221;]<\/p>\n<p style=\"text-align: center;\"><span style=\"font-size: 24pt;\"><strong>DISCOVER LA CHAPELLE DU CHAPITRE<\/strong><\/span><\/p>\n<p>[\/et_pb_text][et_pb_divider divider_position=&#8221;center&#8221; divider_weight=&#8221;3px&#8221; _builder_version=&#8221;4.19.4&#8243; _module_preset=&#8221;default&#8221; width=&#8221;22%&#8221; max_width=&#8221;21%&#8221; module_alignment=&#8221;center&#8221; global_colors_info=&#8221;{}&#8221;][\/et_pb_divider][\/et_pb_column][\/et_pb_row][et_pb_row _builder_version=&#8221;4.19.4&#8243; _module_preset=&#8221;default&#8221; global_colors_info=&#8221;{}&#8221;][et_pb_column type=&#8221;4_4&#8243; _builder_version=&#8221;4.19.4&#8243; _module_preset=&#8221;default&#8221; global_colors_info=&#8221;{}&#8221;][et_pb_text _builder_version=&#8221;4.19.4&#8243; _module_preset=&#8221;default&#8221; global_colors_info=&#8221;{}&#8221;]<\/p>\n<p>This little-known chapel, set in private buildings and therefore hidden from view, has been owned by the <strong>Soci\u00e9t\u00e9 d&#8217;Histoire et d&#8217;Arch\u00e9ologie de Saint-\u00c9milion<\/strong> since the 1930s. Well worth a visit.<\/p>\n<p>Built around 1200 in the Romanesque style, it belonged to the Chanoines conventual complex, with the Collegiate Church, its Cloister and the monks&#8217; refectory, which became the Doyenn\u00e9. Its architecture is very plain on the outside, but well-built. The interior vaults are original: ribbed, supported by columns and sculpted capitals, forming an elegant whole.<\/p>\n<p>The interior features two sculpted keystones and a series of paintings on the vaults, well restored 40 years ago. They bear witness to the original decoration, which extends to all surfaces and can be dated to the early 13th century. This decorative ensemble \u201cillustrates the opposition between the sacred and profane worlds\u201d (according to Michelle Gaborit, Medieval wall paintings in Saint-\u00c9milion).<\/p>\n<p>Listed as a Historic Monument since 1964, it also houses a collection of memorabilia from a man who was one of the leading figures in the history of Saint-Emilion in the 20th century: Abb\u00e9 Daniel Bergey, who ministered here for over 40 years and was a major player in local life, first as a military chaplain during the Great War, then as founder of the PAC association of Veteran Priests, and finally as Member of Parliament for Gironde from 1924 to 1932.<\/p>\n<p>Located in the Rue du Clocher, in the heart of the town of Saint-\u00c9milion, it is accessed via the <em>cul-de-sac<\/em> to the right of the \u201cL&#8217;Envers du d\u00e9cor\u201d restaurant.<\/p>\n<p>&nbsp;<\/p>\n<p style=\"text-align: center;\">VISITS SEPTEMBER 21 AND 22, 9-11 a.m. and 4-6 p.m.<\/p>\n<p style=\"text-align: center;\"><span style=\"font-size: 12pt;\"><strong>FREE &#8211; BOOKING REQUIRED<\/strong><\/span><\/p>\n<p>[\/et_pb_text][et_pb_button button_url=&#8221;https:\/\/doodle.com\/sign-up-sheet\/participate\/78fc38bb-5161-48c5-8350-4f0132817b47\/select&#8221; url_new_window=&#8221;on&#8221; button_text=&#8221;BOOKING&#8221; button_alignment=&#8221;center&#8221; _builder_version=&#8221;4.19.4&#8243; _module_preset=&#8221;default&#8221; global_colors_info=&#8221;{}&#8221;][\/et_pb_button][\/et_pb_column][\/et_pb_row][et_pb_row column_structure=&#8221;1_3,1_3,1_3&#8243; _builder_version=&#8221;4.19.4&#8243; _module_preset=&#8221;default&#8221; global_colors_info=&#8221;{}&#8221;][et_pb_column type=&#8221;1_3&#8243; _builder_version=&#8221;4.19.4&#8243; _module_preset=&#8221;default&#8221; global_colors_info=&#8221;{}&#8221;][et_pb_image src=&#8221;https:\/\/www.saintemilion-unesco.com\/wp-content\/uploads\/2024\/08\/Chapelle-Chapitre-rotated.jpg&#8221; title_text=&#8221;chapelle chapter&#8221; _builder_version=&#8221;4.19.4&#8243; _module_preset=&#8221;default&#8221; global_colors_info=&#8221;{}&#8221;][\/et_pb_image][\/et_pb_column][et_pb_column type=&#8221;1_3&#8243; _builder_version=&#8221;4.19.4&#8243; _module_preset=&#8221;default&#8221; global_colors_info=&#8221;{}&#8221;][et_pb_image src=&#8221;https:\/\/www.saintemilion-unesco.com\/wp-content\/uploads\/2024\/08\/detail-chapelle-chapitre-saint-emilion.jpg&#8221; alt=&#8221;secret of saint emilion la chapelle chapter&#8221; title_text=&#8221;detail chapelle chapitre saint emilion&#8221; _builder_version=&#8221;4.19.4&#8243; _module_preset=&#8221;default&#8221; global_colors_info=&#8221;{}&#8221;][\/et_pb_image][\/et_pb_column][et_pb_column type=&#8221;1_3&#8243; _builder_version=&#8221;4.19.4&#8243; _module_preset=&#8221;default&#8221; global_colors_info=&#8221;{}&#8221;][et_pb_image src=&#8221;https:\/\/www.saintemilion-unesco.com\/wp-content\/uploads\/2024\/08\/Chapelle-Chapitre-3-rotated.jpg&#8221; title_text=&#8221;Chapel Chapter 3&#8243; _builder_version=&#8221;4.19.4&#8243; _module_preset=&#8221;default&#8221; global_colors_info=&#8221;{}&#8221;][\/et_pb_image][\/et_pb_column][\/et_pb_row][et_pb_row _builder_version=&#8221;4.19.4&#8243; _module_preset=&#8221;default&#8221; global_colors_info=&#8221;{}&#8221;][et_pb_column type=&#8221;4_4&#8243; _builder_version=&#8221;4.19.4&#8243; _module_preset=&#8221;default&#8221; global_colors_info=&#8221;{}&#8221;][et_pb_button button_url=&#8221;https:\/\/www.saintemilion-unesco.com\/en\/25th-unesco-anniversary-program\/&#8221; url_new_window=&#8221;on&#8221; button_text=&#8221;Back to events&#8221; button_alignment=&#8221;center&#8221; _builder_version=&#8221;4.19.4&#8243; _module_preset=&#8221;default&#8221; custom_button=&#8221;on&#8221; button_text_color=&#8221;#000000&#8243; hover_enabled=&#8221;0&#8243; global_colors_info=&#8221;{}&#8221; sticky_enabled=&#8221;0&#8243;][\/et_pb_button][\/et_pb_column][\/et_pb_row][\/et_pb_section]<\/p>\n","protected":false},"excerpt":{"rendered":"<p>DISCOVER LA CHAPELLE DU CHAPITREThis little-known chapel, set in private buildings and therefore hidden from view, has been owned by the Soci\u00e9t\u00e9 d&#8217;Histoire et d&#8217;Arch\u00e9ologie de Saint-\u00c9milion since the 1930s. Well worth a visit. Built around 1200 in the Romanesque style, it belonged to the Chanoines conventual complex, with the Collegiate Church, its Cloister and [&hellip;]<\/p>\n","protected":false},"author":1,"featured_media":6196,"comment_status":"closed","ping_status":"closed","template":"","meta":{"_et_pb_use_builder":"on","_et_pb_old_content":"","_et_gb_content_width":""},"project_category":[74,73,72,70,71],"project_tag":[],"yoast_head":"<!-- This site is optimized with the Yoast SEO plugin v19.13 - https:\/\/yoast.com\/wordpress\/plugins\/seo\/ -->\n<title>Saint-Emilion&#039;s secret: discover the Chapelle du Chapitre<\/title>\n<meta name=\"description\" content=\"This little chapel, owned by the Soci\u00e9t\u00e9 d&#039;Histoire et d&#039;Arch\u00e9ologie de Saint-Emilion, will be unveiled on September 21 &amp; 22, 2024!\" \/>\n<meta name=\"robots\" content=\"index, follow, max-snippet:-1, max-image-preview:large, max-video-preview:-1\" \/>\n<link rel=\"canonical\" href=\"https:\/\/www.saintemilion-unesco.com\/en\/project\/discover-chapelle-du-chapitre\/\" \/>\n<meta property=\"og:locale\" content=\"en_US\" \/>\n<meta property=\"og:type\" content=\"article\" \/>\n<meta property=\"og:title\" content=\"Saint-Emilion&#039;s secret: discover the Chapelle du Chapitre\" \/>\n<meta property=\"og:description\" content=\"This little chapel, owned by the Soci\u00e9t\u00e9 d&#039;Histoire et d&#039;Arch\u00e9ologie de Saint-Emilion, will be unveiled on September 21 &amp; 22, 2024!\" \/>\n<meta property=\"og:url\" content=\"https:\/\/www.saintemilion-unesco.com\/en\/project\/discover-chapelle-du-chapitre\/\" \/>\n<meta property=\"og:site_name\" content=\"Association Juridiction de Saint-Emilion\" \/>\n<meta property=\"article:modified_time\" content=\"2024-09-05T10:52:45+00:00\" \/>\n<meta property=\"og:image\" content=\"https:\/\/www.saintemilion-unesco.com\/wp-content\/uploads\/2024\/08\/GABARIT-UNESCO-_-IMAGE-PRINCIPALE-PAGE-PROJET-.png\" \/>\n\t<meta property=\"og:image:width\" content=\"280\" \/>\n\t<meta property=\"og:image:height\" content=\"420\" \/>\n\t<meta property=\"og:image:type\" content=\"image\/png\" \/>\n<meta name=\"twitter:card\" content=\"summary_large_image\" \/>\n<meta name=\"twitter:label1\" content=\"Est. reading time\" \/>\n\t<meta name=\"twitter:data1\" content=\"3 minutes\" \/>\n<script type=\"application\/ld+json\" class=\"yoast-schema-graph\">{\"@context\":\"https:\/\/schema.org\",\"@graph\":[{\"@type\":\"WebPage\",\"@id\":\"https:\/\/www.saintemilion-unesco.com\/en\/project\/discover-chapelle-du-chapitre\/\",\"url\":\"https:\/\/www.saintemilion-unesco.com\/en\/project\/discover-chapelle-du-chapitre\/\",\"name\":\"Saint-Emilion's secret: discover the Chapelle du Chapitre\",\"isPartOf\":{\"@id\":\"https:\/\/www.saintemilion-unesco.com\/en\/#website\"},\"datePublished\":\"2024-09-02T13:36:05+00:00\",\"dateModified\":\"2024-09-05T10:52:45+00:00\",\"description\":\"This little chapel, owned by the Soci\u00e9t\u00e9 d'Histoire et d'Arch\u00e9ologie de Saint-Emilion, will be unveiled on September 21 & 22, 2024!\",\"breadcrumb\":{\"@id\":\"https:\/\/www.saintemilion-unesco.com\/en\/project\/discover-chapelle-du-chapitre\/#breadcrumb\"},\"inLanguage\":\"en-US\",\"potentialAction\":[{\"@type\":\"ReadAction\",\"target\":[\"https:\/\/www.saintemilion-unesco.com\/en\/project\/discover-chapelle-du-chapitre\/\"]}]},{\"@type\":\"BreadcrumbList\",\"@id\":\"https:\/\/www.saintemilion-unesco.com\/en\/project\/discover-chapelle-du-chapitre\/#breadcrumb\",\"itemListElement\":[{\"@type\":\"ListItem\",\"position\":1,\"name\":\"Accueil\",\"item\":\"https:\/\/www.saintemilion-unesco.com\/en\/\"},{\"@type\":\"ListItem\",\"position\":2,\"name\":\"Projects\",\"item\":\"https:\/\/www.saintemilion-unesco.com\/en\/project\/\"},{\"@type\":\"ListItem\",\"position\":3,\"name\":\"Discover Chapelle du Chapitre\"}]},{\"@type\":\"WebSite\",\"@id\":\"https:\/\/www.saintemilion-unesco.com\/en\/#website\",\"url\":\"https:\/\/www.saintemilion-unesco.com\/en\/\",\"name\":\"Association Juridiction de Saint-Emilion\",\"description\":\"Patrimoine Mondial de l&#039;Humanit\u00e9\",\"potentialAction\":[{\"@type\":\"SearchAction\",\"target\":{\"@type\":\"EntryPoint\",\"urlTemplate\":\"https:\/\/www.saintemilion-unesco.com\/en\/?s={search_term_string}\"},\"query-input\":\"required name=search_term_string\"}],\"inLanguage\":\"en-US\"}]}<\/script>\n<!-- \/ Yoast SEO plugin. -->","yoast_head_json":{"title":"Saint-Emilion's secret: discover the Chapelle du Chapitre","description":"This little chapel, owned by the Soci\u00e9t\u00e9 d'Histoire et d'Arch\u00e9ologie de Saint-Emilion, will be unveiled on September 21 & 22, 2024!","robots":{"index":"index","follow":"follow","max-snippet":"max-snippet:-1","max-image-preview":"max-image-preview:large","max-video-preview":"max-video-preview:-1"},"canonical":"https:\/\/www.saintemilion-unesco.com\/en\/project\/discover-chapelle-du-chapitre\/","og_locale":"en_US","og_type":"article","og_title":"Saint-Emilion's secret: discover the Chapelle du Chapitre","og_description":"This little chapel, owned by the Soci\u00e9t\u00e9 d'Histoire et d'Arch\u00e9ologie de Saint-Emilion, will be unveiled on September 21 & 22, 2024!","og_url":"https:\/\/www.saintemilion-unesco.com\/en\/project\/discover-chapelle-du-chapitre\/","og_site_name":"Association Juridiction de Saint-Emilion","article_modified_time":"2024-09-05T10:52:45+00:00","og_image":[{"width":280,"height":420,"url":"https:\/\/www.saintemilion-unesco.com\/wp-content\/uploads\/2024\/08\/GABARIT-UNESCO-_-IMAGE-PRINCIPALE-PAGE-PROJET-.png","type":"image\/png"}],"twitter_card":"summary_large_image","twitter_misc":{"Est. reading time":"3 minutes"},"schema":{"@context":"https:\/\/schema.org","@graph":[{"@type":"WebPage","@id":"https:\/\/www.saintemilion-unesco.com\/en\/project\/discover-chapelle-du-chapitre\/","url":"https:\/\/www.saintemilion-unesco.com\/en\/project\/discover-chapelle-du-chapitre\/","name":"Saint-Emilion's secret: discover the Chapelle du Chapitre","isPartOf":{"@id":"https:\/\/www.saintemilion-unesco.com\/en\/#website"},"datePublished":"2024-09-02T13:36:05+00:00","dateModified":"2024-09-05T10:52:45+00:00","description":"This little chapel, owned by the Soci\u00e9t\u00e9 d'Histoire et d'Arch\u00e9ologie de Saint-Emilion, will be unveiled on September 21 & 22, 2024!","breadcrumb":{"@id":"https:\/\/www.saintemilion-unesco.com\/en\/project\/discover-chapelle-du-chapitre\/#breadcrumb"},"inLanguage":"en-US","potentialAction":[{"@type":"ReadAction","target":["https:\/\/www.saintemilion-unesco.com\/en\/project\/discover-chapelle-du-chapitre\/"]}]},{"@type":"BreadcrumbList","@id":"https:\/\/www.saintemilion-unesco.com\/en\/project\/discover-chapelle-du-chapitre\/#breadcrumb","itemListElement":[{"@type":"ListItem","position":1,"name":"Accueil","item":"https:\/\/www.saintemilion-unesco.com\/en\/"},{"@type":"ListItem","position":2,"name":"Projects","item":"https:\/\/www.saintemilion-unesco.com\/en\/project\/"},{"@type":"ListItem","position":3,"name":"Discover Chapelle du Chapitre"}]},{"@type":"WebSite","@id":"https:\/\/www.saintemilion-unesco.com\/en\/#website","url":"https:\/\/www.saintemilion-unesco.com\/en\/","name":"Association Juridiction de Saint-Emilion","description":"Patrimoine Mondial de l&#039;Humanit\u00e9","potentialAction":[{"@type":"SearchAction","target":{"@type":"EntryPoint","urlTemplate":"https:\/\/www.saintemilion-unesco.com\/en\/?s={search_term_string}"},"query-input":"required name=search_term_string"}],"inLanguage":"en-US"}]}},"_links":{"self":[{"href":"https:\/\/www.saintemilion-unesco.com\/en\/wp-json\/wp\/v2\/project\/6238"}],"collection":[{"href":"https:\/\/www.saintemilion-unesco.com\/en\/wp-json\/wp\/v2\/project"}],"about":[{"href":"https:\/\/www.saintemilion-unesco.com\/en\/wp-json\/wp\/v2\/types\/project"}],"author":[{"embeddable":true,"href":"https:\/\/www.saintemilion-unesco.com\/en\/wp-json\/wp\/v2\/users\/1"}],"replies":[{"embeddable":true,"href":"https:\/\/www.saintemilion-unesco.com\/en\/wp-json\/wp\/v2\/comments?post=6238"}],"version-history":[{"count":4,"href":"https:\/\/www.saintemilion-unesco.com\/en\/wp-json\/wp\/v2\/project\/6238\/revisions"}],"predecessor-version":[{"id":6309,"href":"https:\/\/www.saintemilion-unesco.com\/en\/wp-json\/wp\/v2\/project\/6238\/revisions\/6309"}],"wp:featuredmedia":[{"embeddable":true,"href":"https:\/\/www.saintemilion-unesco.com\/en\/wp-json\/wp\/v2\/media\/6196"}],"wp:attachment":[{"href":"https:\/\/www.saintemilion-unesco.com\/en\/wp-json\/wp\/v2\/media?parent=6238"}],"wp:term":[{"taxonomy":"project_category","embeddable":true,"href":"https:\/\/www.saintemilion-unesco.com\/en\/wp-json\/wp\/v2\/project_category?post=6238"},{"taxonomy":"project_tag","embeddable":true,"href":"https:\/\/www.saintemilion-unesco.com\/en\/wp-json\/wp\/v2\/project_tag?post=6238"}],"curies":[{"name":"wp","href":"https:\/\/api.w.org\/{rel}","templated":true}]}}