{"id":3888,"date":"2022-02-24T14:56:41","date_gmt":"2022-02-24T13:56:41","guid":{"rendered":"https:\/\/www.saintemilion-unesco.com\/?page_id=3888"},"modified":"2022-02-24T14:56:48","modified_gmt":"2022-02-24T13:56:48","slug":"saint-hippolyte-las-cuevas-de-ferrand","status":"publish","type":"page","link":"https:\/\/www.saintemilion-unesco.com\/es\/recorrido-de-descubrimiento\/saint-hippolyte-las-cuevas-de-ferrand\/","title":{"rendered":"Saint-Hippolyte &#8211; Las cuevas de Ferrand"},"content":{"rendered":"<p>[et_pb_section fb_built=\u00bb1&#8243; admin_label=\u00bbHero\u00bb _builder_version=\u00bb4.14.8&#8243; use_background_color_gradient=\u00bbon\u00bb background_color_gradient_start=\u00bbrgba(0,0,0,0.5)\u00bb background_color_gradient_end=\u00bbrgba(0,0,0,0)\u00bb background_color_gradient_direction=\u00bb245deg\u00bb background_color_gradient_overlays_image=\u00bbon\u00bb background_image=\u00bbhttps:\/\/www.saintemilion-unesco.com\/wp-content\/uploads\/2021\/04\/Saint-Hippolyte.jpg\u00bb custom_padding=\u00bb260px||260px||true|false\u00bb global_colors_info=\u00bb{}\u00bb][et_pb_row column_structure=\u00bb1_2,1_2&#8243; use_custom_gutter=\u00bbon\u00bb gutter_width=\u00bb1&#8243; module_class=\u00bb et_pb_row_fullwidth\u00bb _builder_version=\u00bb3.25&#8243; width=\u00bb100%\u00bb width_tablet=\u00bb100%\u00bb width_phone=\u00bb100%\u00bb width_last_edited=\u00bbon|desktop\u00bb max_width=\u00bb100%\u00bb max_width_tablet=\u00bb100%\u00bb max_width_phone=\u00bb100%\u00bb max_width_last_edited=\u00bbon|desktop\u00bb custom_margin=\u00bb|||\u00bb custom_padding=\u00bb70px|0px|70px|0px|true|false\u00bb make_fullwidth=\u00bbon\u00bb global_colors_info=\u00bb{}\u00bb][et_pb_column type=\u00bb1_2&#8243; _builder_version=\u00bb3.25&#8243; background_position=\u00bbtop_left\u00bb custom_padding=\u00bb|||\u00bb global_colors_info=\u00bb{}\u00bb custom_padding__hover=\u00bb|||\u00bb][\/et_pb_column][et_pb_column type=\u00bb1_2&#8243; _builder_version=\u00bb3.25&#8243; background_position=\u00bbtop_left\u00bb custom_padding=\u00bb|10%||10%\u00bb global_colors_info=\u00bb{}\u00bb custom_padding__hover=\u00bb|||\u00bb][et_pb_post_title meta=\u00bboff\u00bb featured_image=\u00bboff\u00bb _builder_version=\u00bb3.17.2&#8243; title_font=\u00bbOswald|700||on|||||\u00bb title_text_align=\u00bbleft\u00bb title_text_color=\u00bb#ffffff\u00bb title_font_size=\u00bb60px\u00bb title_line_height=\u00bb1.3em\u00bb text_orientation=\u00bbcenter\u00bb global_colors_info=\u00bb{}\u00bb][\/et_pb_post_title][et_pb_divider color=\u00bb#ed4441&#8243; divider_position=\u00bbcenter\u00bb divider_weight=\u00bb3px\u00bb disabled_on=\u00bbon|on|off%22&#8243; _builder_version=\u00bb3.2&#8243; max_width=\u00bb150px\u00bb height=\u00bbfalse\u00bb custom_margin=\u00bb30px|||\u00bb animation_style=\u00bbslide\u00bb animation_direction=\u00bbtop\u00bb animation_delay=\u00bb100ms\u00bb animation_intensity_slide=\u00bb10%\u00bb locked=\u00bboff\u00bb global_colors_info=\u00bb{}\u00bb][\/et_pb_divider][\/et_pb_column][\/et_pb_row][\/et_pb_section][et_pb_section fb_built=\u00bb1&#8243; _builder_version=\u00bb4.14.8&#8243; _module_preset=\u00bbdefault\u00bb global_colors_info=\u00bb{}\u00bb][et_pb_row _builder_version=\u00bb3.25&#8243; custom_padding=\u00bb0|0px|60px|0px|false|false\u00bb global_colors_info=\u00bb{}\u00bb][et_pb_column type=\u00bb4_4&#8243; _builder_version=\u00bb3.25&#8243; custom_padding=\u00bb|||\u00bb global_colors_info=\u00bb{}\u00bb custom_padding__hover=\u00bb|||\u00bb][et_pb_text _builder_version=\u00bb3.27.4&#8243; text_font=\u00bbRoboto||||||||\u00bb text_font_size=\u00bb16px\u00bb text_line_height=\u00bb1.9em\u00bb global_colors_info=\u00bb{}\u00bb]<\/p>\n<p>La meseta de Ferrand es probablemente uno de los lugares m\u00e1s curiosos de la Jurisdicci\u00f3n. Recuerda el v\u00ednculo ancestral de los habitantes de Saint-\u00c9milion con la roca caliza, cuyas curvas han modelado el paisaje.<\/p>\n<p>Aislada en la cima de la meseta, mientras el pueblo se desarrollaba m\u00e1s abajo, la modesta iglesia parroquial de Saint-Hippolyte estaba originalmente asociada al vecino castillo de Ferrand, sede de los se\u00f1ores de \u00abSaint-Poly\u00bb. Uno de ellos, <strong>Elie de B\u00e9toulaud (1637-1709), hizo excavar hacia 1670 una enigm\u00e1tica red de galer\u00edas y salas que se extiende casi 100 m a lo largo de la ladera.<\/strong> Aqu\u00ed no hay cantera, refugio subterr\u00e1neo o ermita, al contrario de lo que dicen ciertas leyendas&#8230; se trata de <strong>un decorado salido directamente de la imaginaci\u00f3n de un hombre de finales del siglo XVII,<\/strong> y ello por una doble raz\u00f3n&#8230;<\/p>\n<p>Elie de B\u00e9toulaud concibi\u00f3 estas cuevas, por un lado, <em>\u00abcomo monumentos eternos a la gloria del rey Luis el Grande\u00bb<\/em> (Luis XIV), como escribi\u00f3 en su testamento, y, por otro, como un lugar dedicado <em>\u00aba las musas y al ocio<\/em>\u00ab. Hombre de letras y poeta, Elie reproduce aqu\u00ed a tama\u00f1o natural el escenario de una novela, <em>La Astrea<\/em> de Honor\u00e9 d&#8217;Urf\u00e9, que, por entonces, fascinaba a todos los arist\u00f3cratas amantes de la literatura. <strong>Adem\u00e1s de este laberinto de piedra, un parque arbolado se extend\u00eda por la meseta hasta el castillo y una fuente completaba el cuadro m\u00e1s abajo de las cuevas.<\/strong><\/p>\n<p>Aunque impresionantes y hechizantes, las cuevas que han llegado hasta nosotros no son m\u00e1s que el p\u00e1lido reflejo, devuelto a la naturaleza, del decorado dise\u00f1ado por Elie de B\u00e9toulaud para reproducir pasajes de <em>La Astrea.<\/em> \u00c9l mismo describe estas cuevas como decoradas con dorados, conchas plateadas, m\u00e1rmol, n\u00e1car&#8230; Los numerosos nichos estaban adornados con bustos de h\u00e9roes y dioses antiguos, que acompa\u00f1aban al de Luis XIV. Naranjos, jazmines, adelfas y otras flores ex\u00f3ticas completaban la decoraci\u00f3n y se pon\u00edan a salvo durante el invierno en la gran galer\u00eda que ocupa el primer tercio del acantilado.<\/p>\n<p>Desde la iglesia de Saint-Hippolyte, se ofrece al visitante un recorrido de iniciaci\u00f3n para descubrir las cuevas de Ferrand&#8230; \u00a1una aut\u00e9ntica inmersi\u00f3n en <em>La Astrea<\/em>!<\/p>\n<p>[\/et_pb_text][\/et_pb_column][\/et_pb_row][et_pb_row _builder_version=\u00bb4.14.8&#8243; _module_preset=\u00bbdefault\u00bb global_colors_info=\u00bb{}\u00bb][et_pb_column type=\u00bb4_4&#8243; _builder_version=\u00bb4.14.8&#8243; _module_preset=\u00bbdefault\u00bb global_colors_info=\u00bb{}\u00bb][et_pb_audio audio=\u00bbhttps:\/\/www.saintemilion-unesco.com\/wp-content\/uploads\/2022\/02\/04-Las-cuevas-de-Ferrand.mp3&#8243; title=\u00bbLas cuevas de Ferrand\u00bb _builder_version=\u00bb4.14.8&#8243; _module_preset=\u00bbdefault\u00bb background_color=\u00bb#e23b6d\u00bb global_colors_info=\u00bb{}\u00bb][\/et_pb_audio][\/et_pb_column][\/et_pb_row][\/et_pb_section][et_pb_section fb_built=\u00bb1&#8243; admin_label=\u00bbOur Guides\u00bb _builder_version=\u00bb3.22&#8243; custom_padding=\u00bb0||1px||false|false\u00bb global_colors_info=\u00bb{}\u00bb locked=\u00bboff\u00bb][et_pb_row _builder_version=\u00bb3.25&#8243; global_colors_info=\u00bb{}\u00bb][et_pb_column type=\u00bb4_4&#8243; _builder_version=\u00bb3.25&#8243; custom_padding=\u00bb|||\u00bb global_colors_info=\u00bb{}\u00bb custom_padding__hover=\u00bb|||\u00bb][et_pb_text admin_label=\u00bbTeam Title\u00bb _builder_version=\u00bb4.14.8&#8243; text_font=\u00bb||||\u00bb text_text_color=\u00bb#1a1a1a\u00bb header_font=\u00bbOswald|on||on|\u00bb header_text_align=\u00bbcenter\u00bb header_font_size=\u00bb60px\u00bb header_line_height=\u00bb1.3em\u00bb module_alignment=\u00bbcenter\u00bb custom_margin=\u00bb|||\u00bb custom_padding=\u00bb|||\u00bb animation_direction=\u00bbtop\u00bb hover_enabled=\u00bb0&#8243; locked=\u00bboff\u00bb global_colors_info=\u00bb{}\u00bb sticky_enabled=\u00bb0&#8243;]<\/p>\n<h1>M\u00e1s informaci\u00f3n<\/h1>\n<p>[\/et_pb_text][et_pb_divider color=\u00bb#ed4441&#8243; divider_position=\u00bbcenter\u00bb divider_weight=\u00bb3px\u00bb disabled_on=\u00bboff|off|off\u00bb admin_label=\u00bbS\u00e9parateur\u00bb _builder_version=\u00bb4.10.8&#8243; max_width=\u00bb150px\u00bb module_alignment=\u00bbcenter\u00bb height=\u00bbfalse\u00bb custom_margin=\u00bb30px|||\u00bb animation_direction=\u00bbtop\u00bb locked=\u00bboff\u00bb global_colors_info=\u00bb{}\u00bb]&nbsp;<br \/>\n[\/et_pb_divider][\/et_pb_column][\/et_pb_row][et_pb_row column_structure=\u00bb1_2,1_2&#8243; _builder_version=\u00bb3.25&#8243; global_colors_info=\u00bb{}\u00bb][et_pb_column type=\u00bb1_2&#8243; _builder_version=\u00bb3.25&#8243; custom_padding=\u00bb|||\u00bb global_colors_info=\u00bb{}\u00bb custom_padding__hover=\u00bb|||\u00bb][et_pb_image src=\u00bbhttps:\/\/www.saintemilion-unesco.com\/wp-content\/uploads\/2021\/03\/S60C-618101714520-2.jpg\u00bb align_tablet=\u00bbcenter\u00bb align_phone=\u00bb\u00bb align_last_edited=\u00bbon|desktop\u00bb _builder_version=\u00bb3.23&#8243; global_colors_info=\u00bb{}\u00bb][\/et_pb_image][et_pb_image src=\u00bbhttps:\/\/www.saintemilion-unesco.com\/wp-content\/uploads\/2021\/03\/S60C-618101714520-4.jpg\u00bb align_tablet=\u00bbcenter\u00bb align_phone=\u00bb\u00bb align_last_edited=\u00bbon|desktop\u00bb _builder_version=\u00bb3.23&#8243; global_colors_info=\u00bb{}\u00bb][\/et_pb_image][\/et_pb_column][et_pb_column type=\u00bb1_2&#8243; _builder_version=\u00bb3.25&#8243; custom_padding=\u00bb|||\u00bb global_colors_info=\u00bb{}\u00bb custom_padding__hover=\u00bb|||\u00bb][et_pb_image src=\u00bbhttps:\/\/www.saintemilion-unesco.com\/wp-content\/uploads\/2021\/03\/4-Saint-Hyppolyte-@Franck-Haudiquert.jpg\u00bb align_tablet=\u00bbcenter\u00bb align_phone=\u00bb\u00bb align_last_edited=\u00bbon|desktop\u00bb _builder_version=\u00bb3.23&#8243; global_colors_info=\u00bb{}\u00bb][\/et_pb_image][\/et_pb_column][\/et_pb_row][\/et_pb_section][et_pb_section fb_built=\u00bb1&#8243; custom_padding_last_edited=\u00bbon|tablet\u00bb admin_label=\u00bbOur Guides\u00bb _builder_version=\u00bb3.22&#8243; custom_padding=\u00bb110px||0||false|false\u00bb custom_padding_tablet=\u00bb60px||60px|\u00bb custom_padding_phone=\u00bb\u00bb global_colors_info=\u00bb{}\u00bb][et_pb_row _builder_version=\u00bb3.25&#8243; global_colors_info=\u00bb{}\u00bb][et_pb_column type=\u00bb4_4&#8243; _builder_version=\u00bb3.25&#8243; custom_padding=\u00bb|||\u00bb global_colors_info=\u00bb{}\u00bb custom_padding__hover=\u00bb|||\u00bb][et_pb_text _builder_version=\u00bb4.14.8&#8243; hover_enabled=\u00bb0&#8243; global_colors_info=\u00bb{}\u00bb sticky_enabled=\u00bb0&#8243;]<\/p>\n<h2 style=\"text-align: center;\">Ver las tablas de lectura en el mapa de la Jurisdicci\u00f3n :<\/h2>\n<p>[\/et_pb_text][et_pb_text _builder_version=\u00bb4.14.8&#8243; _module_preset=\u00bbdefault\u00bb hover_enabled=\u00bb0&#8243; sticky_enabled=\u00bb0&#8243;]<\/p>\n<p style=\"text-align: center;\"><iframe loading=\"lazy\" src=\"https:\/\/www.google.com\/maps\/d\/u\/0\/embed?mid=1lmVaM7k3Up7EELPVyr1-oMho-STbpqfz\" width=\"100%\" height=\"480\"><\/iframe><\/p>\n<p>[\/et_pb_text][\/et_pb_column][\/et_pb_row][et_pb_row _builder_version=\u00bb3.25&#8243; global_colors_info=\u00bb{}\u00bb][et_pb_column type=\u00bb4_4&#8243; _builder_version=\u00bb3.25&#8243; custom_padding=\u00bb|||\u00bb global_colors_info=\u00bb{}\u00bb custom_padding__hover=\u00bb|||\u00bb][et_pb_text _builder_version=\u00bb4.14.8&#8243; text_font=\u00bbRoboto||on||||||\u00bb text_font_size=\u00bb25px\u00bb text_line_height=\u00bb1.6em\u00bb header_font=\u00bb||||||||\u00bb background_size=\u00bbinitial\u00bb background_position=\u00bbtop_left\u00bb background_repeat=\u00bbrepeat\u00bb text_orientation=\u00bbcenter\u00bb module_alignment=\u00bbcenter\u00bb custom_margin=\u00bb0px|||\u00bb custom_padding=\u00bb||0px|\u00bb animation_direction=\u00bbtop\u00bb locked=\u00bboff\u00bb global_colors_info=\u00bb{}\u00bb]<\/p>\n<p>Ellos nos apoyan<\/p>\n<p>[\/et_pb_text][et_pb_image src=\u00bbhttps:\/\/www.saintemilion-unesco.com\/wp-content\/uploads\/2018\/10\/logo-cvse-2.png\u00bb align=\u00bbcenter\u00bb align_tablet=\u00bbcenter\u00bb align_phone=\u00bbcenter\u00bb align_last_edited=\u00bbon|desktop\u00bb _builder_version=\u00bb3.23&#8243; max_width=\u00bb12%\u00bb max_width_tablet=\u00bb\u00bb max_width_phone=\u00bb\u00bb max_width_last_edited=\u00bbon|desktop\u00bb global_colors_info=\u00bb{}\u00bb][\/et_pb_image][\/et_pb_column][\/et_pb_row][\/et_pb_section]<\/p>\n","protected":false},"excerpt":{"rendered":"<p>La meseta de Ferrand es probablemente uno de los lugares m\u00e1s curiosos de la Jurisdicci\u00f3n. Recuerda el v\u00ednculo ancestral de los habitantes de Saint-\u00c9milion con la roca caliza, cuyas curvas han modelado el paisaje. Aislada en la cima de la meseta, mientras el pueblo se desarrollaba m\u00e1s abajo, la modesta iglesia parroquial de Saint-Hippolyte estaba [&hellip;]<\/p>\n","protected":false},"author":1,"featured_media":0,"parent":4033,"menu_order":4,"comment_status":"closed","ping_status":"closed","template":"","meta":{"_et_pb_use_builder":"on","_et_pb_old_content":"","_et_gb_content_width":""},"yoast_head":"<!-- This site is optimized with the Yoast SEO plugin v19.13 - https:\/\/yoast.com\/wordpress\/plugins\/seo\/ -->\n<title>Saint-Hippolyte - Las cuevas de Ferrand - Association Juridiction de Saint-Emilion<\/title>\n<meta name=\"robots\" content=\"index, follow, max-snippet:-1, max-image-preview:large, max-video-preview:-1\" \/>\n<link rel=\"canonical\" href=\"https:\/\/www.saintemilion-unesco.com\/es\/recorrido-de-descubrimiento\/saint-hippolyte-las-cuevas-de-ferrand\/\" \/>\n<meta property=\"og:locale\" content=\"es_ES\" \/>\n<meta property=\"og:type\" content=\"article\" \/>\n<meta property=\"og:title\" content=\"Saint-Hippolyte - Las cuevas de Ferrand - Association Juridiction de Saint-Emilion\" \/>\n<meta property=\"og:description\" content=\"La meseta de Ferrand es probablemente uno de los lugares m\u00e1s curiosos de la Jurisdicci\u00f3n. Recuerda el v\u00ednculo ancestral de los habitantes de Saint-\u00c9milion con la roca caliza, cuyas curvas han modelado el paisaje. Aislada en la cima de la meseta, mientras el pueblo se desarrollaba m\u00e1s abajo, la modesta iglesia parroquial de Saint-Hippolyte estaba [&hellip;]\" \/>\n<meta property=\"og:url\" content=\"https:\/\/www.saintemilion-unesco.com\/es\/recorrido-de-descubrimiento\/saint-hippolyte-las-cuevas-de-ferrand\/\" \/>\n<meta property=\"og:site_name\" content=\"Association Juridiction de Saint-Emilion\" \/>\n<meta property=\"article:modified_time\" content=\"2022-02-24T13:56:48+00:00\" \/>\n<meta property=\"og:image\" content=\"https:\/\/www.saintemilion-unesco.com\/wp-content\/uploads\/2018\/11\/carte-juridiction-saint-emilion-unesco3-3.jpg\" \/>\n\t<meta property=\"og:image:width\" content=\"1920\" \/>\n\t<meta property=\"og:image:height\" content=\"764\" \/>\n\t<meta property=\"og:image:type\" content=\"image\/jpeg\" \/>\n<meta name=\"twitter:card\" content=\"summary_large_image\" \/>\n<meta name=\"twitter:label1\" content=\"Tiempo de lectura\" \/>\n\t<meta name=\"twitter:data1\" content=\"7 minutos\" \/>\n<script type=\"application\/ld+json\" class=\"yoast-schema-graph\">{\"@context\":\"https:\/\/schema.org\",\"@graph\":[{\"@type\":\"WebPage\",\"@id\":\"https:\/\/www.saintemilion-unesco.com\/es\/recorrido-de-descubrimiento\/saint-hippolyte-las-cuevas-de-ferrand\/\",\"url\":\"https:\/\/www.saintemilion-unesco.com\/es\/recorrido-de-descubrimiento\/saint-hippolyte-las-cuevas-de-ferrand\/\",\"name\":\"Saint-Hippolyte - Las cuevas de Ferrand - Association Juridiction de Saint-Emilion\",\"isPartOf\":{\"@id\":\"https:\/\/www.saintemilion-unesco.com\/es\/#website\"},\"datePublished\":\"2022-02-24T13:56:41+00:00\",\"dateModified\":\"2022-02-24T13:56:48+00:00\",\"breadcrumb\":{\"@id\":\"https:\/\/www.saintemilion-unesco.com\/es\/recorrido-de-descubrimiento\/saint-hippolyte-las-cuevas-de-ferrand\/#breadcrumb\"},\"inLanguage\":\"es\",\"potentialAction\":[{\"@type\":\"ReadAction\",\"target\":[\"https:\/\/www.saintemilion-unesco.com\/es\/recorrido-de-descubrimiento\/saint-hippolyte-las-cuevas-de-ferrand\/\"]}]},{\"@type\":\"BreadcrumbList\",\"@id\":\"https:\/\/www.saintemilion-unesco.com\/es\/recorrido-de-descubrimiento\/saint-hippolyte-las-cuevas-de-ferrand\/#breadcrumb\",\"itemListElement\":[{\"@type\":\"ListItem\",\"position\":1,\"name\":\"Accueil\",\"item\":\"https:\/\/www.saintemilion-unesco.com\/es\/\"},{\"@type\":\"ListItem\",\"position\":2,\"name\":\"Recorrido de descubrimiento\",\"item\":\"https:\/\/www.saintemilion-unesco.com\/es\/recorrido-de-descubrimiento\/\"},{\"@type\":\"ListItem\",\"position\":3,\"name\":\"Saint-Hippolyte &#8211; Las cuevas de Ferrand\"}]},{\"@type\":\"WebSite\",\"@id\":\"https:\/\/www.saintemilion-unesco.com\/es\/#website\",\"url\":\"https:\/\/www.saintemilion-unesco.com\/es\/\",\"name\":\"Association Juridiction de Saint-Emilion\",\"description\":\"Patrimoine Mondial de l&#039;Humanit\u00e9\",\"potentialAction\":[{\"@type\":\"SearchAction\",\"target\":{\"@type\":\"EntryPoint\",\"urlTemplate\":\"https:\/\/www.saintemilion-unesco.com\/es\/?s={search_term_string}\"},\"query-input\":\"required name=search_term_string\"}],\"inLanguage\":\"es\"}]}<\/script>\n<!-- \/ Yoast SEO plugin. -->","yoast_head_json":{"title":"Saint-Hippolyte - Las cuevas de Ferrand - Association Juridiction de Saint-Emilion","robots":{"index":"index","follow":"follow","max-snippet":"max-snippet:-1","max-image-preview":"max-image-preview:large","max-video-preview":"max-video-preview:-1"},"canonical":"https:\/\/www.saintemilion-unesco.com\/es\/recorrido-de-descubrimiento\/saint-hippolyte-las-cuevas-de-ferrand\/","og_locale":"es_ES","og_type":"article","og_title":"Saint-Hippolyte - Las cuevas de Ferrand - Association Juridiction de Saint-Emilion","og_description":"La meseta de Ferrand es probablemente uno de los lugares m\u00e1s curiosos de la Jurisdicci\u00f3n. Recuerda el v\u00ednculo ancestral de los habitantes de Saint-\u00c9milion con la roca caliza, cuyas curvas han modelado el paisaje. Aislada en la cima de la meseta, mientras el pueblo se desarrollaba m\u00e1s abajo, la modesta iglesia parroquial de Saint-Hippolyte estaba [&hellip;]","og_url":"https:\/\/www.saintemilion-unesco.com\/es\/recorrido-de-descubrimiento\/saint-hippolyte-las-cuevas-de-ferrand\/","og_site_name":"Association Juridiction de Saint-Emilion","article_modified_time":"2022-02-24T13:56:48+00:00","og_image":[{"width":1920,"height":764,"url":"https:\/\/www.saintemilion-unesco.com\/wp-content\/uploads\/2018\/11\/carte-juridiction-saint-emilion-unesco3-3.jpg","type":"image\/jpeg"}],"twitter_card":"summary_large_image","twitter_misc":{"Tiempo de lectura":"7 minutos"},"schema":{"@context":"https:\/\/schema.org","@graph":[{"@type":"WebPage","@id":"https:\/\/www.saintemilion-unesco.com\/es\/recorrido-de-descubrimiento\/saint-hippolyte-las-cuevas-de-ferrand\/","url":"https:\/\/www.saintemilion-unesco.com\/es\/recorrido-de-descubrimiento\/saint-hippolyte-las-cuevas-de-ferrand\/","name":"Saint-Hippolyte - Las cuevas de Ferrand - Association Juridiction de Saint-Emilion","isPartOf":{"@id":"https:\/\/www.saintemilion-unesco.com\/es\/#website"},"datePublished":"2022-02-24T13:56:41+00:00","dateModified":"2022-02-24T13:56:48+00:00","breadcrumb":{"@id":"https:\/\/www.saintemilion-unesco.com\/es\/recorrido-de-descubrimiento\/saint-hippolyte-las-cuevas-de-ferrand\/#breadcrumb"},"inLanguage":"es","potentialAction":[{"@type":"ReadAction","target":["https:\/\/www.saintemilion-unesco.com\/es\/recorrido-de-descubrimiento\/saint-hippolyte-las-cuevas-de-ferrand\/"]}]},{"@type":"BreadcrumbList","@id":"https:\/\/www.saintemilion-unesco.com\/es\/recorrido-de-descubrimiento\/saint-hippolyte-las-cuevas-de-ferrand\/#breadcrumb","itemListElement":[{"@type":"ListItem","position":1,"name":"Accueil","item":"https:\/\/www.saintemilion-unesco.com\/es\/"},{"@type":"ListItem","position":2,"name":"Recorrido de descubrimiento","item":"https:\/\/www.saintemilion-unesco.com\/es\/recorrido-de-descubrimiento\/"},{"@type":"ListItem","position":3,"name":"Saint-Hippolyte &#8211; Las cuevas de Ferrand"}]},{"@type":"WebSite","@id":"https:\/\/www.saintemilion-unesco.com\/es\/#website","url":"https:\/\/www.saintemilion-unesco.com\/es\/","name":"Association Juridiction de Saint-Emilion","description":"Patrimoine Mondial de l&#039;Humanit\u00e9","potentialAction":[{"@type":"SearchAction","target":{"@type":"EntryPoint","urlTemplate":"https:\/\/www.saintemilion-unesco.com\/es\/?s={search_term_string}"},"query-input":"required name=search_term_string"}],"inLanguage":"es"}]}},"_links":{"self":[{"href":"https:\/\/www.saintemilion-unesco.com\/es\/wp-json\/wp\/v2\/pages\/3888"}],"collection":[{"href":"https:\/\/www.saintemilion-unesco.com\/es\/wp-json\/wp\/v2\/pages"}],"about":[{"href":"https:\/\/www.saintemilion-unesco.com\/es\/wp-json\/wp\/v2\/types\/page"}],"author":[{"embeddable":true,"href":"https:\/\/www.saintemilion-unesco.com\/es\/wp-json\/wp\/v2\/users\/1"}],"replies":[{"embeddable":true,"href":"https:\/\/www.saintemilion-unesco.com\/es\/wp-json\/wp\/v2\/comments?post=3888"}],"version-history":[{"count":8,"href":"https:\/\/www.saintemilion-unesco.com\/es\/wp-json\/wp\/v2\/pages\/3888\/revisions"}],"predecessor-version":[{"id":5187,"href":"https:\/\/www.saintemilion-unesco.com\/es\/wp-json\/wp\/v2\/pages\/3888\/revisions\/5187"}],"up":[{"embeddable":true,"href":"https:\/\/www.saintemilion-unesco.com\/es\/wp-json\/wp\/v2\/pages\/4033"}],"wp:attachment":[{"href":"https:\/\/www.saintemilion-unesco.com\/es\/wp-json\/wp\/v2\/media?parent=3888"}],"curies":[{"name":"wp","href":"https:\/\/api.w.org\/{rel}","templated":true}]}}