{"id":3896,"date":"2022-02-24T16:10:53","date_gmt":"2022-02-24T15:10:53","guid":{"rendered":"https:\/\/www.saintemilion-unesco.com\/?page_id=3896"},"modified":"2022-02-24T16:23:59","modified_gmt":"2022-02-24T15:23:59","slug":"saint-laurent-des-combes-valles-y-colinas","status":"publish","type":"page","link":"https:\/\/www.saintemilion-unesco.com\/es\/recorrido-de-descubrimiento\/saint-laurent-des-combes-valles-y-colinas\/","title":{"rendered":"Saint-Laurent-des-Combes &#8211; Valles y colinas"},"content":{"rendered":"<p>[et_pb_section fb_built=\u00bb1&#8243; admin_label=\u00bbHero\u00bb _builder_version=\u00bb4.14.8&#8243; use_background_color_gradient=\u00bbon\u00bb background_color_gradient_start=\u00bbrgba(0,0,0,0.5)\u00bb background_color_gradient_end=\u00bbrgba(0,0,0,0)\u00bb background_color_gradient_direction=\u00bb245deg\u00bb background_color_gradient_overlays_image=\u00bbon\u00bb background_image=\u00bbhttps:\/\/www.saintemilion-unesco.com\/wp-content\/uploads\/2021\/04\/De-Combes-en-collines.jpg\u00bb custom_padding=\u00bb260px||260px||true|false\u00bb global_colors_info=\u00bb{}\u00bb][et_pb_row column_structure=\u00bb1_2,1_2&#8243; use_custom_gutter=\u00bbon\u00bb gutter_width=\u00bb1&#8243; module_class=\u00bb et_pb_row_fullwidth\u00bb _builder_version=\u00bb3.25&#8243; width=\u00bb100%\u00bb width_tablet=\u00bb100%\u00bb width_phone=\u00bb100%\u00bb width_last_edited=\u00bbon|desktop\u00bb max_width=\u00bb100%\u00bb max_width_tablet=\u00bb100%\u00bb max_width_phone=\u00bb100%\u00bb max_width_last_edited=\u00bbon|desktop\u00bb custom_margin=\u00bb|||\u00bb custom_padding=\u00bb70px|0px|70px|0px|true|false\u00bb make_fullwidth=\u00bbon\u00bb global_colors_info=\u00bb{}\u00bb][et_pb_column type=\u00bb1_2&#8243; _builder_version=\u00bb3.25&#8243; background_position=\u00bbtop_left\u00bb custom_padding=\u00bb|||\u00bb global_colors_info=\u00bb{}\u00bb custom_padding__hover=\u00bb|||\u00bb][\/et_pb_column][et_pb_column type=\u00bb1_2&#8243; _builder_version=\u00bb3.25&#8243; background_position=\u00bbtop_left\u00bb custom_padding=\u00bb|10%||10%\u00bb global_colors_info=\u00bb{}\u00bb custom_padding__hover=\u00bb|||\u00bb][et_pb_post_title meta=\u00bboff\u00bb featured_image=\u00bboff\u00bb _builder_version=\u00bb3.17.2&#8243; title_font=\u00bbOswald|700||on|||||\u00bb title_text_align=\u00bbleft\u00bb title_text_color=\u00bb#ffffff\u00bb title_font_size=\u00bb60px\u00bb title_line_height=\u00bb1.3em\u00bb text_orientation=\u00bbcenter\u00bb global_colors_info=\u00bb{}\u00bb][\/et_pb_post_title][et_pb_divider color=\u00bb#ed4441&#8243; divider_position=\u00bbcenter\u00bb divider_weight=\u00bb3px\u00bb disabled_on=\u00bbon|on|off%22&#8243; _builder_version=\u00bb4.14.8&#8243; max_width=\u00bb150px\u00bb height=\u00bbfalse\u00bb custom_margin=\u00bb30px|||\u00bb animation_direction=\u00bbtop\u00bb locked=\u00bboff\u00bb global_colors_info=\u00bb{}\u00bb][\/et_pb_divider][\/et_pb_column][\/et_pb_row][\/et_pb_section][et_pb_section fb_built=\u00bb1&#8243; _builder_version=\u00bb4.14.8&#8243; _module_preset=\u00bbdefault\u00bb global_colors_info=\u00bb{}\u00bb][et_pb_row _builder_version=\u00bb3.25&#8243; custom_padding=\u00bb0|0px|60px|0px|false|false\u00bb global_colors_info=\u00bb{}\u00bb][et_pb_column type=\u00bb4_4&#8243; _builder_version=\u00bb3.25&#8243; custom_padding=\u00bb|||\u00bb global_colors_info=\u00bb{}\u00bb custom_padding__hover=\u00bb|||\u00bb][et_pb_text _builder_version=\u00bb3.27.4&#8243; text_font=\u00bbRoboto||||||||\u00bb text_font_size=\u00bb16px\u00bb text_line_height=\u00bb1.9em\u00bb global_colors_info=\u00bb{}\u00bb]<\/p>\n<p>El municipio de Saint-Laurent des Combes se divide en la actualidad entre su pueblo hist\u00f3rico, con su iglesia y el cementerio parroquial en la cima de la meseta, y el pueblo actual, que se desarroll\u00f3 a los pies de la colina bajo la mirada del ferrocarril, que lleg\u00f3 en el siglo XIX.<\/p>\n<p>Debajo de la iglesia se encuentra uno de los muchos valles que dieron nombre al pueblo. En la cima de la colina de enfrente, se alzan las ruinas del molino de las Carri\u00e8res. Para garantizar un suministro constante de harina a los habitantes, este molino de viento complementaba, en el periodo estival, los dos molinos de agua del municipio (molinos de Lagrang\u00e8re y B\u00e9ard), instalados en el arroyo de Grang\u00e8re (en el fondo del valle, al este de la iglesia, en el l\u00edmite con Saint-Hippolyte). Estos molinos de agua o de viento, numerosos en la Jurisdicci\u00f3n, recuerdan la importancia en el pasado de los cereales, cultivados durante mucho tiempo completando entre las hileras de vi\u00f1as.<\/p>\n<p>Al pie de este molino de las Carri\u00e8res, aparece otro edificio emblem\u00e1tico del campo de Saint-\u00c9milion, y de Burdeos en general: la caba\u00f1a de vi\u00f1a. Estas modestas construcciones de piedra, a menudo con chimenea, tienen una o dos habitaciones para albergar a los viticultores y a su animal de tiro, un caballo o un buey, durante las diferentes <strong>\u00abetapas\u00bb de la vid<\/strong> que jalonan el a\u00f1o:<\/p>\n<p>&#8211; La <strong>pavimentaci\u00f3n<\/strong> de las hileras para cubrir las vides con tierra al comienzo del invierno,<\/p>\n<p>&#8211; el <strong>descaballonado<\/strong> en primavera para descalzar los pies y enterrar las malas hierbas,<\/p>\n<p>&#8211; la <strong>poda<\/strong> y la <strong>sustituci\u00f3n de las estacas<\/strong> durante el oto\u00f1o y el invierno,<\/p>\n<p>&#8211; el <strong>atado<\/strong> (fijaci\u00f3n de las nuevas ramas con <em>vime<\/em> [nombre local del mimbre] para encauzar la planta en los alambres), el <strong>despampano<\/strong> (eliminaci\u00f3n de los p\u00e1mpanos que crecen en la base, bajo el injerto), la <strong>sulfataci\u00f3n<\/strong> y el <strong>azufratado<\/strong>, el <strong>desmochado<\/strong> con hoz en primavera y verano,<\/p>\n<p>&#8211; y, por \u00faltimo, la <strong>vendimia<\/strong> al final del verano, para recolectar el fruto de un a\u00f1o de trabajo.<\/p>\n<p>[\/et_pb_text][\/et_pb_column][\/et_pb_row][et_pb_row _builder_version=\u00bb4.14.8&#8243; _module_preset=\u00bbdefault\u00bb global_colors_info=\u00bb{}\u00bb][et_pb_column type=\u00bb4_4&#8243; _builder_version=\u00bb4.14.8&#8243; _module_preset=\u00bbdefault\u00bb global_colors_info=\u00bb{}\u00bb][et_pb_audio audio=\u00bbhttps:\/\/www.saintemilion-unesco.com\/wp-content\/uploads\/2022\/02\/05-Valles-y-colionas.mp3&#8243; title=\u00bbValles y colinas\u00bb _builder_version=\u00bb4.14.8&#8243; _module_preset=\u00bbdefault\u00bb background_color=\u00bb#e23b6d\u00bb global_colors_info=\u00bb{}\u00bb][\/et_pb_audio][\/et_pb_column][\/et_pb_row][\/et_pb_section][et_pb_section fb_built=\u00bb1&#8243; admin_label=\u00bbOur Guides\u00bb _builder_version=\u00bb3.22&#8243; custom_padding=\u00bb0||0||false|false\u00bb locked=\u00bboff\u00bb global_colors_info=\u00bb{}\u00bb][et_pb_row _builder_version=\u00bb3.25&#8243; global_colors_info=\u00bb{}\u00bb][et_pb_column type=\u00bb4_4&#8243; _builder_version=\u00bb3.25&#8243; custom_padding=\u00bb|||\u00bb global_colors_info=\u00bb{}\u00bb custom_padding__hover=\u00bb|||\u00bb][et_pb_text admin_label=\u00bbTeam Title\u00bb _builder_version=\u00bb4.14.8&#8243; text_font=\u00bb||||\u00bb text_text_color=\u00bb#1a1a1a\u00bb header_font=\u00bbOswald|on||on|\u00bb header_text_align=\u00bbcenter\u00bb header_font_size=\u00bb60px\u00bb header_line_height=\u00bb1.3em\u00bb module_alignment=\u00bbcenter\u00bb custom_margin=\u00bb|||\u00bb custom_padding=\u00bb|||\u00bb animation_direction=\u00bbtop\u00bb locked=\u00bboff\u00bb global_colors_info=\u00bb{}\u00bb]<\/p>\n<h1>M\u00e1s informaci\u00f3n<\/h1>\n<p>[\/et_pb_text][et_pb_divider color=\u00bb#ed4441&#8243; divider_position=\u00bbcenter\u00bb divider_weight=\u00bb3px\u00bb disabled_on=\u00bboff|off|off\u00bb _builder_version=\u00bb4.14.8&#8243; max_width=\u00bb150px\u00bb module_alignment=\u00bbcenter\u00bb height=\u00bbfalse\u00bb custom_margin=\u00bb30px|||\u00bb animation_direction=\u00bbtop\u00bb locked=\u00bboff\u00bb global_colors_info=\u00bb{}\u00bb][\/et_pb_divider][\/et_pb_column][\/et_pb_row][et_pb_row column_structure=\u00bb1_2,1_2&#8243; _builder_version=\u00bb3.25&#8243; locked=\u00bboff\u00bb global_colors_info=\u00bb{}\u00bb][et_pb_column type=\u00bb1_2&#8243; _builder_version=\u00bb3.25&#8243; custom_padding=\u00bb|||\u00bb global_colors_info=\u00bb{}\u00bb custom_padding__hover=\u00bb|||\u00bb][et_pb_image src=\u00bbhttps:\/\/www.saintemilion-unesco.com\/wp-content\/uploads\/2021\/03\/3-Numerisation_20181009-37.jpg\u00bb alt=\u00bbVall\u00e9e de la Dordogne vue depuis les coteaux de Saint-Laurent des Combes\u00bb title_text=\u00bbVall\u00e9e de la Dordogne vue depuis les coteaux de Saint-Laurent des Combes\u00bb align_tablet=\u00bbcenter\u00bb align_phone=\u00bbcenter\u00bb align_last_edited=\u00bbon|desktop\u00bb _builder_version=\u00bb3.23&#8243; global_colors_info=\u00bb{}\u00bb][\/et_pb_image][\/et_pb_column][et_pb_column type=\u00bb1_2&#8243; _builder_version=\u00bb3.25&#8243; custom_padding=\u00bb|||\u00bb global_colors_info=\u00bb{}\u00bb custom_padding__hover=\u00bb|||\u00bb][et_pb_image src=\u00bbhttps:\/\/www.saintemilion-unesco.com\/wp-content\/uploads\/2021\/03\/5-Saint-Laurent-des-Combes-@Franck-Haudiquert.jpg\u00bb align_tablet=\u00bbcenter\u00bb align_phone=\u00bbcenter\u00bb align_last_edited=\u00bbon|desktop\u00bb _builder_version=\u00bb3.23&#8243; global_colors_info=\u00bb{}\u00bb][\/et_pb_image][\/et_pb_column][\/et_pb_row][\/et_pb_section][et_pb_section fb_built=\u00bb1&#8243; custom_padding_last_edited=\u00bbon|tablet\u00bb admin_label=\u00bbOur Guides\u00bb _builder_version=\u00bb3.22&#8243; custom_padding=\u00bb110px||0||false|false\u00bb custom_padding_tablet=\u00bb60px||60px|\u00bb custom_padding_phone=\u00bb\u00bb global_colors_info=\u00bb{}\u00bb][et_pb_row _builder_version=\u00bb3.25&#8243; global_colors_info=\u00bb{}\u00bb][et_pb_column type=\u00bb4_4&#8243; _builder_version=\u00bb3.25&#8243; custom_padding=\u00bb|||\u00bb global_colors_info=\u00bb{}\u00bb custom_padding__hover=\u00bb|||\u00bb][et_pb_text _builder_version=\u00bb3.27.4&#8243; global_colors_info=\u00bb{}\u00bb]<\/p>\n<h2 style=\"text-align: center;\">Ver las tablas de lectura en el mapa de la Jurisdicci\u00f3n :<\/h2>\n<p style=\"text-align: center;\"><iframe loading=\"lazy\" src=\"https:\/\/www.google.com\/maps\/d\/u\/0\/embed?mid=1lmVaM7k3Up7EELPVyr1-oMho-STbpqfz\" width=\"100%\" height=\"480\"><\/iframe><\/p>\n<p>[\/et_pb_text][\/et_pb_column][\/et_pb_row][et_pb_row _builder_version=\u00bb3.25&#8243; global_colors_info=\u00bb{}\u00bb][et_pb_column type=\u00bb4_4&#8243; _builder_version=\u00bb3.25&#8243; custom_padding=\u00bb|||\u00bb global_colors_info=\u00bb{}\u00bb custom_padding__hover=\u00bb|||\u00bb][et_pb_text _builder_version=\u00bb4.14.8&#8243; text_font=\u00bbRoboto||on||||||\u00bb text_font_size=\u00bb25px\u00bb text_line_height=\u00bb1.6em\u00bb header_font=\u00bb||||||||\u00bb background_size=\u00bbinitial\u00bb background_position=\u00bbtop_left\u00bb background_repeat=\u00bbrepeat\u00bb text_orientation=\u00bbcenter\u00bb module_alignment=\u00bbcenter\u00bb custom_margin=\u00bb0px|||\u00bb custom_padding=\u00bb||0px|\u00bb animation_direction=\u00bbtop\u00bb locked=\u00bboff\u00bb global_colors_info=\u00bb{}\u00bb]<\/p>\n<p>Ellos nos apoyan<\/p>\n<p>[\/et_pb_text][et_pb_image src=\u00bbhttps:\/\/www.saintemilion-unesco.com\/wp-content\/uploads\/2018\/10\/logo-cvse-2.png\u00bb align=\u00bbcenter\u00bb align_tablet=\u00bbcenter\u00bb align_phone=\u00bbcenter\u00bb align_last_edited=\u00bbon|desktop\u00bb _builder_version=\u00bb3.23&#8243; max_width=\u00bb12%\u00bb max_width_tablet=\u00bb\u00bb max_width_phone=\u00bb\u00bb max_width_last_edited=\u00bbon|desktop\u00bb global_colors_info=\u00bb{}\u00bb][\/et_pb_image][\/et_pb_column][\/et_pb_row][\/et_pb_section]<\/p>\n","protected":false},"excerpt":{"rendered":"<p>El municipio de Saint-Laurent des Combes se divide en la actualidad entre su pueblo hist\u00f3rico, con su iglesia y el cementerio parroquial en la cima de la meseta, y el pueblo actual, que se desarroll\u00f3 a los pies de la colina bajo la mirada del ferrocarril, que lleg\u00f3 en el siglo XIX. Debajo de la [&hellip;]<\/p>\n","protected":false},"author":1,"featured_media":0,"parent":4033,"menu_order":5,"comment_status":"closed","ping_status":"closed","template":"","meta":{"_et_pb_use_builder":"on","_et_pb_old_content":"","_et_gb_content_width":""},"yoast_head":"<!-- This site is optimized with the Yoast SEO plugin v19.13 - https:\/\/yoast.com\/wordpress\/plugins\/seo\/ -->\n<title>Saint-Laurent-des-Combes - Valles y colinas - Association Juridiction de Saint-Emilion<\/title>\n<meta name=\"robots\" content=\"index, follow, max-snippet:-1, max-image-preview:large, max-video-preview:-1\" \/>\n<link rel=\"canonical\" href=\"https:\/\/www.saintemilion-unesco.com\/es\/recorrido-de-descubrimiento\/saint-laurent-des-combes-valles-y-colinas\/\" \/>\n<meta property=\"og:locale\" content=\"es_ES\" \/>\n<meta property=\"og:type\" content=\"article\" \/>\n<meta property=\"og:title\" content=\"Saint-Laurent-des-Combes - Valles y colinas - Association Juridiction de Saint-Emilion\" \/>\n<meta property=\"og:description\" content=\"El municipio de Saint-Laurent des Combes se divide en la actualidad entre su pueblo hist\u00f3rico, con su iglesia y el cementerio parroquial en la cima de la meseta, y el pueblo actual, que se desarroll\u00f3 a los pies de la colina bajo la mirada del ferrocarril, que lleg\u00f3 en el siglo XIX. Debajo de la [&hellip;]\" \/>\n<meta property=\"og:url\" content=\"https:\/\/www.saintemilion-unesco.com\/es\/recorrido-de-descubrimiento\/saint-laurent-des-combes-valles-y-colinas\/\" \/>\n<meta property=\"og:site_name\" content=\"Association Juridiction de Saint-Emilion\" \/>\n<meta property=\"article:modified_time\" content=\"2022-02-24T15:23:59+00:00\" \/>\n<meta property=\"og:image\" content=\"https:\/\/www.saintemilion-unesco.com\/wp-content\/uploads\/2018\/11\/carte-juridiction-saint-emilion-unesco3-3.jpg\" \/>\n\t<meta property=\"og:image:width\" content=\"1920\" \/>\n\t<meta property=\"og:image:height\" content=\"764\" \/>\n\t<meta property=\"og:image:type\" content=\"image\/jpeg\" \/>\n<meta name=\"twitter:card\" content=\"summary_large_image\" \/>\n<meta name=\"twitter:label1\" content=\"Tiempo de lectura\" \/>\n\t<meta name=\"twitter:data1\" content=\"6 minutos\" \/>\n<script type=\"application\/ld+json\" class=\"yoast-schema-graph\">{\"@context\":\"https:\/\/schema.org\",\"@graph\":[{\"@type\":\"WebPage\",\"@id\":\"https:\/\/www.saintemilion-unesco.com\/es\/recorrido-de-descubrimiento\/saint-laurent-des-combes-valles-y-colinas\/\",\"url\":\"https:\/\/www.saintemilion-unesco.com\/es\/recorrido-de-descubrimiento\/saint-laurent-des-combes-valles-y-colinas\/\",\"name\":\"Saint-Laurent-des-Combes - Valles y colinas - Association Juridiction de Saint-Emilion\",\"isPartOf\":{\"@id\":\"https:\/\/www.saintemilion-unesco.com\/es\/#website\"},\"datePublished\":\"2022-02-24T15:10:53+00:00\",\"dateModified\":\"2022-02-24T15:23:59+00:00\",\"breadcrumb\":{\"@id\":\"https:\/\/www.saintemilion-unesco.com\/es\/recorrido-de-descubrimiento\/saint-laurent-des-combes-valles-y-colinas\/#breadcrumb\"},\"inLanguage\":\"es\",\"potentialAction\":[{\"@type\":\"ReadAction\",\"target\":[\"https:\/\/www.saintemilion-unesco.com\/es\/recorrido-de-descubrimiento\/saint-laurent-des-combes-valles-y-colinas\/\"]}]},{\"@type\":\"BreadcrumbList\",\"@id\":\"https:\/\/www.saintemilion-unesco.com\/es\/recorrido-de-descubrimiento\/saint-laurent-des-combes-valles-y-colinas\/#breadcrumb\",\"itemListElement\":[{\"@type\":\"ListItem\",\"position\":1,\"name\":\"Accueil\",\"item\":\"https:\/\/www.saintemilion-unesco.com\/es\/\"},{\"@type\":\"ListItem\",\"position\":2,\"name\":\"Recorrido de descubrimiento\",\"item\":\"https:\/\/www.saintemilion-unesco.com\/es\/recorrido-de-descubrimiento\/\"},{\"@type\":\"ListItem\",\"position\":3,\"name\":\"Saint-Laurent-des-Combes &#8211; Valles y colinas\"}]},{\"@type\":\"WebSite\",\"@id\":\"https:\/\/www.saintemilion-unesco.com\/es\/#website\",\"url\":\"https:\/\/www.saintemilion-unesco.com\/es\/\",\"name\":\"Association Juridiction de Saint-Emilion\",\"description\":\"Patrimoine Mondial de l&#039;Humanit\u00e9\",\"potentialAction\":[{\"@type\":\"SearchAction\",\"target\":{\"@type\":\"EntryPoint\",\"urlTemplate\":\"https:\/\/www.saintemilion-unesco.com\/es\/?s={search_term_string}\"},\"query-input\":\"required name=search_term_string\"}],\"inLanguage\":\"es\"}]}<\/script>\n<!-- \/ Yoast SEO plugin. -->","yoast_head_json":{"title":"Saint-Laurent-des-Combes - Valles y colinas - Association Juridiction de Saint-Emilion","robots":{"index":"index","follow":"follow","max-snippet":"max-snippet:-1","max-image-preview":"max-image-preview:large","max-video-preview":"max-video-preview:-1"},"canonical":"https:\/\/www.saintemilion-unesco.com\/es\/recorrido-de-descubrimiento\/saint-laurent-des-combes-valles-y-colinas\/","og_locale":"es_ES","og_type":"article","og_title":"Saint-Laurent-des-Combes - Valles y colinas - Association Juridiction de Saint-Emilion","og_description":"El municipio de Saint-Laurent des Combes se divide en la actualidad entre su pueblo hist\u00f3rico, con su iglesia y el cementerio parroquial en la cima de la meseta, y el pueblo actual, que se desarroll\u00f3 a los pies de la colina bajo la mirada del ferrocarril, que lleg\u00f3 en el siglo XIX. Debajo de la [&hellip;]","og_url":"https:\/\/www.saintemilion-unesco.com\/es\/recorrido-de-descubrimiento\/saint-laurent-des-combes-valles-y-colinas\/","og_site_name":"Association Juridiction de Saint-Emilion","article_modified_time":"2022-02-24T15:23:59+00:00","og_image":[{"width":1920,"height":764,"url":"https:\/\/www.saintemilion-unesco.com\/wp-content\/uploads\/2018\/11\/carte-juridiction-saint-emilion-unesco3-3.jpg","type":"image\/jpeg"}],"twitter_card":"summary_large_image","twitter_misc":{"Tiempo de lectura":"6 minutos"},"schema":{"@context":"https:\/\/schema.org","@graph":[{"@type":"WebPage","@id":"https:\/\/www.saintemilion-unesco.com\/es\/recorrido-de-descubrimiento\/saint-laurent-des-combes-valles-y-colinas\/","url":"https:\/\/www.saintemilion-unesco.com\/es\/recorrido-de-descubrimiento\/saint-laurent-des-combes-valles-y-colinas\/","name":"Saint-Laurent-des-Combes - Valles y colinas - Association Juridiction de Saint-Emilion","isPartOf":{"@id":"https:\/\/www.saintemilion-unesco.com\/es\/#website"},"datePublished":"2022-02-24T15:10:53+00:00","dateModified":"2022-02-24T15:23:59+00:00","breadcrumb":{"@id":"https:\/\/www.saintemilion-unesco.com\/es\/recorrido-de-descubrimiento\/saint-laurent-des-combes-valles-y-colinas\/#breadcrumb"},"inLanguage":"es","potentialAction":[{"@type":"ReadAction","target":["https:\/\/www.saintemilion-unesco.com\/es\/recorrido-de-descubrimiento\/saint-laurent-des-combes-valles-y-colinas\/"]}]},{"@type":"BreadcrumbList","@id":"https:\/\/www.saintemilion-unesco.com\/es\/recorrido-de-descubrimiento\/saint-laurent-des-combes-valles-y-colinas\/#breadcrumb","itemListElement":[{"@type":"ListItem","position":1,"name":"Accueil","item":"https:\/\/www.saintemilion-unesco.com\/es\/"},{"@type":"ListItem","position":2,"name":"Recorrido de descubrimiento","item":"https:\/\/www.saintemilion-unesco.com\/es\/recorrido-de-descubrimiento\/"},{"@type":"ListItem","position":3,"name":"Saint-Laurent-des-Combes &#8211; Valles y colinas"}]},{"@type":"WebSite","@id":"https:\/\/www.saintemilion-unesco.com\/es\/#website","url":"https:\/\/www.saintemilion-unesco.com\/es\/","name":"Association Juridiction de Saint-Emilion","description":"Patrimoine Mondial de l&#039;Humanit\u00e9","potentialAction":[{"@type":"SearchAction","target":{"@type":"EntryPoint","urlTemplate":"https:\/\/www.saintemilion-unesco.com\/es\/?s={search_term_string}"},"query-input":"required name=search_term_string"}],"inLanguage":"es"}]}},"_links":{"self":[{"href":"https:\/\/www.saintemilion-unesco.com\/es\/wp-json\/wp\/v2\/pages\/3896"}],"collection":[{"href":"https:\/\/www.saintemilion-unesco.com\/es\/wp-json\/wp\/v2\/pages"}],"about":[{"href":"https:\/\/www.saintemilion-unesco.com\/es\/wp-json\/wp\/v2\/types\/page"}],"author":[{"embeddable":true,"href":"https:\/\/www.saintemilion-unesco.com\/es\/wp-json\/wp\/v2\/users\/1"}],"replies":[{"embeddable":true,"href":"https:\/\/www.saintemilion-unesco.com\/es\/wp-json\/wp\/v2\/comments?post=3896"}],"version-history":[{"count":14,"href":"https:\/\/www.saintemilion-unesco.com\/es\/wp-json\/wp\/v2\/pages\/3896\/revisions"}],"predecessor-version":[{"id":5232,"href":"https:\/\/www.saintemilion-unesco.com\/es\/wp-json\/wp\/v2\/pages\/3896\/revisions\/5232"}],"up":[{"embeddable":true,"href":"https:\/\/www.saintemilion-unesco.com\/es\/wp-json\/wp\/v2\/pages\/4033"}],"wp:attachment":[{"href":"https:\/\/www.saintemilion-unesco.com\/es\/wp-json\/wp\/v2\/media?parent=3896"}],"curies":[{"name":"wp","href":"https:\/\/api.w.org\/{rel}","templated":true}]}}