{"id":3949,"date":"2021-03-10T14:15:10","date_gmt":"2021-03-10T13:15:10","guid":{"rendered":"https:\/\/www.saintemilion-unesco.com\/la-inscripcion-unesco\/la-asociacion\/"},"modified":"2021-03-10T14:15:21","modified_gmt":"2021-03-10T13:15:21","slug":"la-asociacion","status":"publish","type":"page","link":"https:\/\/www.saintemilion-unesco.com\/es\/la-inscripcion-unesco\/la-asociacion\/","title":{"rendered":"La Asociaci\u00f3n"},"content":{"rendered":"<p>[et_pb_section fb_built=\u00bb1&#8243; admin_label=\u00bbHero\u00bb _builder_version=\u00bb3.17.2&#8243; background_image=\u00bbhttps:\/\/www.saintemilion-unesco.com\/wp-content\/uploads\/2019\/01\/saint-emilion-une-e1612878472926.jpg\u00bb parallax=\u00bbon\u00bb custom_padding=\u00bb260px||260px||true|false\u00bb][et_pb_row make_fullwidth=\u00bbon\u00bb use_custom_gutter=\u00bbon\u00bb gutter_width=\u00bb1&#8243; custom_padding=\u00bb70px|0px|70px|0px|true|false\u00bb custom_margin=\u00bb|||\u00bb background_position_1=\u00bbtop_left\u00bb background_position_2=\u00bbtop_left\u00bb background_repeat_1=\u00bbno-repeat\u00bb background_repeat_2=\u00bbno-repeat\u00bb padding_right_2=\u00bb10%\u00bb padding_left_2=\u00bb10%\u00bb _builder_version=\u00bb3.17.2&#8243;][et_pb_column type=\u00bb1_2&#8243; _builder_version=\u00bb3.0.47&#8243; parallax=\u00bboff\u00bb parallax_method=\u00bbon\u00bb background_position=\u00bbtop_left\u00bb background_repeat=\u00bbno-repeat\u00bb][\/et_pb_column][et_pb_column type=\u00bb1_2&#8243; _builder_version=\u00bb3.0.47&#8243; padding_left=\u00bb10%\u00bb padding_right=\u00bb10%\u00bb parallax=\u00bboff\u00bb parallax_method=\u00bbon\u00bb background_position=\u00bbtop_left\u00bb background_repeat=\u00bbno-repeat\u00bb][et_pb_text admin_label=\u00bbHero Title\u00bb _builder_version=\u00bb3.17.2&#8243; text_font=\u00bb||||\u00bb text_text_color=\u00bb#1a1a1a\u00bb header_font=\u00bbOswald|on||on|\u00bb header_text_align=\u00bbleft\u00bb header_font_size=\u00bb60px\u00bb header_line_height=\u00bb1.3em\u00bb background_layout=\u00bbdark\u00bb max_width=\u00bb450px\u00bb custom_margin=\u00bb|||\u00bb custom_padding=\u00bb|||\u00bb animation_style=\u00bbslide\u00bb animation_direction=\u00bbtop\u00bb animation_intensity_slide=\u00bb10%\u00bb locked=\u00bboff\u00bb]<\/p>\n<h1>La Asociaci\u00f3n<\/h1>\n<p>[\/et_pb_text][et_pb_divider color=\u00bb#ed4441&#8243; divider_position=\u00bbcenter\u00bb divider_weight=\u00bb3px\u00bb height=\u00bbfalse\u00bb disabled_on=\u00bbon|on|off%22&#8243; _builder_version=\u00bb3.2&#8243; max_width=\u00bb150px\u00bb custom_margin=\u00bb30px|||\u00bb animation_style=\u00bbslide\u00bb animation_direction=\u00bbtop\u00bb animation_delay=\u00bb100ms\u00bb animation_intensity_slide=\u00bb10%\u00bb locked=\u00bboff\u00bb][\/et_pb_divider][\/et_pb_column][\/et_pb_row][\/et_pb_section][et_pb_section fb_built=\u00bb1&#8243; _builder_version=\u00bb3.17.2&#8243; custom_padding=\u00bb110px||110px||true|false\u00bb][et_pb_row custom_padding=\u00bb0px|0px|0|0px|false|false\u00bb module_id=\u00bbunesco\u00bb _builder_version=\u00bb3.17.2&#8243;][et_pb_column type=\u00bb4_4&#8243; _builder_version=\u00bb3.0.47&#8243; parallax=\u00bboff\u00bb parallax_method=\u00bbon\u00bb][et_pb_text _builder_version=\u00bb3.17.2&#8243; text_font=\u00bbRoboto||||\u00bb text_font_size=\u00bb16px\u00bb text_line_height=\u00bb1.9em\u00bb header_font=\u00bb||||||||\u00bb background_size=\u00bbinitial\u00bb background_position=\u00bbtop_left\u00bb background_repeat=\u00bbrepeat\u00bb custom_margin=\u00bb0px|||\u00bb custom_padding=\u00bb||60px|\u00bb animation_style=\u00bbslide\u00bb animation_direction=\u00bbtop\u00bb animation_delay=\u00bb400ms\u00bb animation_intensity_slide=\u00bb4%\u00bb locked=\u00bboff\u00bb]<\/p>\n<p>En 1999, la Jurisdicci\u00f3n de Saint-\u00c9milion se convirti\u00f3 en el primer vi\u00f1edo inscrito en el Patrimonio Mundial de la UNESCO por sus paisajes culturales.<\/p>\n<p>La Asociaci\u00f3n Juridiction de Saint-\u00c9milion, Patrimoine Mondial de l&#8217;Humanit\u00e9 es la garante ante el Estado del bien catalogado y se encarga de su gesti\u00f3n y puesta en valor.<\/p>\n<p>Tiene el deber de desarrollar y preservar este patrimonio cultural, natural y arquitect\u00f3nico, y permitir a las generaciones futuras seguir escribiendo la historia.<\/p>\n<p>La asociaci\u00f3n est\u00e1 copresidida por el ayuntamiento de Saint-\u00c9milion y el Conseil des Vins de Saint-\u00c9milion.<\/p>\n<p>Su Consejo de Administraci\u00f3n est\u00e1 formado por los ocho municipios de la Jurisdicci\u00f3n, la comunidad de municipios de Saint-\u00c9milion y el Conseil des Vins de Saint-\u00c9milion.<\/p>\n<p>[\/et_pb_text][et_pb_image src=\u00bbhttps:\/\/www.saintemilion-unesco.com\/wp-content\/uploads\/2021\/01\/Background.jpg\u00bb align=\u00bbcenter\u00bb _builder_version=\u00bb3.17.2&#8243;][\/et_pb_image][\/et_pb_column][\/et_pb_row][\/et_pb_section]<\/p>\n","protected":false},"excerpt":{"rendered":"<p>La Asociaci\u00f3nEn 1999, la Jurisdicci\u00f3n de Saint-\u00c9milion se convirti\u00f3 en el primer vi\u00f1edo inscrito en el Patrimonio Mundial de la UNESCO por sus paisajes culturales. La Asociaci\u00f3n Juridiction de Saint-\u00c9milion, Patrimoine Mondial de l&#8217;Humanit\u00e9 es la garante ante el Estado del bien catalogado y se encarga de su gesti\u00f3n y puesta en valor. Tiene el [&hellip;]<\/p>\n","protected":false},"author":1,"featured_media":0,"parent":3919,"menu_order":3,"comment_status":"closed","ping_status":"closed","template":"","meta":{"_et_pb_use_builder":"on","_et_pb_old_content":"","_et_gb_content_width":""},"yoast_head":"<!-- This site is optimized with the Yoast SEO plugin v19.13 - https:\/\/yoast.com\/wordpress\/plugins\/seo\/ -->\n<title>La Asociaci\u00f3n - Association Juridiction de Saint-Emilion<\/title>\n<meta name=\"robots\" content=\"index, follow, max-snippet:-1, max-image-preview:large, max-video-preview:-1\" \/>\n<link rel=\"canonical\" href=\"https:\/\/www.saintemilion-unesco.com\/es\/la-inscripcion-unesco\/la-asociacion\/\" \/>\n<meta property=\"og:locale\" content=\"es_ES\" \/>\n<meta property=\"og:type\" content=\"article\" \/>\n<meta property=\"og:title\" content=\"La Asociaci\u00f3n - Association Juridiction de Saint-Emilion\" \/>\n<meta property=\"og:description\" content=\"La Asociaci\u00f3nEn 1999, la Jurisdicci\u00f3n de Saint-\u00c9milion se convirti\u00f3 en el primer vi\u00f1edo inscrito en el Patrimonio Mundial de la UNESCO por sus paisajes culturales. La Asociaci\u00f3n Juridiction de Saint-\u00c9milion, Patrimoine Mondial de l&#039;Humanit\u00e9 es la garante ante el Estado del bien catalogado y se encarga de su gesti\u00f3n y puesta en valor. Tiene el [&hellip;]\" \/>\n<meta property=\"og:url\" content=\"https:\/\/www.saintemilion-unesco.com\/es\/la-inscripcion-unesco\/la-asociacion\/\" \/>\n<meta property=\"og:site_name\" content=\"Association Juridiction de Saint-Emilion\" \/>\n<meta property=\"article:modified_time\" content=\"2021-03-10T13:15:21+00:00\" \/>\n<meta property=\"og:image\" content=\"https:\/\/www.saintemilion-unesco.com\/wp-content\/uploads\/2018\/11\/carte-juridiction-saint-emilion-unesco3-3.jpg\" \/>\n\t<meta property=\"og:image:width\" content=\"1920\" \/>\n\t<meta property=\"og:image:height\" content=\"764\" \/>\n\t<meta property=\"og:image:type\" content=\"image\/jpeg\" \/>\n<meta name=\"twitter:card\" content=\"summary_large_image\" \/>\n<meta name=\"twitter:label1\" content=\"Tiempo de lectura\" \/>\n\t<meta name=\"twitter:data1\" content=\"2 minutos\" \/>\n<script type=\"application\/ld+json\" class=\"yoast-schema-graph\">{\"@context\":\"https:\/\/schema.org\",\"@graph\":[{\"@type\":\"WebPage\",\"@id\":\"https:\/\/www.saintemilion-unesco.com\/es\/la-inscripcion-unesco\/la-asociacion\/\",\"url\":\"https:\/\/www.saintemilion-unesco.com\/es\/la-inscripcion-unesco\/la-asociacion\/\",\"name\":\"La Asociaci\u00f3n - Association Juridiction de Saint-Emilion\",\"isPartOf\":{\"@id\":\"https:\/\/www.saintemilion-unesco.com\/es\/#website\"},\"datePublished\":\"2021-03-10T13:15:10+00:00\",\"dateModified\":\"2021-03-10T13:15:21+00:00\",\"breadcrumb\":{\"@id\":\"https:\/\/www.saintemilion-unesco.com\/es\/la-inscripcion-unesco\/la-asociacion\/#breadcrumb\"},\"inLanguage\":\"es\",\"potentialAction\":[{\"@type\":\"ReadAction\",\"target\":[\"https:\/\/www.saintemilion-unesco.com\/es\/la-inscripcion-unesco\/la-asociacion\/\"]}]},{\"@type\":\"BreadcrumbList\",\"@id\":\"https:\/\/www.saintemilion-unesco.com\/es\/la-inscripcion-unesco\/la-asociacion\/#breadcrumb\",\"itemListElement\":[{\"@type\":\"ListItem\",\"position\":1,\"name\":\"Accueil\",\"item\":\"https:\/\/www.saintemilion-unesco.com\/es\/\"},{\"@type\":\"ListItem\",\"position\":2,\"name\":\"La inscripci\u00f3n UNESCO\",\"item\":\"https:\/\/www.saintemilion-unesco.com\/es\/la-inscripcion-unesco\/\"},{\"@type\":\"ListItem\",\"position\":3,\"name\":\"La Asociaci\u00f3n\"}]},{\"@type\":\"WebSite\",\"@id\":\"https:\/\/www.saintemilion-unesco.com\/es\/#website\",\"url\":\"https:\/\/www.saintemilion-unesco.com\/es\/\",\"name\":\"Association Juridiction de Saint-Emilion\",\"description\":\"Patrimoine Mondial de l&#039;Humanit\u00e9\",\"potentialAction\":[{\"@type\":\"SearchAction\",\"target\":{\"@type\":\"EntryPoint\",\"urlTemplate\":\"https:\/\/www.saintemilion-unesco.com\/es\/?s={search_term_string}\"},\"query-input\":\"required name=search_term_string\"}],\"inLanguage\":\"es\"}]}<\/script>\n<!-- \/ Yoast SEO plugin. -->","yoast_head_json":{"title":"La Asociaci\u00f3n - Association Juridiction de Saint-Emilion","robots":{"index":"index","follow":"follow","max-snippet":"max-snippet:-1","max-image-preview":"max-image-preview:large","max-video-preview":"max-video-preview:-1"},"canonical":"https:\/\/www.saintemilion-unesco.com\/es\/la-inscripcion-unesco\/la-asociacion\/","og_locale":"es_ES","og_type":"article","og_title":"La Asociaci\u00f3n - Association Juridiction de Saint-Emilion","og_description":"La Asociaci\u00f3nEn 1999, la Jurisdicci\u00f3n de Saint-\u00c9milion se convirti\u00f3 en el primer vi\u00f1edo inscrito en el Patrimonio Mundial de la UNESCO por sus paisajes culturales. La Asociaci\u00f3n Juridiction de Saint-\u00c9milion, Patrimoine Mondial de l'Humanit\u00e9 es la garante ante el Estado del bien catalogado y se encarga de su gesti\u00f3n y puesta en valor. Tiene el [&hellip;]","og_url":"https:\/\/www.saintemilion-unesco.com\/es\/la-inscripcion-unesco\/la-asociacion\/","og_site_name":"Association Juridiction de Saint-Emilion","article_modified_time":"2021-03-10T13:15:21+00:00","og_image":[{"width":1920,"height":764,"url":"https:\/\/www.saintemilion-unesco.com\/wp-content\/uploads\/2018\/11\/carte-juridiction-saint-emilion-unesco3-3.jpg","type":"image\/jpeg"}],"twitter_card":"summary_large_image","twitter_misc":{"Tiempo de lectura":"2 minutos"},"schema":{"@context":"https:\/\/schema.org","@graph":[{"@type":"WebPage","@id":"https:\/\/www.saintemilion-unesco.com\/es\/la-inscripcion-unesco\/la-asociacion\/","url":"https:\/\/www.saintemilion-unesco.com\/es\/la-inscripcion-unesco\/la-asociacion\/","name":"La Asociaci\u00f3n - Association Juridiction de Saint-Emilion","isPartOf":{"@id":"https:\/\/www.saintemilion-unesco.com\/es\/#website"},"datePublished":"2021-03-10T13:15:10+00:00","dateModified":"2021-03-10T13:15:21+00:00","breadcrumb":{"@id":"https:\/\/www.saintemilion-unesco.com\/es\/la-inscripcion-unesco\/la-asociacion\/#breadcrumb"},"inLanguage":"es","potentialAction":[{"@type":"ReadAction","target":["https:\/\/www.saintemilion-unesco.com\/es\/la-inscripcion-unesco\/la-asociacion\/"]}]},{"@type":"BreadcrumbList","@id":"https:\/\/www.saintemilion-unesco.com\/es\/la-inscripcion-unesco\/la-asociacion\/#breadcrumb","itemListElement":[{"@type":"ListItem","position":1,"name":"Accueil","item":"https:\/\/www.saintemilion-unesco.com\/es\/"},{"@type":"ListItem","position":2,"name":"La inscripci\u00f3n UNESCO","item":"https:\/\/www.saintemilion-unesco.com\/es\/la-inscripcion-unesco\/"},{"@type":"ListItem","position":3,"name":"La Asociaci\u00f3n"}]},{"@type":"WebSite","@id":"https:\/\/www.saintemilion-unesco.com\/es\/#website","url":"https:\/\/www.saintemilion-unesco.com\/es\/","name":"Association Juridiction de Saint-Emilion","description":"Patrimoine Mondial de l&#039;Humanit\u00e9","potentialAction":[{"@type":"SearchAction","target":{"@type":"EntryPoint","urlTemplate":"https:\/\/www.saintemilion-unesco.com\/es\/?s={search_term_string}"},"query-input":"required name=search_term_string"}],"inLanguage":"es"}]}},"_links":{"self":[{"href":"https:\/\/www.saintemilion-unesco.com\/es\/wp-json\/wp\/v2\/pages\/3949"}],"collection":[{"href":"https:\/\/www.saintemilion-unesco.com\/es\/wp-json\/wp\/v2\/pages"}],"about":[{"href":"https:\/\/www.saintemilion-unesco.com\/es\/wp-json\/wp\/v2\/types\/page"}],"author":[{"embeddable":true,"href":"https:\/\/www.saintemilion-unesco.com\/es\/wp-json\/wp\/v2\/users\/1"}],"replies":[{"embeddable":true,"href":"https:\/\/www.saintemilion-unesco.com\/es\/wp-json\/wp\/v2\/comments?post=3949"}],"version-history":[{"count":7,"href":"https:\/\/www.saintemilion-unesco.com\/es\/wp-json\/wp\/v2\/pages\/3949\/revisions"}],"predecessor-version":[{"id":3956,"href":"https:\/\/www.saintemilion-unesco.com\/es\/wp-json\/wp\/v2\/pages\/3949\/revisions\/3956"}],"up":[{"embeddable":true,"href":"https:\/\/www.saintemilion-unesco.com\/es\/wp-json\/wp\/v2\/pages\/3919"}],"wp:attachment":[{"href":"https:\/\/www.saintemilion-unesco.com\/es\/wp-json\/wp\/v2\/media?parent=3949"}],"curies":[{"name":"wp","href":"https:\/\/api.w.org\/{rel}","templated":true}]}}