{"id":3957,"date":"2021-03-10T14:23:41","date_gmt":"2021-03-10T13:23:41","guid":{"rendered":"https:\/\/www.saintemilion-unesco.com\/la-inscripcion-unesco\/los-20-anos-de-la-inscripcion\/"},"modified":"2021-03-10T14:24:01","modified_gmt":"2021-03-10T13:24:01","slug":"los-20-anos-de-la-inscripcion","status":"publish","type":"page","link":"https:\/\/www.saintemilion-unesco.com\/es\/la-inscripcion-unesco\/los-20-anos-de-la-inscripcion\/","title":{"rendered":"Los 20 a\u00f1os de la inscripci\u00f3n"},"content":{"rendered":"<p>[et_pb_section fb_built=\u00bb1&#8243; admin_label=\u00bbHero\u00bb _builder_version=\u00bb3.17.2&#8243; use_background_color_gradient=\u00bbon\u00bb background_image=\u00bbhttps:\/\/www.saintemilion-unesco.com\/wp-content\/uploads\/2019\/03\/NuitduPatrimoine-feu-2018-08.jpg\u00bb custom_padding=\u00bb225px||225px||true|false\u00bb background__hover_enabled=\u00bbon\u00bb][et_pb_row make_fullwidth=\u00bbon\u00bb use_custom_gutter=\u00bbon\u00bb gutter_width=\u00bb1&#8243; custom_padding=\u00bb70px|0px|70px|0px|true|false\u00bb custom_margin=\u00bb|||\u00bb background_position_1=\u00bbtop_left\u00bb background_position_2=\u00bbtop_left\u00bb background_repeat_1=\u00bbno-repeat\u00bb background_repeat_2=\u00bbno-repeat\u00bb padding_right_2=\u00bb10%\u00bb padding_left_2=\u00bb10%\u00bb _builder_version=\u00bb3.17.2&#8243;][et_pb_column type=\u00bb1_2&#8243; _builder_version=\u00bb3.0.47&#8243; parallax=\u00bboff\u00bb parallax_method=\u00bbon\u00bb background_position=\u00bbtop_left\u00bb background_repeat=\u00bbno-repeat\u00bb][\/et_pb_column][et_pb_column type=\u00bb1_2&#8243; _builder_version=\u00bb3.0.47&#8243; padding_left=\u00bb10%\u00bb padding_right=\u00bb10%\u00bb parallax=\u00bboff\u00bb parallax_method=\u00bbon\u00bb background_position=\u00bbtop_left\u00bb background_repeat=\u00bbno-repeat\u00bb][et_pb_text admin_label=\u00bbHero Title\u00bb _builder_version=\u00bb3.17.2&#8243; text_font=\u00bb||||\u00bb text_text_color=\u00bb#1a1a1a\u00bb header_font=\u00bbOswald|on||on|\u00bb header_text_align=\u00bbleft\u00bb header_font_size=\u00bb60px\u00bb header_line_height=\u00bb1.3em\u00bb background_layout=\u00bbdark\u00bb max_width=\u00bb450px\u00bb custom_margin=\u00bb|||\u00bb custom_padding=\u00bb|||\u00bb animation_style=\u00bbslide\u00bb animation_direction=\u00bbtop\u00bb animation_intensity_slide=\u00bb10%\u00bb locked=\u00bboff\u00bb]<\/p>\n<h1>Los 20 a\u00f1os de la inscripci\u00f3n<\/h1>\n<p>[\/et_pb_text][et_pb_divider color=\u00bb#ed4441&#8243; divider_position=\u00bbcenter\u00bb divider_weight=\u00bb3px\u00bb height=\u00bbfalse\u00bb disabled_on=\u00bbon|on|off%22&#8243; _builder_version=\u00bb3.2&#8243; max_width=\u00bb150px\u00bb custom_margin=\u00bb30px|||\u00bb animation_style=\u00bbslide\u00bb animation_direction=\u00bbtop\u00bb animation_delay=\u00bb100ms\u00bb animation_intensity_slide=\u00bb10%\u00bb locked=\u00bboff\u00bb][\/et_pb_divider][\/et_pb_column][\/et_pb_row][\/et_pb_section][et_pb_section fb_built=\u00bb1&#8243; _builder_version=\u00bb3.0.69&#8243; custom_padding=\u00bb110px||110px||true|false\u00bb][et_pb_row custom_padding=\u00bb0|0px|0|0px|false|false\u00bb module_id=\u00bbunesco\u00bb _builder_version=\u00bb3.17.2&#8243;][et_pb_column type=\u00bb4_4&#8243; _builder_version=\u00bb3.0.47&#8243; parallax=\u00bboff\u00bb parallax_method=\u00bbon\u00bb][et_pb_text _builder_version=\u00bb3.17.2&#8243; text_font=\u00bbRoboto||||\u00bb text_font_size=\u00bb16px\u00bb text_line_height=\u00bb1.9em\u00bb background_size=\u00bbinitial\u00bb background_position=\u00bbtop_left\u00bb background_repeat=\u00bbrepeat\u00bb custom_margin=\u00bb0px|||\u00bb custom_padding=\u00bb||60px|\u00bb animation_style=\u00bbslide\u00bb animation_direction=\u00bbtop\u00bb animation_delay=\u00bb400ms\u00bb animation_intensity_slide=\u00bb4%\u00bb locked=\u00bboff\u00bb]<\/p>\n<p>En 1999, la Jurisdicci\u00f3n de Saint-\u00c9milion fue el primer vi\u00f1edo en ser catalogado como Patrimonio de la Humanidad.<\/p>\n<p>\u00a1As\u00ed pues, el a\u00f1o 2019 estuvo marcado por el 20\u00ba aniversario de esta inscripci\u00f3n con diversos proyectos a lo largo del a\u00f1o y 3 d\u00edas de celebraci\u00f3n alegres, festivos y populares los d\u00edas 28, 29 y 30 de junio de 2019!<\/p>\n<p>Con un amplio programa: Fiesta del Vino de Saint-\u00c9milion, conciertos gratuitos por toda la Jurisdicci\u00f3n, jornadas de puertas abiertas en los castillos, mercados de productores, conferencias, espacios para padres e hijos, paseos por el patrimonio, banquetes a orillas del agua, representaciones de teatro en las calles, reproducci\u00f3n de la marca a fuego del viticultor de la Jurade de Saint-\u00c9milion&#8230;<\/p>\n<p>\u00a1Un vistazo a estos 3 d\u00edas excepcionales que hicieron brillar nuestro territorio!<\/p>\n<p>[\/et_pb_text][\/et_pb_column][\/et_pb_row][\/et_pb_section][et_pb_section fb_built=\u00bb1&#8243; _builder_version=\u00bb3.17.2&#8243; custom_padding=\u00bb0|0px|54px|0px|false|false\u00bb][et_pb_row _builder_version=\u00bb3.0.69&#8243;][et_pb_column type=\u00bb4_4&#8243; _builder_version=\u00bb3.0.47&#8243; parallax=\u00bboff\u00bb parallax_method=\u00bbon\u00bb][et_pb_text admin_label=\u00bbTeam Title\u00bb _builder_version=\u00bb3.0.76&#8243; text_font=\u00bb||||\u00bb text_text_color=\u00bb#1a1a1a\u00bb header_font=\u00bbOswald|on||on|\u00bb header_text_align=\u00bbcenter\u00bb header_font_size=\u00bb60px\u00bb header_line_height=\u00bb1.3em\u00bb module_alignment=\u00bbcenter\u00bb custom_margin=\u00bb|||\u00bb custom_padding=\u00bb|||\u00bb animation_style=\u00bbslide\u00bb animation_direction=\u00bbtop\u00bb animation_intensity_slide=\u00bb10%\u00bb locked=\u00bboff\u00bb]<\/p>\n<h1>Aftermovie y fotos de los 20 a\u00f1os<\/h1>\n<p>[\/et_pb_text][et_pb_divider color=\u00bb#ed4441&#8243; divider_position=\u00bbcenter\u00bb divider_weight=\u00bb3px\u00bb height=\u00bbfalse\u00bb disabled_on=\u00bboff|off|off\u00bb _builder_version=\u00bb3.2&#8243; max_width=\u00bb150px\u00bb module_alignment=\u00bbcenter\u00bb custom_margin=\u00bb30px|||\u00bb animation_style=\u00bbslide\u00bb animation_direction=\u00bbtop\u00bb animation_delay=\u00bb100ms\u00bb animation_intensity_slide=\u00bb10%\u00bb locked=\u00bboff\u00bb][\/et_pb_divider][\/et_pb_column][\/et_pb_row][et_pb_row _builder_version=\u00bb3.17.2&#8243; module_alignment=\u00bbcenter\u00bb][et_pb_column type=\u00bb4_4&#8243; _builder_version=\u00bb3.17.2&#8243; parallax=\u00bboff\u00bb parallax_method=\u00bbon\u00bb][et_pb_video src=\u00bbhttps:\/\/www.youtube.com\/watch?v=DalH-USaRlQ\u00bb _builder_version=\u00bb3.17.2&#8243; max_width=\u00bb110%\u00bb module_alignment=\u00bbcenter\u00bb][\/et_pb_video][\/et_pb_column][\/et_pb_row][\/et_pb_section][et_pb_section fb_built=\u00bb1&#8243; admin_label=\u00bbOur Guides\u00bb _builder_version=\u00bb3.17.2&#8243; custom_padding=\u00bb110px||110px|\u00bb][et_pb_row use_custom_width=\u00bbon\u00bb width_unit=\u00bboff\u00bb custom_padding=\u00bb0|0px|40px|0px|false|false\u00bb admin_label=\u00bbGuides Grid\u00bb _builder_version=\u00bb3.17.2&#8243;][et_pb_column type=\u00bb1_4&#8243; _builder_version=\u00bb3.0.47&#8243; parallax=\u00bboff\u00bb parallax_method=\u00bbon\u00bb][et_pb_blurb image=\u00bbhttps:\/\/www.saintemilion-unesco.com\/wp-content\/uploads\/2019\/09\/28-06-2019-\u00a9Alban-Gilbert1372.jpg\u00bb _builder_version=\u00bb3.17.2&#8243; header_font=\u00bbOswald|on||on|\u00bb header_font_size=\u00bb24px\u00bb body_font=\u00bbRoboto||||\u00bb body_text_color=\u00bbrgba(0,0,0,0.6)\u00bb body_font_size=\u00bb16px\u00bb body_line_height=\u00bb1.9em\u00bb animation_style=\u00bbzoom\u00bb animation_intensity_zoom=\u00bb10%\u00bb locked=\u00bboff\u00bb][\/et_pb_blurb][\/et_pb_column][et_pb_column type=\u00bb1_4&#8243; _builder_version=\u00bb3.0.47&#8243; parallax=\u00bboff\u00bb parallax_method=\u00bbon\u00bb][et_pb_blurb image=\u00bbhttps:\/\/www.saintemilion-unesco.com\/wp-content\/uploads\/2019\/09\/28-06-2019-\u00a9Guillaume-Bonnaud-3I2851.jpg\u00bb _builder_version=\u00bb3.17.2&#8243; header_font=\u00bbOswald|on||on|\u00bb header_font_size=\u00bb24px\u00bb body_font=\u00bbRoboto||||\u00bb body_text_color=\u00bbrgba(0,0,0,0.6)\u00bb body_font_size=\u00bb16px\u00bb body_line_height=\u00bb1.9em\u00bb animation_style=\u00bbzoom\u00bb animation_delay=\u00bb200ms\u00bb animation_intensity_zoom=\u00bb10%\u00bb locked=\u00bboff\u00bb][\/et_pb_blurb][\/et_pb_column][et_pb_column type=\u00bb1_4&#8243; _builder_version=\u00bb3.0.47&#8243; parallax=\u00bboff\u00bb parallax_method=\u00bbon\u00bb][et_pb_blurb image=\u00bbhttps:\/\/www.saintemilion-unesco.com\/wp-content\/uploads\/2019\/09\/AC3I5338.jpg\u00bb _builder_version=\u00bb3.17.2&#8243; header_font=\u00bbOswald|on||on|\u00bb header_font_size=\u00bb24px\u00bb body_font=\u00bbRoboto||||\u00bb body_text_color=\u00bbrgba(0,0,0,0.6)\u00bb body_font_size=\u00bb16px\u00bb body_line_height=\u00bb1.9em\u00bb animation_style=\u00bbzoom\u00bb animation_delay=\u00bb300ms\u00bb animation_intensity_zoom=\u00bb10%\u00bb locked=\u00bboff\u00bb][\/et_pb_blurb][\/et_pb_column][et_pb_column type=\u00bb1_4&#8243; _builder_version=\u00bb3.0.47&#8243; parallax=\u00bboff\u00bb parallax_method=\u00bbon\u00bb][et_pb_blurb image=\u00bbhttps:\/\/www.saintemilion-unesco.com\/wp-content\/uploads\/2019\/09\/29-06-2019-\u00a9Guillaume-Bonnaud3I4182-2-1.jpg\u00bb _builder_version=\u00bb3.17.2&#8243; header_font=\u00bbOswald|on||on|\u00bb header_font_size=\u00bb24px\u00bb body_font=\u00bbRoboto||||\u00bb body_text_color=\u00bbrgba(0,0,0,0.6)\u00bb body_font_size=\u00bb16px\u00bb body_line_height=\u00bb1.9em\u00bb animation_style=\u00bbzoom\u00bb animation_delay=\u00bb300ms\u00bb animation_intensity_zoom=\u00bb10%\u00bb locked=\u00bboff\u00bb][\/et_pb_blurb][\/et_pb_column][\/et_pb_row][et_pb_row use_custom_width=\u00bbon\u00bb width_unit=\u00bboff\u00bb custom_padding=\u00bb0|0px|40px|0px|false|false\u00bb admin_label=\u00bbGuides Grid\u00bb _builder_version=\u00bb3.17.2&#8243;][et_pb_column type=\u00bb1_4&#8243; _builder_version=\u00bb3.0.47&#8243; parallax=\u00bboff\u00bb parallax_method=\u00bbon\u00bb][et_pb_blurb image=\u00bbhttps:\/\/www.saintemilion-unesco.com\/wp-content\/uploads\/2019\/09\/28-06-2019-\u00a9Guillaume-Bonnaud-3I2367.jpg\u00bb _builder_version=\u00bb3.17.2&#8243; header_font=\u00bbOswald|on||on|\u00bb header_font_size=\u00bb24px\u00bb body_font=\u00bbRoboto||||\u00bb body_text_color=\u00bbrgba(0,0,0,0.6)\u00bb body_font_size=\u00bb16px\u00bb body_line_height=\u00bb1.9em\u00bb animation_style=\u00bbzoom\u00bb animation_intensity_zoom=\u00bb10%\u00bb locked=\u00bboff\u00bb][\/et_pb_blurb][\/et_pb_column][et_pb_column type=\u00bb1_4&#8243; _builder_version=\u00bb3.0.47&#8243; parallax=\u00bboff\u00bb parallax_method=\u00bbon\u00bb][et_pb_blurb image=\u00bbhttps:\/\/www.saintemilion-unesco.com\/wp-content\/uploads\/2019\/09\/29-06-2019-\u00a9Guillaume-Bonnaud3I3715-2.jpg\u00bb _builder_version=\u00bb3.17.2&#8243; header_font=\u00bbOswald|on||on|\u00bb header_font_size=\u00bb24px\u00bb body_font=\u00bbRoboto||||\u00bb body_text_color=\u00bbrgba(0,0,0,0.6)\u00bb body_font_size=\u00bb16px\u00bb body_line_height=\u00bb1.9em\u00bb animation_style=\u00bbzoom\u00bb animation_delay=\u00bb200ms\u00bb animation_intensity_zoom=\u00bb10%\u00bb locked=\u00bboff\u00bb][\/et_pb_blurb][\/et_pb_column][et_pb_column type=\u00bb1_4&#8243; _builder_version=\u00bb3.0.47&#8243; parallax=\u00bboff\u00bb parallax_method=\u00bbon\u00bb][et_pb_blurb image=\u00bbhttps:\/\/www.saintemilion-unesco.com\/wp-content\/uploads\/2019\/09\/28-06-2019-\u00a9Guillaume-Bonnaud-3I3183-1.jpg\u00bb _builder_version=\u00bb3.17.2&#8243; header_font=\u00bbOswald|on||on|\u00bb header_font_size=\u00bb24px\u00bb body_font=\u00bbRoboto||||\u00bb body_text_color=\u00bbrgba(0,0,0,0.6)\u00bb body_font_size=\u00bb16px\u00bb body_line_height=\u00bb1.9em\u00bb animation_style=\u00bbzoom\u00bb animation_delay=\u00bb300ms\u00bb animation_intensity_zoom=\u00bb10%\u00bb locked=\u00bboff\u00bb][\/et_pb_blurb][\/et_pb_column][et_pb_column type=\u00bb1_4&#8243; _builder_version=\u00bb3.0.47&#8243; parallax=\u00bboff\u00bb parallax_method=\u00bbon\u00bb][et_pb_blurb image=\u00bbhttps:\/\/www.saintemilion-unesco.com\/wp-content\/uploads\/2019\/09\/AC3I6392-1.jpg\u00bb _builder_version=\u00bb3.17.2&#8243; header_font=\u00bbOswald|on||on|\u00bb header_font_size=\u00bb24px\u00bb body_font=\u00bbRoboto||||\u00bb body_text_color=\u00bbrgba(0,0,0,0.6)\u00bb body_font_size=\u00bb16px\u00bb body_line_height=\u00bb1.9em\u00bb animation_style=\u00bbzoom\u00bb animation_delay=\u00bb300ms\u00bb animation_intensity_zoom=\u00bb10%\u00bb locked=\u00bboff\u00bb][\/et_pb_blurb][\/et_pb_column][\/et_pb_row][et_pb_row use_custom_width=\u00bbon\u00bb width_unit=\u00bboff\u00bb custom_padding=\u00bb0|0px|1px|0px|false|false\u00bb admin_label=\u00bbGuides Grid\u00bb _builder_version=\u00bb3.17.2&#8243;][et_pb_column type=\u00bb1_4&#8243; _builder_version=\u00bb3.0.47&#8243; parallax=\u00bboff\u00bb parallax_method=\u00bbon\u00bb][et_pb_blurb image=\u00bbhttps:\/\/www.saintemilion-unesco.com\/wp-content\/uploads\/2019\/09\/AC3I6616.jpg\u00bb _builder_version=\u00bb3.17.2&#8243; header_font=\u00bbOswald|on||on|\u00bb header_font_size=\u00bb24px\u00bb body_font=\u00bbRoboto||||\u00bb body_text_color=\u00bbrgba(0,0,0,0.6)\u00bb body_font_size=\u00bb16px\u00bb body_line_height=\u00bb1.9em\u00bb animation_style=\u00bbzoom\u00bb animation_intensity_zoom=\u00bb10%\u00bb locked=\u00bboff\u00bb][\/et_pb_blurb][\/et_pb_column][et_pb_column type=\u00bb1_4&#8243; _builder_version=\u00bb3.0.47&#8243; parallax=\u00bboff\u00bb parallax_method=\u00bbon\u00bb][et_pb_blurb image=\u00bbhttps:\/\/www.saintemilion-unesco.com\/wp-content\/uploads\/2019\/09\/AC3I6805.jpg\u00bb _builder_version=\u00bb3.17.2&#8243; header_font=\u00bbOswald|on||on|\u00bb header_font_size=\u00bb24px\u00bb body_font=\u00bbRoboto||||\u00bb body_text_color=\u00bbrgba(0,0,0,0.6)\u00bb body_font_size=\u00bb16px\u00bb body_line_height=\u00bb1.9em\u00bb animation_style=\u00bbzoom\u00bb animation_delay=\u00bb200ms\u00bb animation_intensity_zoom=\u00bb10%\u00bb locked=\u00bboff\u00bb][\/et_pb_blurb][\/et_pb_column][et_pb_column type=\u00bb1_4&#8243; _builder_version=\u00bb3.0.47&#8243; parallax=\u00bboff\u00bb parallax_method=\u00bbon\u00bb][et_pb_blurb image=\u00bbhttps:\/\/www.saintemilion-unesco.com\/wp-content\/uploads\/2019\/09\/29-06-2019-\u00a9Guillaume-Bonnaud3I4657-2.jpg\u00bb _builder_version=\u00bb3.17.2&#8243; header_font=\u00bbOswald|on||on|\u00bb header_font_size=\u00bb24px\u00bb body_font=\u00bbRoboto||||\u00bb body_text_color=\u00bbrgba(0,0,0,0.6)\u00bb body_font_size=\u00bb16px\u00bb body_line_height=\u00bb1.9em\u00bb animation_style=\u00bbzoom\u00bb animation_delay=\u00bb300ms\u00bb animation_intensity_zoom=\u00bb10%\u00bb locked=\u00bboff\u00bb][\/et_pb_blurb][\/et_pb_column][et_pb_column type=\u00bb1_4&#8243; _builder_version=\u00bb3.0.47&#8243; parallax=\u00bboff\u00bb parallax_method=\u00bbon\u00bb][et_pb_blurb image=\u00bbhttps:\/\/www.saintemilion-unesco.com\/wp-content\/uploads\/2019\/09\/30-06-2019-\u00a9Alban-Gilbert7455.jpg\u00bb _builder_version=\u00bb3.17.2&#8243; header_font=\u00bbOswald|on||on|\u00bb header_font_size=\u00bb24px\u00bb body_font=\u00bbRoboto||||\u00bb body_text_color=\u00bbrgba(0,0,0,0.6)\u00bb body_font_size=\u00bb16px\u00bb body_line_height=\u00bb1.9em\u00bb animation_style=\u00bbzoom\u00bb animation_delay=\u00bb300ms\u00bb animation_intensity_zoom=\u00bb10%\u00bb locked=\u00bboff\u00bb][\/et_pb_blurb][\/et_pb_column][\/et_pb_row][et_pb_row custom_padding=\u00bb27px|0px|110px|0px|false|false\u00bb _builder_version=\u00bb3.17.2&#8243;][et_pb_column type=\u00bb4_4&#8243; _builder_version=\u00bb3.17.2&#8243; parallax=\u00bboff\u00bb parallax_method=\u00bbon\u00bb][et_pb_text _builder_version=\u00bb3.17.2&#8243;]<\/p>\n<h2 style=\"text-align: center;\">Photo Credit<\/h2>\n<p style=\"text-align: center;\">Guillaume Bonnaud y Alban Gilbert<\/p>\n<p>[\/et_pb_text][\/et_pb_column][\/et_pb_row][et_pb_row use_custom_width=\u00bbon\u00bb width_unit=\u00bboff\u00bb custom_padding=\u00bb0|0px|0|0px|false|false\u00bb _builder_version=\u00bb3.17.2&#8243; module_alignment=\u00bbcenter\u00bb][et_pb_column type=\u00bb4_4&#8243; _builder_version=\u00bb3.0.47&#8243; parallax=\u00bboff\u00bb parallax_method=\u00bbon\u00bb][et_pb_divider color=\u00bb#ed4441&#8243; divider_position=\u00bbcenter\u00bb divider_weight=\u00bb3px\u00bb height=\u00bbfalse\u00bb disabled_on=\u00bbon|on|off%22&#8243; _builder_version=\u00bb3.17.2&#8243; max_width=\u00bb150px\u00bb module_alignment=\u00bbcenter\u00bb custom_margin=\u00bb|||\u00bb animation_style=\u00bbslide\u00bb animation_direction=\u00bbtop\u00bb animation_delay=\u00bb100ms\u00bb animation_intensity_slide=\u00bb10%\u00bb locked=\u00bboff\u00bb][\/et_pb_divider][et_pb_text _builder_version=\u00bb3.17.2&#8243; text_font=\u00bbRoboto||on||||||\u00bb text_font_size=\u00bb25px\u00bb text_line_height=\u00bb1.6em\u00bb header_font=\u00bb||||||||\u00bb background_size=\u00bbinitial\u00bb background_position=\u00bbtop_left\u00bb background_repeat=\u00bbrepeat\u00bb text_orientation=\u00bbcenter\u00bb module_alignment=\u00bbcenter\u00bb custom_margin=\u00bb0px|||\u00bb custom_padding=\u00bb||60px|\u00bb animation_style=\u00bbslide\u00bb animation_direction=\u00bbtop\u00bb animation_delay=\u00bb400ms\u00bb animation_intensity_slide=\u00bb4%\u00bb locked=\u00bboff\u00bb]<\/p>\n<p>Patrocinadores oficiales<\/p>\n<p>[\/et_pb_text][\/et_pb_column][\/et_pb_row][et_pb_row _builder_version=\u00bb3.17.2&#8243;][et_pb_column type=\u00bb1_6&#8243; _builder_version=\u00bb3.0.47&#8243; parallax=\u00bboff\u00bb parallax_method=\u00bbon\u00bb][et_pb_image src=\u00bbhttps:\/\/www.saintemilion-unesco.com\/wp-content\/uploads\/2018\/10\/logo-cvse-2.png\u00bb _builder_version=\u00bb3.17.2&#8243; max_width=\u00bb65%\u00bb custom_margin=\u00bb|||12px\u00bb][\/et_pb_image][\/et_pb_column][et_pb_column type=\u00bb1_6&#8243; _builder_version=\u00bb3.0.47&#8243; parallax=\u00bboff\u00bb parallax_method=\u00bbon\u00bb][et_pb_image src=\u00bbhttps:\/\/www.saintemilion-unesco.com\/wp-content\/uploads\/2019\/01\/mairie-SE.png\u00bb align=\u00bbcenter\u00bb _builder_version=\u00bb3.17.2&#8243; max_width=\u00bb66%\u00bb module_alignment=\u00bbcenter\u00bb custom_margin=\u00bb-24px||\u00bb][\/et_pb_image][\/et_pb_column][et_pb_column type=\u00bb1_6&#8243; _builder_version=\u00bb3.0.47&#8243; parallax=\u00bboff\u00bb parallax_method=\u00bbon\u00bb][et_pb_image src=\u00bbhttps:\/\/www.saintemilion-unesco.com\/wp-content\/uploads\/2019\/01\/Logo-CDC.png\u00bb _builder_version=\u00bb3.17.2&#8243; module_alignment=\u00bbcenter\u00bb custom_margin=\u00bb10px|||0px\u00bb custom_padding=\u00bb|||0px\u00bb][\/et_pb_image][\/et_pb_column][et_pb_column type=\u00bb1_6&#8243; _builder_version=\u00bb3.0.47&#8243; parallax=\u00bboff\u00bb parallax_method=\u00bbon\u00bb][et_pb_image src=\u00bbhttps:\/\/www.saintemilion-unesco.com\/wp-content\/uploads\/2019\/01\/fayat.png\u00bb _builder_version=\u00bb3.17.2&#8243; max_width=\u00bb70%\u00bb custom_margin=\u00bb|||6px\u00bb custom_padding=\u00bb|||0px\u00bb][\/et_pb_image][\/et_pb_column][et_pb_column type=\u00bb1_6&#8243; _builder_version=\u00bb3.0.47&#8243; parallax=\u00bboff\u00bb parallax_method=\u00bbon\u00bb][et_pb_image src=\u00bbhttps:\/\/www.saintemilion-unesco.com\/wp-content\/uploads\/2019\/04\/Nouveau-logo-CA-Aquitaine-couleur-court.jpg\u00bb _builder_version=\u00bb3.17.2&#8243; max_width=\u00bb63%\u00bb][\/et_pb_image][\/et_pb_column][et_pb_column type=\u00bb1_6&#8243; _builder_version=\u00bb3.0.47&#8243; parallax=\u00bboff\u00bb parallax_method=\u00bbon\u00bb][et_pb_image src=\u00bbhttps:\/\/www.saintemilion-unesco.com\/wp-content\/uploads\/2019\/03\/Cheval-Blanc-logo.png\u00bb _builder_version=\u00bb3.17.2&#8243; custom_margin=\u00bb|0px||0px\u00bb custom_padding=\u00bb26px|||0px\u00bb][\/et_pb_image][\/et_pb_column][\/et_pb_row][et_pb_row _builder_version=\u00bb3.17.2&#8243;][et_pb_column type=\u00bb1_6&#8243; _builder_version=\u00bb3.17.2&#8243; parallax=\u00bboff\u00bb parallax_method=\u00bbon\u00bb][et_pb_image src=\u00bbhttps:\/\/www.saintemilion-unesco.com\/wp-content\/uploads\/2019\/01\/chateau-monlot.jpg\u00bb _builder_version=\u00bb3.17.2&#8243; max_width=\u00bb44%\u00bb custom_margin=\u00bb|||15px\u00bb][\/et_pb_image][\/et_pb_column][et_pb_column type=\u00bb1_6&#8243; _builder_version=\u00bb3.17.2&#8243; parallax=\u00bboff\u00bb parallax_method=\u00bbon\u00bb][et_pb_image src=\u00bbhttps:\/\/www.saintemilion-unesco.com\/wp-content\/uploads\/2019\/02\/Angelus.png\u00bb _builder_version=\u00bb3.17.2&#8243; max_width=\u00bb62%\u00bb max_width_tablet=\u00bb82%\u00bb max_width_phone=\u00bb63%\u00bb max_width_last_edited=\u00bbon|phone\u00bb][\/et_pb_image][\/et_pb_column][et_pb_column type=\u00bb1_6&#8243; _builder_version=\u00bb3.17.2&#8243; parallax=\u00bboff\u00bb parallax_method=\u00bbon\u00bb][et_pb_image src=\u00bbhttps:\/\/www.saintemilion-unesco.com\/wp-content\/uploads\/2019\/03\/Logo-Dassault-VS-Fond-Bleu.jpg\u00bb _builder_version=\u00bb3.17.2&#8243; max_width=\u00bb62%\u00bb][\/et_pb_image][\/et_pb_column][et_pb_column type=\u00bb1_6&#8243; _builder_version=\u00bb3.17.2&#8243; parallax=\u00bboff\u00bb parallax_method=\u00bbon\u00bb][et_pb_image src=\u00bbhttps:\/\/www.saintemilion-unesco.com\/wp-content\/uploads\/2019\/04\/logo-UDP.png\u00bb _builder_version=\u00bb3.17.2&#8243; max_width=\u00bb75%\u00bb][\/et_pb_image][\/et_pb_column][et_pb_column type=\u00bb1_6&#8243; _builder_version=\u00bb3.17.2&#8243; parallax=\u00bboff\u00bb parallax_method=\u00bbon\u00bb][et_pb_image src=\u00bbhttps:\/\/www.saintemilion-unesco.com\/wp-content\/uploads\/2019\/05\/LOGO-SYLVAIN-2016.png\u00bb _builder_version=\u00bb3.17.2&#8243; max_width=\u00bb40%\u00bb][\/et_pb_image][\/et_pb_column][et_pb_column type=\u00bb1_6&#8243; _builder_version=\u00bb3.17.2&#8243; parallax=\u00bboff\u00bb parallax_method=\u00bbon\u00bb][et_pb_image src=\u00bbhttps:\/\/www.saintemilion-unesco.com\/wp-content\/uploads\/2019\/05\/LOGO-CIVB.jpg\u00bb _builder_version=\u00bb3.17.2&#8243; max_width=\u00bb80%\u00bb][\/et_pb_image][\/et_pb_column][\/et_pb_row][et_pb_row _builder_version=\u00bb3.17.2&#8243;][et_pb_column type=\u00bb1_6&#8243; _builder_version=\u00bb3.17.2&#8243; parallax=\u00bboff\u00bb parallax_method=\u00bbon\u00bb][et_pb_image src=\u00bbhttps:\/\/www.saintemilion-unesco.com\/wp-content\/uploads\/2019\/02\/chateau-figeac-logo.png\u00bb _builder_version=\u00bb3.17.2&#8243; max_width=\u00bb45%\u00bb max_width_tablet=\u00bb83%\u00bb max_width_phone=\u00bb70%\u00bb max_width_last_edited=\u00bbon|phone\u00bb][\/et_pb_image][\/et_pb_column][et_pb_column type=\u00bb1_6&#8243; _builder_version=\u00bb3.17.2&#8243; parallax=\u00bboff\u00bb parallax_method=\u00bbon\u00bb][et_pb_image src=\u00bbhttps:\/\/www.saintemilion-unesco.com\/wp-content\/uploads\/2019\/03\/Logo-BSF-m\u00e9tier.png\u00bb _builder_version=\u00bb3.17.2&#8243; max_width=\u00bb39%\u00bb custom_margin=\u00bb-16px|||13px\u00bb][\/et_pb_image][\/et_pb_column][et_pb_column type=\u00bb1_6&#8243; _builder_version=\u00bb3.17.2&#8243; parallax=\u00bboff\u00bb parallax_method=\u00bbon\u00bb][et_pb_image src=\u00bbhttps:\/\/www.saintemilion-unesco.com\/wp-content\/uploads\/2019\/02\/chateau-belair-monange.jpg\u00bb align=\u00bbcenter\u00bb _builder_version=\u00bb3.17.2&#8243; max_width=\u00bb43%\u00bb module_alignment=\u00bbcenter\u00bb custom_margin=\u00bb-7px||\u00bb custom_margin_last_edited=\u00bbon|phone\u00bb][\/et_pb_image][\/et_pb_column][et_pb_column type=\u00bb1_6&#8243; _builder_version=\u00bb3.17.2&#8243; parallax=\u00bboff\u00bb parallax_method=\u00bbon\u00bb][et_pb_image src=\u00bbhttps:\/\/www.saintemilion-unesco.com\/wp-content\/uploads\/2019\/02\/chateau-troplong-mondot.png\u00bb _builder_version=\u00bb3.17.2&#8243; max_width=\u00bb138%\u00bb max_width_last_edited=\u00bbon|phone\u00bb][\/et_pb_image][\/et_pb_column][et_pb_column type=\u00bb1_6&#8243; _builder_version=\u00bb3.17.2&#8243; parallax=\u00bboff\u00bb parallax_method=\u00bbon\u00bb][et_pb_image src=\u00bbhttps:\/\/www.saintemilion-unesco.com\/wp-content\/uploads\/2019\/01\/engie.png\u00bb _builder_version=\u00bb3.17.2&#8243; max_width=\u00bb70%\u00bb custom_margin=\u00bb0px|||19px\u00bb custom_padding=\u00bb0px|||0px\u00bb][\/et_pb_image][\/et_pb_column][et_pb_column type=\u00bb1_6&#8243; _builder_version=\u00bb3.17.2&#8243; parallax=\u00bboff\u00bb parallax_method=\u00bbon\u00bb][et_pb_image src=\u00bbhttps:\/\/www.saintemilion-unesco.com\/wp-content\/uploads\/2019\/03\/SUEZ_HD.jpg\u00bb _builder_version=\u00bb3.17.2&#8243;][\/et_pb_image][\/et_pb_column][\/et_pb_row][et_pb_row _builder_version=\u00bb3.17.2&#8243;][et_pb_column type=\u00bb1_6&#8243; _builder_version=\u00bb3.0.47&#8243; parallax=\u00bboff\u00bb parallax_method=\u00bbon\u00bb][et_pb_image src=\u00bbhttps:\/\/www.saintemilion-unesco.com\/wp-content\/uploads\/2019\/02\/EXE_LOGO_INESSENS_Pos_HD-1-01.jpg\u00bb _builder_version=\u00bb3.17.2&#8243; max_width=\u00bb72%\u00bb custom_margin=\u00bb0px|||4px\u00bb][\/et_pb_image][\/et_pb_column][et_pb_column type=\u00bb1_6&#8243; _builder_version=\u00bb3.0.47&#8243; parallax=\u00bboff\u00bb parallax_method=\u00bbon\u00bb][et_pb_image src=\u00bbhttps:\/\/www.saintemilion-unesco.com\/wp-content\/uploads\/2019\/03\/Cave-Saint-Martin-Logo.jpg\u00bb _builder_version=\u00bb3.17.2&#8243; max_width=\u00bb76%\u00bb custom_margin=\u00bb0px||\u00bb][\/et_pb_image][\/et_pb_column][et_pb_column type=\u00bb1_6&#8243; _builder_version=\u00bb3.0.47&#8243; parallax=\u00bboff\u00bb parallax_method=\u00bbon\u00bb][et_pb_image src=\u00bbhttps:\/\/www.saintemilion-unesco.com\/wp-content\/uploads\/2019\/02\/Logo-Quintus-Cercle.jpg\u00bb _builder_version=\u00bb3.17.2&#8243; max_width=\u00bb50%\u00bb custom_margin=\u00bb0px||\u00bb custom_margin_last_edited=\u00bbon|phone\u00bb][\/et_pb_image][\/et_pb_column][et_pb_column type=\u00bb1_6&#8243; _builder_version=\u00bb3.0.47&#8243; parallax=\u00bboff\u00bb parallax_method=\u00bbon\u00bb][et_pb_image src=\u00bbhttps:\/\/www.saintemilion-unesco.com\/wp-content\/uploads\/2019\/04\/Volvo-logo.jpg\u00bb _builder_version=\u00bb3.17.2&#8243; max_width=\u00bb42%\u00bb][\/et_pb_image][\/et_pb_column][et_pb_column type=\u00bb1_6&#8243; _builder_version=\u00bb3.0.47&#8243; parallax=\u00bboff\u00bb parallax_method=\u00bbon\u00bb][et_pb_image src=\u00bbhttps:\/\/www.saintemilion-unesco.com\/wp-content\/uploads\/2019\/04\/logo-bx-tourisme.png\u00bb _builder_version=\u00bb3.17.2&#8243; custom_margin=\u00bb||0px\u00bb custom_padding=\u00bb||0px\u00bb][\/et_pb_image][\/et_pb_column][et_pb_column type=\u00bb1_6&#8243; _builder_version=\u00bb3.0.47&#8243; parallax=\u00bboff\u00bb parallax_method=\u00bbon\u00bb][et_pb_image src=\u00bbhttps:\/\/www.saintemilion-unesco.com\/wp-content\/uploads\/2019\/04\/Logo-Pelerin.jpg\u00bb _builder_version=\u00bb3.17.2&#8243; max_width=\u00bb82%\u00bb][\/et_pb_image][\/et_pb_column][\/et_pb_row][et_pb_row use_custom_width=\u00bbon\u00bb width_unit=\u00bboff\u00bb custom_width_percent=\u00bb57%\u00bb _builder_version=\u00bb3.17.2&#8243; saved_tabs=\u00bball\u00bb][et_pb_column type=\u00bb1_6&#8243; _builder_version=\u00bb3.0.47&#8243; parallax=\u00bboff\u00bb parallax_method=\u00bbon\u00bb][et_pb_image src=\u00bbhttps:\/\/www.saintemilion-unesco.com\/wp-content\/uploads\/2019\/03\/Banton-Lauret.jpg\u00bb _builder_version=\u00bb3.17.2&#8243; max_width=\u00bb95%\u00bb custom_margin=\u00bb7px|||10px\u00bb][\/et_pb_image][\/et_pb_column][et_pb_column type=\u00bb1_6&#8243; _builder_version=\u00bb3.0.47&#8243; parallax=\u00bboff\u00bb parallax_method=\u00bbon\u00bb][et_pb_image src=\u00bbhttps:\/\/www.saintemilion-unesco.com\/wp-content\/uploads\/2019\/02\/Blason-Maison-Galhaud-Se\u0301lection.jpg\u00bb _builder_version=\u00bb3.17.2&#8243; max_width=\u00bb72%\u00bb custom_margin=\u00bb-6px|||13px\u00bb custom_padding=\u00bb0px||0px|0px\u00bb][\/et_pb_image][\/et_pb_column][et_pb_column type=\u00bb1_6&#8243; _builder_version=\u00bb3.0.47&#8243; parallax=\u00bboff\u00bb parallax_method=\u00bbon\u00bb][et_pb_image src=\u00bbhttps:\/\/www.saintemilion-unesco.com\/wp-content\/uploads\/2019\/02\/TERREVINS-01.png\u00bb _builder_version=\u00bb3.17.2&#8243; max_width=\u00bb87%\u00bb module_alignment=\u00bbcenter\u00bb custom_margin=\u00bb9px||\u00bb custom_padding=\u00bb9px||\u00bb][\/et_pb_image][\/et_pb_column][et_pb_column type=\u00bb1_6&#8243; _builder_version=\u00bb3.0.47&#8243; parallax=\u00bboff\u00bb parallax_method=\u00bbon\u00bb][et_pb_image src=\u00bbhttps:\/\/www.saintemilion-unesco.com\/wp-content\/uploads\/2019\/04\/vino.png\u00bb _builder_version=\u00bb3.17.2&#8243;][\/et_pb_image][\/et_pb_column][et_pb_column type=\u00bb1_6&#8243; _builder_version=\u00bb3.0.47&#8243; parallax=\u00bboff\u00bb parallax_method=\u00bbon\u00bb][et_pb_image src=\u00bbhttps:\/\/www.saintemilion-unesco.com\/wp-content\/uploads\/2019\/03\/Logo-VS-Fond-Blanc.jpg\u00bb _builder_version=\u00bb3.17.2&#8243;][\/et_pb_image][\/et_pb_column][et_pb_column type=\u00bb1_6&#8243; _builder_version=\u00bb3.0.47&#8243; parallax=\u00bboff\u00bb parallax_method=\u00bbon\u00bb][et_pb_image src=\u00bbhttps:\/\/www.saintemilion-unesco.com\/wp-content\/uploads\/2019\/01\/Philosophia-logo.jpg\u00bb _builder_version=\u00bb3.17.2&#8243; module_alignment=\u00bbcenter\u00bb custom_margin=\u00bb15px||\u00bb custom_padding=\u00bb9px||\u00bb][\/et_pb_image][\/et_pb_column][\/et_pb_row][et_pb_row use_custom_width=\u00bbon\u00bb width_unit=\u00bboff\u00bb custom_width_percent=\u00bb55%\u00bb _builder_version=\u00bb3.17.2&#8243; saved_tabs=\u00bball\u00bb][et_pb_column type=\u00bb1_4&#8243; _builder_version=\u00bb3.0.47&#8243; parallax=\u00bboff\u00bb parallax_method=\u00bbon\u00bb][et_pb_image src=\u00bbhttps:\/\/www.saintemilion-unesco.com\/wp-content\/uploads\/2019\/01\/logo.png\u00bb align=\u00bbcenter\u00bb _builder_version=\u00bb3.17.2&#8243; max_width=\u00bb30%\u00bb module_alignment=\u00bbcenter\u00bb custom_margin=\u00bb14px|0px||0px\u00bb custom_padding=\u00bb0px|0px|0px|0px\u00bb][\/et_pb_image][\/et_pb_column][et_pb_column type=\u00bb1_4&#8243; _builder_version=\u00bb3.0.47&#8243; parallax=\u00bboff\u00bb parallax_method=\u00bbon\u00bb][et_pb_image src=\u00bbhttps:\/\/www.saintemilion-unesco.com\/wp-content\/uploads\/2019\/01\/logobiotope-2017-1.png\u00bb _builder_version=\u00bb3.17.2&#8243; max_width=\u00bb30%\u00bb module_alignment=\u00bbcenter\u00bb custom_margin=\u00bb10px||\u00bb][\/et_pb_image][\/et_pb_column][et_pb_column type=\u00bb1_4&#8243; _builder_version=\u00bb3.0.47&#8243; parallax=\u00bboff\u00bb parallax_method=\u00bbon\u00bb][et_pb_image src=\u00bbhttps:\/\/www.saintemilion-unesco.com\/wp-content\/uploads\/2019\/01\/Logo-sejf.png\u00bb _builder_version=\u00bb3.17.2&#8243; max_width=\u00bb30%\u00bb module_alignment=\u00bbcenter\u00bb][\/et_pb_image][\/et_pb_column][et_pb_column type=\u00bb1_4&#8243; _builder_version=\u00bb3.0.47&#8243; parallax=\u00bboff\u00bb parallax_method=\u00bbon\u00bb][et_pb_image src=\u00bbhttps:\/\/www.saintemilion-unesco.com\/wp-content\/uploads\/2019\/01\/couleurs.jpg\u00bb _builder_version=\u00bb3.17.2&#8243; max_width=\u00bb30%\u00bb module_alignment=\u00bbcenter\u00bb custom_margin=\u00bb3px||\u00bb][\/et_pb_image][\/et_pb_column][\/et_pb_row][et_pb_row use_custom_width=\u00bbon\u00bb width_unit=\u00bboff\u00bb custom_width_percent=\u00bb55%\u00bb _builder_version=\u00bb3.17.2&#8243; saved_tabs=\u00bball\u00bb][et_pb_column type=\u00bb1_6&#8243; _builder_version=\u00bb3.0.47&#8243; parallax=\u00bboff\u00bb parallax_method=\u00bbon\u00bb][et_pb_image src=\u00bbhttps:\/\/www.saintemilion-unesco.com\/wp-content\/uploads\/2019\/02\/vinovoce.png\u00bb _builder_version=\u00bb3.17.2&#8243; max_width=\u00bb70%\u00bb module_alignment=\u00bbleft\u00bb custom_margin=\u00bb-9px||\u00bb custom_margin_last_edited=\u00bbon|desktop\u00bb][\/et_pb_image][\/et_pb_column][et_pb_column type=\u00bb1_6&#8243; _builder_version=\u00bb3.0.47&#8243; parallax=\u00bboff\u00bb parallax_method=\u00bbon\u00bb][et_pb_image src=\u00bbhttps:\/\/www.saintemilion-unesco.com\/wp-content\/uploads\/2019\/02\/Shase-logo-Bandeau.jpg\u00bb _builder_version=\u00bb3.17.2&#8243; max_width=\u00bb70%\u00bb module_alignment=\u00bbleft\u00bb custom_margin=\u00bb7px||\u00bb custom_margin_last_edited=\u00bbon|desktop\u00bb][\/et_pb_image][\/et_pb_column][et_pb_column type=\u00bb1_6&#8243; _builder_version=\u00bb3.0.47&#8243; parallax=\u00bboff\u00bb parallax_method=\u00bbon\u00bb][et_pb_image src=\u00bbhttps:\/\/www.saintemilion-unesco.com\/wp-content\/uploads\/2019\/06\/Decoster.jpg\u00bb _builder_version=\u00bb3.17.2&#8243; max_width=\u00bb70%\u00bb][\/et_pb_image][\/et_pb_column][et_pb_column type=\u00bb1_6&#8243; _builder_version=\u00bb3.0.47&#8243; parallax=\u00bboff\u00bb parallax_method=\u00bbon\u00bb][et_pb_image src=\u00bbhttps:\/\/www.saintemilion-unesco.com\/wp-content\/uploads\/2019\/06\/beausejour.png\u00bb _builder_version=\u00bb3.17.2&#8243; max_width=\u00bb70%\u00bb][\/et_pb_image][\/et_pb_column][et_pb_column type=\u00bb1_6&#8243; _builder_version=\u00bb3.0.47&#8243; parallax=\u00bboff\u00bb parallax_method=\u00bbon\u00bb][et_pb_image src=\u00bbhttps:\/\/www.saintemilion-unesco.com\/wp-content\/uploads\/2019\/06\/RFM-CLAIM-BLEU.png\u00bb _builder_version=\u00bb3.17.2&#8243; max_width=\u00bb70%\u00bb][\/et_pb_image][\/et_pb_column][et_pb_column type=\u00bb1_6&#8243; _builder_version=\u00bb3.0.47&#8243; parallax=\u00bboff\u00bb parallax_method=\u00bbon\u00bb][et_pb_image src=\u00bbhttps:\/\/www.saintemilion-unesco.com\/wp-content\/uploads\/2019\/06\/logo_schuller.jpg\u00bb _builder_version=\u00bb3.17.2&#8243; max_width=\u00bb70%\u00bb][\/et_pb_image][\/et_pb_column][\/et_pb_row][et_pb_row _builder_version=\u00bb3.17.2&#8243;][et_pb_column type=\u00bb4_4&#8243; _builder_version=\u00bb3.0.47&#8243; parallax=\u00bboff\u00bb parallax_method=\u00bbon\u00bb][et_pb_text _builder_version=\u00bb3.17.2&#8243;]<\/p>\n<p style=\"text-align: center;\"><strong>Ellos tambi\u00e9n nos apoyan :<\/strong><\/p>\n<p>SAS Joanne \u2013 Vignobles Philippe Faure \u2013 Ch\u00e2teau Villemaurine \u2013 Ch\u00e2teau de Cauze \u2013 Ch\u00e2teau Laniote \u2013 Ch\u00e2teau Piganeau \u2013 Ch\u00e2teau Clos des Prince \u2013 Ch\u00e2teau La Claymore \u2013 Indivision Varailhon de la Filolie \u2013 Soci\u00e9t\u00e9 Veyret Latour \u2013 Ch\u00e2teau Franc Gr\u00e2ce-Dieu \u2013 Ch\u00e2teau la Mariotte \u2013 Ch\u00e2teau Redon \u2013 Ch\u00e2teau Champion \u2013 Ch\u00e2teau Clos Junet \u2013 Ch\u00e2teau Grand Faurie \u2013 Ch\u00e2teau Cadet Bon \u2013 Ch\u00e2teau Fleur Cardinale \u2013 Tour Baladoz et La Croizille \u2013 Ch\u00e2teau La Gaffeli\u00e8re &#8211; Ch\u00e2teau La Fleur Morange &#8211; Ch\u00e2teau Quintus &#8211; Ch\u00e2teau Belair-Monange &#8211; Ch\u00e2teau Chauvin &#8211; Ch\u00e2teau Labesse &#8211; Ch\u00e2teau Les Gravi\u00e8res &#8211; Ch\u00e2teau Angelus &#8211; Ch\u00e2teau La Serre &#8211; Ch\u00e2teau Soutard &#8211; Magasin Utile &#8211; Marchand de Soif &#8211; Boucherie de Saint-Emilion &#8211; Ch\u00e2teau Monbousquet<\/p>\n<p>[\/et_pb_text][\/et_pb_column][\/et_pb_row][\/et_pb_section]<\/p>\n","protected":false},"excerpt":{"rendered":"<p>Los 20 a\u00f1os de la inscripci\u00f3nEn 1999, la Jurisdicci\u00f3n de Saint-\u00c9milion fue el primer vi\u00f1edo en ser catalogado como Patrimonio de la Humanidad. \u00a1As\u00ed pues, el a\u00f1o 2019 estuvo marcado por el 20\u00ba aniversario de esta inscripci\u00f3n con diversos proyectos a lo largo del a\u00f1o y 3 d\u00edas de celebraci\u00f3n alegres, festivos y populares los [&hellip;]<\/p>\n","protected":false},"author":1,"featured_media":0,"parent":3919,"menu_order":4,"comment_status":"closed","ping_status":"closed","template":"","meta":{"_et_pb_use_builder":"on","_et_pb_old_content":"","_et_gb_content_width":""},"yoast_head":"<!-- This site is optimized with the Yoast SEO plugin v19.13 - https:\/\/yoast.com\/wordpress\/plugins\/seo\/ -->\n<title>Los 20 a\u00f1os de la inscripci\u00f3n - Association Juridiction de Saint-Emilion<\/title>\n<meta name=\"robots\" content=\"index, follow, max-snippet:-1, max-image-preview:large, max-video-preview:-1\" \/>\n<link rel=\"canonical\" href=\"https:\/\/www.saintemilion-unesco.com\/es\/la-inscripcion-unesco\/los-20-anos-de-la-inscripcion\/\" \/>\n<meta property=\"og:locale\" content=\"es_ES\" \/>\n<meta property=\"og:type\" content=\"article\" \/>\n<meta property=\"og:title\" content=\"Los 20 a\u00f1os de la inscripci\u00f3n - Association Juridiction de Saint-Emilion\" \/>\n<meta property=\"og:description\" content=\"Los 20 a\u00f1os de la inscripci\u00f3nEn 1999, la Jurisdicci\u00f3n de Saint-\u00c9milion fue el primer vi\u00f1edo en ser catalogado como Patrimonio de la Humanidad. \u00a1As\u00ed pues, el a\u00f1o 2019 estuvo marcado por el 20\u00ba aniversario de esta inscripci\u00f3n con diversos proyectos a lo largo del a\u00f1o y 3 d\u00edas de celebraci\u00f3n alegres, festivos y populares los [&hellip;]\" \/>\n<meta property=\"og:url\" content=\"https:\/\/www.saintemilion-unesco.com\/es\/la-inscripcion-unesco\/los-20-anos-de-la-inscripcion\/\" \/>\n<meta property=\"og:site_name\" content=\"Association Juridiction de Saint-Emilion\" \/>\n<meta property=\"article:modified_time\" content=\"2021-03-10T13:24:01+00:00\" \/>\n<meta property=\"og:image\" content=\"https:\/\/www.saintemilion-unesco.com\/wp-content\/uploads\/2018\/11\/carte-juridiction-saint-emilion-unesco3-3.jpg\" \/>\n\t<meta property=\"og:image:width\" content=\"1920\" \/>\n\t<meta property=\"og:image:height\" content=\"764\" \/>\n\t<meta property=\"og:image:type\" content=\"image\/jpeg\" \/>\n<meta name=\"twitter:card\" content=\"summary_large_image\" \/>\n<meta name=\"twitter:label1\" content=\"Tiempo de lectura\" \/>\n\t<meta name=\"twitter:data1\" content=\"18 minutos\" \/>\n<script type=\"application\/ld+json\" class=\"yoast-schema-graph\">{\"@context\":\"https:\/\/schema.org\",\"@graph\":[{\"@type\":\"WebPage\",\"@id\":\"https:\/\/www.saintemilion-unesco.com\/es\/la-inscripcion-unesco\/los-20-anos-de-la-inscripcion\/\",\"url\":\"https:\/\/www.saintemilion-unesco.com\/es\/la-inscripcion-unesco\/los-20-anos-de-la-inscripcion\/\",\"name\":\"Los 20 a\u00f1os de la inscripci\u00f3n - Association Juridiction de Saint-Emilion\",\"isPartOf\":{\"@id\":\"https:\/\/www.saintemilion-unesco.com\/es\/#website\"},\"datePublished\":\"2021-03-10T13:23:41+00:00\",\"dateModified\":\"2021-03-10T13:24:01+00:00\",\"breadcrumb\":{\"@id\":\"https:\/\/www.saintemilion-unesco.com\/es\/la-inscripcion-unesco\/los-20-anos-de-la-inscripcion\/#breadcrumb\"},\"inLanguage\":\"es\",\"potentialAction\":[{\"@type\":\"ReadAction\",\"target\":[\"https:\/\/www.saintemilion-unesco.com\/es\/la-inscripcion-unesco\/los-20-anos-de-la-inscripcion\/\"]}]},{\"@type\":\"BreadcrumbList\",\"@id\":\"https:\/\/www.saintemilion-unesco.com\/es\/la-inscripcion-unesco\/los-20-anos-de-la-inscripcion\/#breadcrumb\",\"itemListElement\":[{\"@type\":\"ListItem\",\"position\":1,\"name\":\"Accueil\",\"item\":\"https:\/\/www.saintemilion-unesco.com\/es\/\"},{\"@type\":\"ListItem\",\"position\":2,\"name\":\"La inscripci\u00f3n UNESCO\",\"item\":\"https:\/\/www.saintemilion-unesco.com\/es\/la-inscripcion-unesco\/\"},{\"@type\":\"ListItem\",\"position\":3,\"name\":\"Los 20 a\u00f1os de la inscripci\u00f3n\"}]},{\"@type\":\"WebSite\",\"@id\":\"https:\/\/www.saintemilion-unesco.com\/es\/#website\",\"url\":\"https:\/\/www.saintemilion-unesco.com\/es\/\",\"name\":\"Association Juridiction de Saint-Emilion\",\"description\":\"Patrimoine Mondial de l&#039;Humanit\u00e9\",\"potentialAction\":[{\"@type\":\"SearchAction\",\"target\":{\"@type\":\"EntryPoint\",\"urlTemplate\":\"https:\/\/www.saintemilion-unesco.com\/es\/?s={search_term_string}\"},\"query-input\":\"required name=search_term_string\"}],\"inLanguage\":\"es\"}]}<\/script>\n<!-- \/ Yoast SEO plugin. -->","yoast_head_json":{"title":"Los 20 a\u00f1os de la inscripci\u00f3n - Association Juridiction de Saint-Emilion","robots":{"index":"index","follow":"follow","max-snippet":"max-snippet:-1","max-image-preview":"max-image-preview:large","max-video-preview":"max-video-preview:-1"},"canonical":"https:\/\/www.saintemilion-unesco.com\/es\/la-inscripcion-unesco\/los-20-anos-de-la-inscripcion\/","og_locale":"es_ES","og_type":"article","og_title":"Los 20 a\u00f1os de la inscripci\u00f3n - Association Juridiction de Saint-Emilion","og_description":"Los 20 a\u00f1os de la inscripci\u00f3nEn 1999, la Jurisdicci\u00f3n de Saint-\u00c9milion fue el primer vi\u00f1edo en ser catalogado como Patrimonio de la Humanidad. \u00a1As\u00ed pues, el a\u00f1o 2019 estuvo marcado por el 20\u00ba aniversario de esta inscripci\u00f3n con diversos proyectos a lo largo del a\u00f1o y 3 d\u00edas de celebraci\u00f3n alegres, festivos y populares los [&hellip;]","og_url":"https:\/\/www.saintemilion-unesco.com\/es\/la-inscripcion-unesco\/los-20-anos-de-la-inscripcion\/","og_site_name":"Association Juridiction de Saint-Emilion","article_modified_time":"2021-03-10T13:24:01+00:00","og_image":[{"width":1920,"height":764,"url":"https:\/\/www.saintemilion-unesco.com\/wp-content\/uploads\/2018\/11\/carte-juridiction-saint-emilion-unesco3-3.jpg","type":"image\/jpeg"}],"twitter_card":"summary_large_image","twitter_misc":{"Tiempo de lectura":"18 minutos"},"schema":{"@context":"https:\/\/schema.org","@graph":[{"@type":"WebPage","@id":"https:\/\/www.saintemilion-unesco.com\/es\/la-inscripcion-unesco\/los-20-anos-de-la-inscripcion\/","url":"https:\/\/www.saintemilion-unesco.com\/es\/la-inscripcion-unesco\/los-20-anos-de-la-inscripcion\/","name":"Los 20 a\u00f1os de la inscripci\u00f3n - Association Juridiction de Saint-Emilion","isPartOf":{"@id":"https:\/\/www.saintemilion-unesco.com\/es\/#website"},"datePublished":"2021-03-10T13:23:41+00:00","dateModified":"2021-03-10T13:24:01+00:00","breadcrumb":{"@id":"https:\/\/www.saintemilion-unesco.com\/es\/la-inscripcion-unesco\/los-20-anos-de-la-inscripcion\/#breadcrumb"},"inLanguage":"es","potentialAction":[{"@type":"ReadAction","target":["https:\/\/www.saintemilion-unesco.com\/es\/la-inscripcion-unesco\/los-20-anos-de-la-inscripcion\/"]}]},{"@type":"BreadcrumbList","@id":"https:\/\/www.saintemilion-unesco.com\/es\/la-inscripcion-unesco\/los-20-anos-de-la-inscripcion\/#breadcrumb","itemListElement":[{"@type":"ListItem","position":1,"name":"Accueil","item":"https:\/\/www.saintemilion-unesco.com\/es\/"},{"@type":"ListItem","position":2,"name":"La inscripci\u00f3n UNESCO","item":"https:\/\/www.saintemilion-unesco.com\/es\/la-inscripcion-unesco\/"},{"@type":"ListItem","position":3,"name":"Los 20 a\u00f1os de la inscripci\u00f3n"}]},{"@type":"WebSite","@id":"https:\/\/www.saintemilion-unesco.com\/es\/#website","url":"https:\/\/www.saintemilion-unesco.com\/es\/","name":"Association Juridiction de Saint-Emilion","description":"Patrimoine Mondial de l&#039;Humanit\u00e9","potentialAction":[{"@type":"SearchAction","target":{"@type":"EntryPoint","urlTemplate":"https:\/\/www.saintemilion-unesco.com\/es\/?s={search_term_string}"},"query-input":"required name=search_term_string"}],"inLanguage":"es"}]}},"_links":{"self":[{"href":"https:\/\/www.saintemilion-unesco.com\/es\/wp-json\/wp\/v2\/pages\/3957"}],"collection":[{"href":"https:\/\/www.saintemilion-unesco.com\/es\/wp-json\/wp\/v2\/pages"}],"about":[{"href":"https:\/\/www.saintemilion-unesco.com\/es\/wp-json\/wp\/v2\/types\/page"}],"author":[{"embeddable":true,"href":"https:\/\/www.saintemilion-unesco.com\/es\/wp-json\/wp\/v2\/users\/1"}],"replies":[{"embeddable":true,"href":"https:\/\/www.saintemilion-unesco.com\/es\/wp-json\/wp\/v2\/comments?post=3957"}],"version-history":[{"count":5,"href":"https:\/\/www.saintemilion-unesco.com\/es\/wp-json\/wp\/v2\/pages\/3957\/revisions"}],"predecessor-version":[{"id":3962,"href":"https:\/\/www.saintemilion-unesco.com\/es\/wp-json\/wp\/v2\/pages\/3957\/revisions\/3962"}],"up":[{"embeddable":true,"href":"https:\/\/www.saintemilion-unesco.com\/es\/wp-json\/wp\/v2\/pages\/3919"}],"wp:attachment":[{"href":"https:\/\/www.saintemilion-unesco.com\/es\/wp-json\/wp\/v2\/media?parent=3957"}],"curies":[{"name":"wp","href":"https:\/\/api.w.org\/{rel}","templated":true}]}}