{"id":3995,"date":"2021-03-10T14:50:28","date_gmt":"2021-03-10T13:50:28","guid":{"rendered":"https:\/\/www.saintemilion-unesco.com\/la-jurisdiccion\/los-8-municipios-inscritos\/saint-pey-darmens\/"},"modified":"2021-03-10T14:50:39","modified_gmt":"2021-03-10T13:50:39","slug":"saint-pey-darmens","status":"publish","type":"page","link":"https:\/\/www.saintemilion-unesco.com\/es\/la-jurisdiccion\/los-8-municipios-inscritos\/saint-pey-darmens\/","title":{"rendered":"Saint-Pey-d&#8217;Armens"},"content":{"rendered":"<p>[et_pb_section fb_built=\u00bb1&#8243; admin_label=\u00bbHero\u00bb _builder_version=\u00bb3.17.2&#8243; background_image=\u00bbhttps:\/\/www.saintemilion-unesco.com\/wp-content\/uploads\/2019\/01\/saint-pey-d-armens-une.jpg\u00bb parallax=\u00bbon\u00bb custom_padding=\u00bb260px||260px||true|false\u00bb][et_pb_row make_fullwidth=\u00bbon\u00bb use_custom_gutter=\u00bbon\u00bb gutter_width=\u00bb1&#8243; custom_padding=\u00bb|||\u00bb custom_margin=\u00bb|||\u00bb background_position_1=\u00bbtop_left\u00bb background_position_2=\u00bbtop_left\u00bb background_repeat_1=\u00bbno-repeat\u00bb background_repeat_2=\u00bbno-repeat\u00bb padding_right_2=\u00bb10%\u00bb padding_left_2=\u00bb10%\u00bb _builder_version=\u00bb3.0.76&#8243;][et_pb_column type=\u00bb1_2&#8243; _builder_version=\u00bb3.0.47&#8243; parallax=\u00bboff\u00bb parallax_method=\u00bbon\u00bb background_position=\u00bbtop_left\u00bb background_repeat=\u00bbno-repeat\u00bb][\/et_pb_column][et_pb_column type=\u00bb1_2&#8243; _builder_version=\u00bb3.0.47&#8243; padding_left=\u00bb10%\u00bb padding_right=\u00bb10%\u00bb parallax=\u00bboff\u00bb parallax_method=\u00bbon\u00bb background_position=\u00bbtop_left\u00bb background_repeat=\u00bbno-repeat\u00bb][et_pb_post_title meta=\u00bboff\u00bb featured_image=\u00bboff\u00bb _builder_version=\u00bb3.17.2&#8243; title_font=\u00bbOswald|700||on|||||\u00bb title_text_align=\u00bbleft\u00bb title_text_color=\u00bb#ffffff\u00bb title_font_size=\u00bb60px\u00bb text_orientation=\u00bbcenter\u00bb text_shadow_style=\u00bbpreset3&#8243;][\/et_pb_post_title][et_pb_divider color=\u00bb#ed4441&#8243; divider_position=\u00bbcenter\u00bb divider_weight=\u00bb3px\u00bb height=\u00bbfalse\u00bb disabled_on=\u00bbon|on|off%22&#8243; _builder_version=\u00bb3.2&#8243; max_width=\u00bb150px\u00bb custom_margin=\u00bb30px|||\u00bb animation_style=\u00bbslide\u00bb animation_direction=\u00bbtop\u00bb animation_delay=\u00bb100ms\u00bb animation_intensity_slide=\u00bb10%\u00bb locked=\u00bboff\u00bb][\/et_pb_divider][\/et_pb_column][\/et_pb_row][\/et_pb_section][et_pb_section fb_built=\u00bb1&#8243; custom_padding_last_edited=\u00bbon|tablet\u00bb admin_label=\u00bbOur Guides\u00bb _builder_version=\u00bb3.0.76&#8243; custom_padding=\u00bb110px||0||false|false\u00bb custom_padding_tablet=\u00bb60px||60px|\u00bb][et_pb_row custom_padding=\u00bb0|0px|27px|0px|false|false\u00bb _builder_version=\u00bb3.17.2&#8243;][et_pb_column type=\u00bb4_4&#8243; _builder_version=\u00bb3.17.2&#8243; parallax=\u00bboff\u00bb parallax_method=\u00bbon\u00bb][et_pb_divider color=\u00bb#ed4441&#8243; divider_position=\u00bbcenter\u00bb divider_weight=\u00bb3px\u00bb height=\u00bbfalse\u00bb disabled_on=\u00bbon|on|off%22&#8243; _builder_version=\u00bb3.17.2&#8243; max_width=\u00bb150px\u00bb module_alignment=\u00bbcenter\u00bb custom_margin=\u00bb|||\u00bb animation_style=\u00bbslide\u00bb animation_direction=\u00bbtop\u00bb animation_delay=\u00bb100ms\u00bb animation_intensity_slide=\u00bb10%\u00bb locked=\u00bboff\u00bb][\/et_pb_divider][et_pb_text _builder_version=\u00bb3.17.2&#8243; text_font=\u00bbRoboto||on||||||\u00bb text_font_size=\u00bb25px\u00bb text_line_height=\u00bb1.6em\u00bb header_font=\u00bb||||||||\u00bb background_size=\u00bbinitial\u00bb background_position=\u00bbtop_left\u00bb background_repeat=\u00bbrepeat\u00bb text_orientation=\u00bbcenter\u00bb module_alignment=\u00bbcenter\u00bb custom_margin=\u00bb0px|||\u00bb custom_padding=\u00bb||0px|\u00bb animation_style=\u00bbslide\u00bb animation_direction=\u00bbtop\u00bb animation_delay=\u00bb400ms\u00bb animation_intensity_slide=\u00bb4%\u00bb locked=\u00bboff\u00bb]<\/p>\n<p>N\u00famero de habitantes: 213<br \/>Superficie: 4,2 km2<br \/>Para ver: La cruz del cementerio del siglo XVI y el sarc\u00f3fago del siglo XII.<\/p>\n<p>[\/et_pb_text][et_pb_divider color=\u00bb#ed4441&#8243; divider_position=\u00bbcenter\u00bb divider_weight=\u00bb3px\u00bb height=\u00bbfalse\u00bb disabled_on=\u00bbon|on|off%22&#8243; _builder_version=\u00bb3.17.2&#8243; max_width=\u00bb150px\u00bb module_alignment=\u00bbcenter\u00bb custom_margin=\u00bb|||\u00bb animation_style=\u00bbslide\u00bb animation_direction=\u00bbtop\u00bb animation_delay=\u00bb100ms\u00bb animation_intensity_slide=\u00bb10%\u00bb locked=\u00bboff\u00bb][\/et_pb_divider][\/et_pb_column][\/et_pb_row][et_pb_row custom_padding=\u00bb27px|0px|60px|0px|false|false\u00bb _builder_version=\u00bb3.17.2&#8243;][et_pb_column type=\u00bb4_4&#8243; _builder_version=\u00bb3.17.2&#8243; parallax=\u00bboff\u00bb parallax_method=\u00bbon\u00bb][et_pb_text _builder_version=\u00bb3.17.2&#8243; text_font=\u00bbRoboto||||||||\u00bb text_font_size=\u00bb16px\u00bb text_line_height=\u00bb1.9em\u00bb]<\/p>\n<p>Saint-Pey d&#8217;Armens es la puerta de entrada a la Jurisdicci\u00f3n de Saint-\u00c9milion inscrita en la Lista del Patrimonio Mundial en 1999 como paisaje cultural. En 1793, el nombre del municipio era Saint-Pey Darmens, posteriormente, en 1801, pas\u00f3 a llamarse Darmens-Saint-Paix y, finalmente, su nombre actual Saint-Pey d&#8217;Armens.<\/p>\n<p>El pueblo est\u00e1 atravesado por un antiguo camino real que une Burdeos con Bergerac.<\/p>\n<p>Fue durante el reinado de Luis XIV cuando se decidi\u00f3 el trazado de la ruta, que representa una importante baza que sigue a\u00fan hoy facilitando el comercio, el del vino en particular, pero tambi\u00e9n el turismo. Saint-Pey d&#8217;Armens es uno de los ocho municipios de la Jurisdicci\u00f3n inscrita en 1999 en la Lista del Patrimonio Mundial como \u00abpaisaje cultural\u00bb.<\/p>\n<p><strong>Una importante dimensi\u00f3n familiar<\/strong><\/p>\n<p>Las propiedades vitivin\u00edcolas, heredadas de la historia, est\u00e1n compuestas por una casa se\u00f1orial principal y una bodega, necesaria para la vinificaci\u00f3n y la conservaci\u00f3n del vino. Los habitantes se dedican a la viticultura, actividad principal del territorio.<\/p>\n<p>Las propiedades vitivin\u00edcolas del pueblo pertenecen a las denominaciones de origen Saint-\u00c9milion, Saint-\u00c9milion Grand Cru y Saint-\u00c9milion Grand Cru Class\u00e9, y suelen pasar de generaci\u00f3n a generaci\u00f3n.<\/p>\n<p>En el paisaje se erigen hermosas residencias como el castillo Saint-Pey y el castillo Fourney, dise\u00f1ados por el arquitecto Victor Louis en el siglo XVIII, autor del Gran Teatro de Burdeos.<\/p>\n<p><strong>Una iglesia y una cruz con mucha simbolog\u00eda<\/strong><\/p>\n<p>El pueblo tambi\u00e9n es famoso por su iglesia rom\u00e1nica, que data del siglo XIII. Est\u00e1 dedicada a Saint-Pierre aux Liens.<\/p>\n<p>Originalmente era m\u00e1s imponente que hoy. Sufri\u00f3 los efectos de las guerras de religi\u00f3n francesas, fue arrasada y su santuario destruido.<\/p>\n<p>De 1575 a 1584, en Saint-Pey d&#8217;Armens se dej\u00f3 de practicar el culto. Los habitantes del lugar reclamaron a la ciudad de Saint-\u00c9milion las campanas de su iglesia, que hab\u00edan sido depositadas para protegerlas del vandalismo y de la codicia de la gente de la guerra.<\/p>\n<p>La cruz del cementerio de Saint-Pierre-\u00e9s-Liens es del siglo XV, es una cruz hosanni\u00e8re, que ha sido clasificada como monumento hist\u00f3rico. Es muy antigua y encierra una simbolog\u00eda muy compleja y rica.<\/p>\n<p>Es la m\u00e1s antigua y, sin duda, la m\u00e1s notable del departamento.<\/p>\n<p>Cada cara tiene dos pisos de estatuillas en relieve. Las del superior est\u00e1n decapitadas. Sin embargo, se reconocen tres mujeres o v\u00edrgenes y un obispo con vestimenta pontificia. Debajo de este, San Santiago y su bord\u00f3n, a su izquierda San Pablo con su espada, San Pedro con su llave y, finalmente, San Juan sosteniendo en su mano izquierda un c\u00e1liz.<\/p>\n<p>Los \u00e1ngeles son el v\u00ednculo entre Dios y los hombres, entre el cielo y la tierra. Representan a Dios y son sus mensajeros.<\/p>\n<p>El cr\u00e1neo y la osamenta significan la muerte, el fin de la condici\u00f3n humana.<\/p>\n<p>Esta cruz hosanni\u00e8re ha sido estudiada en m\u00faltiples ocasiones y a\u00fan conserva parte de su misterio.<\/p>\n<p>A la entrada del pueblo, en el cruce del camino real Burdeos-Bergerac, hay una cruz de misi\u00f3n. Se trata de una cruz flordelisada. Tres flores de lis se abren en un ramo. Dentro de este ramo, cuatro flores de lis decoran la parte central de las ramas.<\/p>\n<p>Esta ornamentaci\u00f3n floral asocia estrechamente a la virgen con la representaci\u00f3n de la cruz.<\/p>\n<p>[\/et_pb_text][\/et_pb_column][\/et_pb_row][et_pb_row custom_padding=\u00bb27px|0px|100px|0px|false|false\u00bb _builder_version=\u00bb3.17.2&#8243;][et_pb_column type=\u00bb4_4&#8243; _builder_version=\u00bb3.17.2&#8243; parallax=\u00bboff\u00bb parallax_method=\u00bbon\u00bb][et_pb_video src=\u00bbhttps:\/\/youtu.be\/TBp1L5x19as\u00bb _builder_version=\u00bb3.17.2&#8243;][\/et_pb_video][\/et_pb_column][\/et_pb_row][et_pb_row custom_padding=\u00bb0|0px|83px|0px|false|false\u00bb _builder_version=\u00bb3.17.2&#8243;][et_pb_column type=\u00bb4_4&#8243; _builder_version=\u00bb3.17.2&#8243; parallax=\u00bboff\u00bb parallax_method=\u00bbon\u00bb][et_pb_button button_url=\u00bbhttps:\/\/www.saintemilion-unesco.com\/es\/la-jurisdiccion\/los-8-municipios-inscritos\/\u00bb button_text=\u00bbVer los otros municipios\u00bb button_alignment=\u00bbcenter\u00bb _builder_version=\u00bb3.17.2&#8243; custom_button=\u00bbon\u00bb button_text_color=\u00bb#333333&#8243; button_border_color=\u00bb#000000&#8243; button_border_radius=\u00bb0px\u00bb button_letter_spacing=\u00bb4px\u00bb button_font=\u00bbOswald|on||on|\u00bb button_icon=\u00bb%%2%%\u00bb button_icon_color=\u00bb#000000&#8243; button_icon_placement=\u00bbleft\u00bb custom_margin=\u00bb20px||\u00bb animation_style=\u00bbzoom\u00bb animation_delay=\u00bb400ms\u00bb animation_intensity_zoom=\u00bb20%\u00bb button_border_color_hover=\u00bb#ffffff\u00bb button_border_radius_hover=\u00bb0px\u00bb button_letter_spacing_hover=\u00bb4px\u00bb button_bg_color_hover=\u00bbrgba(0,0,0,0)\u00bb button_text_size__hover_enabled=\u00bboff\u00bb button_text_size__hover=\u00bbnull\u00bb button_one_text_size__hover_enabled=\u00bboff\u00bb button_one_text_size__hover=\u00bbnull\u00bb button_two_text_size__hover_enabled=\u00bboff\u00bb button_two_text_size__hover=\u00bbnull\u00bb button_text_color__hover_enabled=\u00bboff\u00bb button_text_color__hover=\u00bbnull\u00bb button_one_text_color__hover_enabled=\u00bboff\u00bb button_one_text_color__hover=\u00bbnull\u00bb button_two_text_color__hover_enabled=\u00bboff\u00bb button_two_text_color__hover=\u00bbnull\u00bb button_border_width__hover_enabled=\u00bboff\u00bb button_border_width__hover=\u00bbnull\u00bb button_one_border_width__hover_enabled=\u00bboff\u00bb button_one_border_width__hover=\u00bbnull\u00bb button_two_border_width__hover_enabled=\u00bboff\u00bb button_two_border_width__hover=\u00bbnull\u00bb button_border_color__hover_enabled=\u00bbon\u00bb button_border_color__hover=\u00bb#ffffff\u00bb button_one_border_color__hover_enabled=\u00bboff\u00bb button_one_border_color__hover=\u00bbnull\u00bb button_two_border_color__hover_enabled=\u00bboff\u00bb button_two_border_color__hover=\u00bbnull\u00bb button_border_radius__hover_enabled=\u00bbon\u00bb button_border_radius__hover=\u00bb0px\u00bb button_one_border_radius__hover_enabled=\u00bboff\u00bb button_one_border_radius__hover=\u00bbnull\u00bb button_two_border_radius__hover_enabled=\u00bboff\u00bb button_two_border_radius__hover=\u00bbnull\u00bb button_letter_spacing__hover_enabled=\u00bbon\u00bb button_letter_spacing__hover=\u00bb4px\u00bb button_one_letter_spacing__hover_enabled=\u00bboff\u00bb button_one_letter_spacing__hover=\u00bbnull\u00bb button_two_letter_spacing__hover_enabled=\u00bboff\u00bb button_two_letter_spacing__hover=\u00bbnull\u00bb button_bg_color__hover_enabled=\u00bbon\u00bb button_bg_color__hover=\u00bbrgba(0,0,0,0)\u00bb button_one_bg_color__hover_enabled=\u00bboff\u00bb button_one_bg_color__hover=\u00bbnull\u00bb button_two_bg_color__hover_enabled=\u00bboff\u00bb button_two_bg_color__hover=\u00bbnull\u00bb][\/et_pb_button][\/et_pb_column][\/et_pb_row][\/et_pb_section]<\/p>\n","protected":false},"excerpt":{"rendered":"<p>N\u00famero de habitantes: 213Superficie: 4,2 km2Para ver: La cruz del cementerio del siglo XVI y el sarc\u00f3fago del siglo XII.Saint-Pey d&#8217;Armens es la puerta de entrada a la Jurisdicci\u00f3n de Saint-\u00c9milion inscrita en la Lista del Patrimonio Mundial en 1999 como paisaje cultural. En 1793, el nombre del municipio era Saint-Pey Darmens, posteriormente, en 1801, [&hellip;]<\/p>\n","protected":false},"author":1,"featured_media":0,"parent":3975,"menu_order":0,"comment_status":"closed","ping_status":"closed","template":"","meta":{"_et_pb_use_builder":"on","_et_pb_old_content":"","_et_gb_content_width":""},"yoast_head":"<!-- This site is optimized with the Yoast SEO plugin v19.13 - https:\/\/yoast.com\/wordpress\/plugins\/seo\/ -->\n<title>Saint-Pey-d&#039;Armens - Association Juridiction de Saint-Emilion<\/title>\n<meta name=\"robots\" content=\"index, follow, max-snippet:-1, max-image-preview:large, max-video-preview:-1\" \/>\n<link rel=\"canonical\" href=\"https:\/\/www.saintemilion-unesco.com\/es\/la-jurisdiccion\/los-8-municipios-inscritos\/saint-pey-darmens\/\" \/>\n<meta property=\"og:locale\" content=\"es_ES\" \/>\n<meta property=\"og:type\" content=\"article\" \/>\n<meta property=\"og:title\" content=\"Saint-Pey-d&#039;Armens - Association Juridiction de Saint-Emilion\" \/>\n<meta property=\"og:description\" content=\"N\u00famero de habitantes: 213Superficie: 4,2 km2Para ver: La cruz del cementerio del siglo XVI y el sarc\u00f3fago del siglo XII.Saint-Pey d&#039;Armens es la puerta de entrada a la Jurisdicci\u00f3n de Saint-\u00c9milion inscrita en la Lista del Patrimonio Mundial en 1999 como paisaje cultural. En 1793, el nombre del municipio era Saint-Pey Darmens, posteriormente, en 1801, [&hellip;]\" \/>\n<meta property=\"og:url\" content=\"https:\/\/www.saintemilion-unesco.com\/es\/la-jurisdiccion\/los-8-municipios-inscritos\/saint-pey-darmens\/\" \/>\n<meta property=\"og:site_name\" content=\"Association Juridiction de Saint-Emilion\" \/>\n<meta property=\"article:modified_time\" content=\"2021-03-10T13:50:39+00:00\" \/>\n<meta property=\"og:image\" content=\"https:\/\/www.saintemilion-unesco.com\/wp-content\/uploads\/2018\/11\/carte-juridiction-saint-emilion-unesco3-3.jpg\" \/>\n\t<meta property=\"og:image:width\" content=\"1920\" \/>\n\t<meta property=\"og:image:height\" content=\"764\" \/>\n\t<meta property=\"og:image:type\" content=\"image\/jpeg\" \/>\n<meta name=\"twitter:card\" content=\"summary_large_image\" \/>\n<meta name=\"twitter:label1\" content=\"Tiempo de lectura\" \/>\n\t<meta name=\"twitter:data1\" content=\"7 minutos\" \/>\n<script type=\"application\/ld+json\" class=\"yoast-schema-graph\">{\"@context\":\"https:\/\/schema.org\",\"@graph\":[{\"@type\":\"WebPage\",\"@id\":\"https:\/\/www.saintemilion-unesco.com\/es\/la-jurisdiccion\/los-8-municipios-inscritos\/saint-pey-darmens\/\",\"url\":\"https:\/\/www.saintemilion-unesco.com\/es\/la-jurisdiccion\/los-8-municipios-inscritos\/saint-pey-darmens\/\",\"name\":\"Saint-Pey-d'Armens - Association Juridiction de Saint-Emilion\",\"isPartOf\":{\"@id\":\"https:\/\/www.saintemilion-unesco.com\/es\/#website\"},\"datePublished\":\"2021-03-10T13:50:28+00:00\",\"dateModified\":\"2021-03-10T13:50:39+00:00\",\"breadcrumb\":{\"@id\":\"https:\/\/www.saintemilion-unesco.com\/es\/la-jurisdiccion\/los-8-municipios-inscritos\/saint-pey-darmens\/#breadcrumb\"},\"inLanguage\":\"es\",\"potentialAction\":[{\"@type\":\"ReadAction\",\"target\":[\"https:\/\/www.saintemilion-unesco.com\/es\/la-jurisdiccion\/los-8-municipios-inscritos\/saint-pey-darmens\/\"]}]},{\"@type\":\"BreadcrumbList\",\"@id\":\"https:\/\/www.saintemilion-unesco.com\/es\/la-jurisdiccion\/los-8-municipios-inscritos\/saint-pey-darmens\/#breadcrumb\",\"itemListElement\":[{\"@type\":\"ListItem\",\"position\":1,\"name\":\"Accueil\",\"item\":\"https:\/\/www.saintemilion-unesco.com\/es\/\"},{\"@type\":\"ListItem\",\"position\":2,\"name\":\"La Jurisdicci\u00f3n\",\"item\":\"https:\/\/www.saintemilion-unesco.com\/es\/la-jurisdiccion\/\"},{\"@type\":\"ListItem\",\"position\":3,\"name\":\"Los 8 municipios inscritos\",\"item\":\"https:\/\/www.saintemilion-unesco.com\/es\/la-jurisdiccion\/los-8-municipios-inscritos\/\"},{\"@type\":\"ListItem\",\"position\":4,\"name\":\"Saint-Pey-d&#8217;Armens\"}]},{\"@type\":\"WebSite\",\"@id\":\"https:\/\/www.saintemilion-unesco.com\/es\/#website\",\"url\":\"https:\/\/www.saintemilion-unesco.com\/es\/\",\"name\":\"Association Juridiction de Saint-Emilion\",\"description\":\"Patrimoine Mondial de l&#039;Humanit\u00e9\",\"potentialAction\":[{\"@type\":\"SearchAction\",\"target\":{\"@type\":\"EntryPoint\",\"urlTemplate\":\"https:\/\/www.saintemilion-unesco.com\/es\/?s={search_term_string}\"},\"query-input\":\"required name=search_term_string\"}],\"inLanguage\":\"es\"}]}<\/script>\n<!-- \/ Yoast SEO plugin. -->","yoast_head_json":{"title":"Saint-Pey-d'Armens - Association Juridiction de Saint-Emilion","robots":{"index":"index","follow":"follow","max-snippet":"max-snippet:-1","max-image-preview":"max-image-preview:large","max-video-preview":"max-video-preview:-1"},"canonical":"https:\/\/www.saintemilion-unesco.com\/es\/la-jurisdiccion\/los-8-municipios-inscritos\/saint-pey-darmens\/","og_locale":"es_ES","og_type":"article","og_title":"Saint-Pey-d'Armens - Association Juridiction de Saint-Emilion","og_description":"N\u00famero de habitantes: 213Superficie: 4,2 km2Para ver: La cruz del cementerio del siglo XVI y el sarc\u00f3fago del siglo XII.Saint-Pey d'Armens es la puerta de entrada a la Jurisdicci\u00f3n de Saint-\u00c9milion inscrita en la Lista del Patrimonio Mundial en 1999 como paisaje cultural. En 1793, el nombre del municipio era Saint-Pey Darmens, posteriormente, en 1801, [&hellip;]","og_url":"https:\/\/www.saintemilion-unesco.com\/es\/la-jurisdiccion\/los-8-municipios-inscritos\/saint-pey-darmens\/","og_site_name":"Association Juridiction de Saint-Emilion","article_modified_time":"2021-03-10T13:50:39+00:00","og_image":[{"width":1920,"height":764,"url":"https:\/\/www.saintemilion-unesco.com\/wp-content\/uploads\/2018\/11\/carte-juridiction-saint-emilion-unesco3-3.jpg","type":"image\/jpeg"}],"twitter_card":"summary_large_image","twitter_misc":{"Tiempo de lectura":"7 minutos"},"schema":{"@context":"https:\/\/schema.org","@graph":[{"@type":"WebPage","@id":"https:\/\/www.saintemilion-unesco.com\/es\/la-jurisdiccion\/los-8-municipios-inscritos\/saint-pey-darmens\/","url":"https:\/\/www.saintemilion-unesco.com\/es\/la-jurisdiccion\/los-8-municipios-inscritos\/saint-pey-darmens\/","name":"Saint-Pey-d'Armens - Association Juridiction de Saint-Emilion","isPartOf":{"@id":"https:\/\/www.saintemilion-unesco.com\/es\/#website"},"datePublished":"2021-03-10T13:50:28+00:00","dateModified":"2021-03-10T13:50:39+00:00","breadcrumb":{"@id":"https:\/\/www.saintemilion-unesco.com\/es\/la-jurisdiccion\/los-8-municipios-inscritos\/saint-pey-darmens\/#breadcrumb"},"inLanguage":"es","potentialAction":[{"@type":"ReadAction","target":["https:\/\/www.saintemilion-unesco.com\/es\/la-jurisdiccion\/los-8-municipios-inscritos\/saint-pey-darmens\/"]}]},{"@type":"BreadcrumbList","@id":"https:\/\/www.saintemilion-unesco.com\/es\/la-jurisdiccion\/los-8-municipios-inscritos\/saint-pey-darmens\/#breadcrumb","itemListElement":[{"@type":"ListItem","position":1,"name":"Accueil","item":"https:\/\/www.saintemilion-unesco.com\/es\/"},{"@type":"ListItem","position":2,"name":"La Jurisdicci\u00f3n","item":"https:\/\/www.saintemilion-unesco.com\/es\/la-jurisdiccion\/"},{"@type":"ListItem","position":3,"name":"Los 8 municipios inscritos","item":"https:\/\/www.saintemilion-unesco.com\/es\/la-jurisdiccion\/los-8-municipios-inscritos\/"},{"@type":"ListItem","position":4,"name":"Saint-Pey-d&#8217;Armens"}]},{"@type":"WebSite","@id":"https:\/\/www.saintemilion-unesco.com\/es\/#website","url":"https:\/\/www.saintemilion-unesco.com\/es\/","name":"Association Juridiction de Saint-Emilion","description":"Patrimoine Mondial de l&#039;Humanit\u00e9","potentialAction":[{"@type":"SearchAction","target":{"@type":"EntryPoint","urlTemplate":"https:\/\/www.saintemilion-unesco.com\/es\/?s={search_term_string}"},"query-input":"required name=search_term_string"}],"inLanguage":"es"}]}},"_links":{"self":[{"href":"https:\/\/www.saintemilion-unesco.com\/es\/wp-json\/wp\/v2\/pages\/3995"}],"collection":[{"href":"https:\/\/www.saintemilion-unesco.com\/es\/wp-json\/wp\/v2\/pages"}],"about":[{"href":"https:\/\/www.saintemilion-unesco.com\/es\/wp-json\/wp\/v2\/types\/page"}],"author":[{"embeddable":true,"href":"https:\/\/www.saintemilion-unesco.com\/es\/wp-json\/wp\/v2\/users\/1"}],"replies":[{"embeddable":true,"href":"https:\/\/www.saintemilion-unesco.com\/es\/wp-json\/wp\/v2\/comments?post=3995"}],"version-history":[{"count":5,"href":"https:\/\/www.saintemilion-unesco.com\/es\/wp-json\/wp\/v2\/pages\/3995\/revisions"}],"predecessor-version":[{"id":4000,"href":"https:\/\/www.saintemilion-unesco.com\/es\/wp-json\/wp\/v2\/pages\/3995\/revisions\/4000"}],"up":[{"embeddable":true,"href":"https:\/\/www.saintemilion-unesco.com\/es\/wp-json\/wp\/v2\/pages\/3975"}],"wp:attachment":[{"href":"https:\/\/www.saintemilion-unesco.com\/es\/wp-json\/wp\/v2\/media?parent=3995"}],"curies":[{"name":"wp","href":"https:\/\/api.w.org\/{rel}","templated":true}]}}