{"id":4033,"date":"2021-03-10T15:42:26","date_gmt":"2021-03-10T14:42:26","guid":{"rendered":"https:\/\/www.saintemilion-unesco.com\/recorrido-de-descubrimiento\/"},"modified":"2022-07-22T09:27:35","modified_gmt":"2022-07-22T07:27:35","slug":"recorrido-de-descubrimiento","status":"publish","type":"page","link":"https:\/\/www.saintemilion-unesco.com\/es\/recorrido-de-descubrimiento\/","title":{"rendered":"Recorrido de descubrimiento"},"content":{"rendered":"<p>[et_pb_section fb_built=\u00bb1&#8243; admin_label=\u00bbHero\u00bb _builder_version=\u00bb4.16&#8243; use_background_color_gradient=\u00bbon\u00bb background_color_gradient_direction=\u00bb245deg\u00bb background_color_gradient_stops=\u00bbrgba(0,0,0,0.5) 0%|rgba(0,0,0,0) 100%\u00bb background_color_gradient_overlays_image=\u00bbon\u00bb background_color_gradient_start=\u00bbrgba(0,0,0,0.5)\u00bb background_color_gradient_end=\u00bbrgba(0,0,0,0)\u00bb background_image=\u00bbhttps:\/\/www.saintemilion-unesco.com\/wp-content\/uploads\/2019\/01\/saint-etienne-de-lisse-une-2-e1612875226516.jpg\u00bb custom_padding=\u00bb260px||260px||true|false\u00bb global_colors_info=\u00bb{}\u00bb][et_pb_row column_structure=\u00bb1_2,1_2&#8243; use_custom_gutter=\u00bbon\u00bb gutter_width=\u00bb1&#8243; module_class=\u00bb et_pb_row_fullwidth\u00bb _builder_version=\u00bb4.16&#8243; width=\u00bb100%\u00bb width_tablet=\u00bb100%\u00bb width_phone=\u00bb100%\u00bb width_last_edited=\u00bbon|desktop\u00bb max_width=\u00bb100%\u00bb max_width_tablet=\u00bb100%\u00bb max_width_phone=\u00bb100%\u00bb max_width_last_edited=\u00bbon|desktop\u00bb custom_margin=\u00bb|||\u00bb custom_padding=\u00bb70px|0px|70px|0px|true|false\u00bb make_fullwidth=\u00bbon\u00bb global_colors_info=\u00bb{}\u00bb][et_pb_column type=\u00bb1_2&#8243; _builder_version=\u00bb4.16&#8243; background_position=\u00bbtop_left\u00bb custom_padding=\u00bb|||\u00bb global_colors_info=\u00bb{}\u00bb custom_padding__hover=\u00bb|||\u00bb][\/et_pb_column][et_pb_column type=\u00bb1_2&#8243; _builder_version=\u00bb4.16&#8243; background_position=\u00bbtop_left\u00bb custom_padding=\u00bb|10%||10%\u00bb global_colors_info=\u00bb{}\u00bb custom_padding__hover=\u00bb|||\u00bb][et_pb_post_title meta=\u00bboff\u00bb featured_image=\u00bboff\u00bb _builder_version=\u00bb4.16&#8243; title_font=\u00bbOswald|700||on|||||\u00bb title_text_align=\u00bbleft\u00bb title_text_color=\u00bb#ffffff\u00bb title_font_size=\u00bb60px\u00bb title_line_height=\u00bb1.3em\u00bb text_orientation=\u00bbcenter\u00bb global_colors_info=\u00bb{}\u00bb][\/et_pb_post_title][et_pb_divider color=\u00bb#ed4441&#8243; divider_position=\u00bbcenter\u00bb divider_weight=\u00bb3px\u00bb disabled_on=\u00bbon|on|off%22&#8243; _builder_version=\u00bb4.16&#8243; max_width=\u00bb150px\u00bb height=\u00bbfalse\u00bb custom_margin=\u00bb30px|||\u00bb animation_style=\u00bbslide\u00bb animation_direction=\u00bbtop\u00bb animation_delay=\u00bb100ms\u00bb animation_intensity_slide=\u00bb10%\u00bb locked=\u00bboff\u00bb global_colors_info=\u00bb{}\u00bb][\/et_pb_divider][\/et_pb_column][\/et_pb_row][\/et_pb_section][et_pb_section fb_built=\u00bb1&#8243; custom_padding_last_edited=\u00bbon|tablet\u00bb admin_label=\u00bbOur Guides\u00bb _builder_version=\u00bb4.16&#8243; custom_padding=\u00bb110px||0||false|false\u00bb custom_padding_tablet=\u00bb60px||60px|\u00bb custom_padding_phone=\u00bb\u00bb global_colors_info=\u00bb{}\u00bb][et_pb_row _builder_version=\u00bb4.16&#8243; custom_padding=\u00bb0|0px|60px|0px|false|false\u00bb global_colors_info=\u00bb{}\u00bb][et_pb_column type=\u00bb4_4&#8243; _builder_version=\u00bb4.16&#8243; custom_padding=\u00bb|||\u00bb global_colors_info=\u00bb{}\u00bb custom_padding__hover=\u00bb|||\u00bb][et_pb_text _builder_version=\u00bb4.17.4&#8243; text_font=\u00bbRoboto||||||||\u00bb text_font_size=\u00bb16px\u00bb text_line_height=\u00bb1.9em\u00bb global_colors_info=\u00bb{}\u00bb]<\/p>\n<p>El 20\u00ba aniversario de la inscripci\u00f3n de la Jurisdicci\u00f3n de Saint-\u00c9milion en la Lista del Patrimonio Mundial se ha dedicado a preservar, valorizar y destacar los paisajes culturales.<\/p>\n<p>En el marco de las celebraciones por este 20\u00ba aniversario, el proyecto \u00ab20 a\u00f1os, 20 sitios\u00bb ha puesto de relieve las caracter\u00edsticas excepcionales del territorio, de Saint-\u00c9milion y de todos los municipios inscritos. Este recorrido, que combina las impresiones del historiador David Souny y del fot\u00f3grafo Franck Haudiquert, ofrece al visitante la posibilidad de leer y de comprender el paisaje y el patrimonio.<\/p>\n<p><span style=\"font-family: inherit; font-size: small; font-style: inherit; font-variant-ligatures: inherit; font-variant-caps: inherit;\">David Souny, historiador, arque\u00f3logo y gu\u00eda tur\u00edstico, lleva 15 a\u00f1os investigando las ciudades y los castillos de Burdeos y la historia de los vi\u00f1edos. Desde 2012, trabaja especialmente en el patrimonio medieval de Saint-Emilion, que ha inspirado dos de sus libros.\u00a0<\/span><a style=\"font-size: small; font-style: inherit; font-variant-ligatures: inherit; font-variant-caps: inherit; font-weight: inherit;\" href=\"http:\/\/www.histoiresdepierres.fr\">www.histoiresdepierres.fr<\/a><span style=\"font-size: small; font-style: inherit; font-variant-ligatures: inherit; font-variant-caps: inherit; font-weight: inherit;\">\u00a0<\/span><\/p>\n<p><span style=\"font-size: small;\"><span style=\"font-family: inherit; font-style: inherit; font-variant-ligatures: inherit; font-variant-caps: inherit;\">Franck Haudiquert, que siempre ha sido un apasionado de la imagen y el arte, es fot\u00f3grafo desde hace m\u00e1s de 20 a\u00f1os y se ha dedicado tambi\u00e9n al dise\u00f1o gr\u00e1fico m\u00e1s recientemente. Tras una rica y variada experiencia profesional, se instal\u00f3 en la regi\u00f3n de Saint-Emilion y ahora se inspira en el patrimonio y la belleza de este vi\u00f1edo para crear.<\/span><span style=\"font-family: inherit; font-style: inherit; font-variant-ligatures: inherit; font-variant-caps: inherit;\">.\u00a0<\/span><\/span><a style=\"font-size: small; font-style: inherit; font-variant-ligatures: inherit; font-variant-caps: inherit; font-weight: inherit;\" href=\"http:\/\/www.fhgraphisme.fr\">www.fhgraphisme.fr<\/a><\/p>\n<p style=\"margin: 0cm; line-height: 22.8pt; background: white; vertical-align: baseline;\">[\/et_pb_text][\/et_pb_column][\/et_pb_row][et_pb_row column_structure=\u00bb1_2,1_2&#8243; _builder_version=\u00bb4.16&#8243; custom_padding=\u00bb27px|0px|70px|0px|false|false\u00bb global_colors_info=\u00bb{}\u00bb][et_pb_column type=\u00bb1_2&#8243; _builder_version=\u00bb4.16&#8243; custom_padding=\u00bb|||\u00bb global_colors_info=\u00bb{}\u00bb custom_padding__hover=\u00bb|||\u00bb][et_pb_image src=\u00bbhttps:\/\/www.saintemilion-unesco.com\/wp-content\/uploads\/2019\/09\/AC3I5092.jpg\u00bb align=\u00bbcenter\u00bb align_tablet=\u00bbcenter\u00bb align_phone=\u00bbcenter\u00bb align_last_edited=\u00bbon|desktop\u00bb _builder_version=\u00bb4.16&#8243; module_alignment=\u00bbcenter\u00bb custom_padding=\u00bb120px||\u00bb global_colors_info=\u00bb{}\u00bb][\/et_pb_image][\/et_pb_column][et_pb_column type=\u00bb1_2&#8243; _builder_version=\u00bb4.16&#8243; custom_padding=\u00bb|||\u00bb global_colors_info=\u00bb{}\u00bb custom_padding__hover=\u00bb|||\u00bb][et_pb_text _builder_version=\u00bb4.16&#8243; text_font=\u00bbOswald||||||||\u00bb header_font=\u00bb||||||||\u00bb header_2_font=\u00bb||||||||\u00bb header_3_font=\u00bb||||||||\u00bb header_4_font=\u00bb||||||||\u00bb text_orientation=\u00bbcenter\u00bb global_colors_info=\u00bb{}\u00bb]<\/p>\n<h1>Descubra las tablas de lectura<\/h1>\n<p>[\/et_pb_text][et_pb_text _builder_version=\u00bb4.17.4&#8243; hover_enabled=\u00bb0&#8243; global_colors_info=\u00bb{}\u00bb sticky_enabled=\u00bb0&#8243;]<\/p>\n<p>&#8211; <a href=\"https:\/\/www.saintemilion-unesco.com\/es\/recorrido-de-descubrimiento\/vignonet-el-puerto-de-vignonet\/\"><strong>Vignonet<\/strong><\/a> &#8211; El puerto de Vignonet<br \/>&#8211; <a href=\"https:\/\/www.saintemilion-unesco.com\/es\/recorrido-de-descubrimiento\/saint-sulpice-de-faleyrens-del-menhir-al-puerto-de-pierrefitte\/\"><strong> Saint-Sulpice-de-Faleyrens<\/strong><\/a> &#8211; Del Menhir al puerto de Pierrefitte<br \/>&#8211; <a href=\"https:\/\/www.saintemilion-unesco.com\/es\/recorrido-de-descubrimiento\/saint-etienne-de-lisse-el-bosque-de-la-croix-de-tourans\/\"><strong>Saint-Etienne-de-Lisse<\/strong><\/a> &#8211; El bosque de la Croix de Tourans<br \/>&#8211; <a href=\"https:\/\/www.saintemilion-unesco.com\/es\/recorrido-de-descubrimiento\/saint-hippolyte-las-cuevas-de-ferrand\/\"><strong>Saint-Hippolyte<\/strong><\/a> &#8211; Las cuevas de Ferrand<br \/>&#8211; <a href=\"https:\/\/www.saintemilion-unesco.com\/es\/recorrido-de-descubrimiento\/saint-laurent-des-combes-valles-y-colinas\/\"><strong>Saint-Laurent-des-Combes<\/strong><\/a> &#8211; Valles y colinas<br \/>&#8211; <a href=\"https:\/\/www.saintemilion-unesco.com\/es\/recorrido-de-descubrimiento\/saint-pey-darmens-las-cruces-de-saint-pey-darmens\/\"><strong>Saint-Pey d&#8217;Armens<\/strong><\/a> &#8211; Las cruces de Saint-Pey d&#8217;Armens<br \/>&#8211; <a href=\"https:\/\/www.saintemilion-unesco.com\/es\/recorrido-de-descubrimiento\/saint-christophe-des-bardes-vistas-sobre-el-barbanne-desde-haut-sarpe\/\"><strong>Saint-Christophe-des-Bardes<\/strong><\/a> &#8211; Vistas sobre el Barbanne desde Haut-Sarpe<br \/>&#8211; <a href=\"https:\/\/www.saintemilion-unesco.com\/es\/recorrido-de-descubrimiento\/saint-christophe-des-bardes-la-combe-de-la-barde\/\"><strong>Saint-Christophe-des-Bardes<\/strong><\/a> &#8211; La combe de Barde-Haut<br \/>&#8211; <a href=\"https:\/\/www.saintemilion-unesco.com\/es\/recorrido-de-descubrimiento\/saint-emilion-chemin-de-la-pege\/\"><strong> Saint-Emilion<\/strong><\/a> &#8211; Chemin de la P\u00e8ge<br \/>&#8211; <a href=\"https:\/\/www.saintemilion-unesco.com\/es\/recorrido-de-descubrimiento\/saint-emilion-visto-desde-la-meseta-de-la-madeleine\/\"><strong>Saint-Emilion<\/strong><\/a> &#8211; Saint-\u00c9milion visto desde la meseta de la Madeleine<br \/>&#8211; <a href=\"https:\/\/www.saintemilion-unesco.com\/es\/recorrido-de-descubrimiento\/los-jardines-y-canteras-de-la-rue-des-douves\/\"><strong>Saint-Emilion<\/strong><\/a> &#8211; Los jardines y canteras de la rue des Douves<br \/>&#8211; <a href=\"https:\/\/www.saintemilion-unesco.com\/es\/recorrido-de-descubrimiento\/les-cordeliers-y-el-conjunto-commanderie-maison-de-la-cadene-vistos-desde-la-tour-du-roy\/\"><strong>Saint-Emilion<\/strong><\/a> &#8211; Les Cordeliers y el conjunto Commanderie\/Maison de la Cad\u00e8ne vistos desde la Tour du Roy<br \/>&#8211; <a href=\"https:\/\/www.saintemilion-unesco.com\/es\/recorrido-de-descubrimiento\/el-logis-malet\/\"><strong>Saint-Emilion<\/strong><\/a> &#8211; El Logis Malet<br \/>&#8211; <a href=\"https:\/\/www.saintemilion-unesco.com\/es\/recorrido-de-descubrimiento\/saint-emilion-desde-la-puerta-du-chapitre-hasta-las-grandes-murallas\/\"><strong>Saint-Emilion<\/strong><\/a> &#8211; Desde la puerta du Chapitre hasta las Grandes Murallas<br \/>&#8211; <a href=\"https:\/\/www.saintemilion-unesco.com\/es\/recorrido-de-descubrimiento\/saint-emilion-el-palacio-del-cardenal-y-las-casas-del-recinto-romanico\/\"><strong>Saint-Emilion<\/strong><\/a> &#8211; El Palacio del Cardenal y las casas del recinto rom\u00e1nico<br \/>&#8211; <a href=\"https:\/\/www.saintemilion-unesco.com\/es\/recorrido-de-descubrimiento\/saint-emilion-la-place-du-clocher-un-balcon-con-vistas-a-la-ciudad-y-al-valle\/\"><strong>Saint-Emilion<\/strong><\/a> &#8211; La place du Clocher: un balc\u00f3n con vistas a la ciudad y al valle<br \/>&#8211; <a href=\"https:\/\/www.saintemilion-unesco.com\/es\/recorrido-de-descubrimiento\/saint-emilion-el-santuario-troglodita\/\"><strong>Saint-Emilion<\/strong><\/a> &#8211; El santuario troglodita<br \/>&#8211; <a href=\"https:\/\/www.saintemilion-unesco.com\/es\/recorrido-de-descubrimiento\/saint-emilion-la-torre-del-rey-y-el-convento-de-las-ursulinas\/\"><strong> Saint-Emilion<\/strong><\/a> &#8211; La Torre del Rey y el convento de las Ursulinas<br \/>&#8211; <a href=\"https:\/\/www.saintemilion-unesco.com\/es\/recorrido-de-descubrimiento\/saint-emilion-la-puerta-brunet-y-las-vistas-sobre-el-valle\/\"><strong>Saint-Emilion<\/strong><\/a> &#8211; La puerta Brunet y las vistas sobre el valle<br \/>&#8211; <a href=\"https:\/\/www.saintemilion-unesco.com\/es\/recorrido-de-descubrimiento\/saint-emilion-la-plaza-bouqueyre\/\"><strong>Saint-Emilion<\/strong><\/a> &#8211; La plaza Bouqueyre<\/p>\n<p>[\/et_pb_text][\/et_pb_column][\/et_pb_row][\/et_pb_section][et_pb_section fb_built=\u00bb1&#8243; custom_padding_last_edited=\u00bbon|tablet\u00bb admin_label=\u00bbOur Guides\u00bb _builder_version=\u00bb4.16&#8243; custom_padding=\u00bb110px||0||false|false\u00bb custom_padding_tablet=\u00bb60px||60px|\u00bb custom_padding_phone=\u00bb\u00bb global_colors_info=\u00bb{}\u00bb][et_pb_row module_class=\u00bb et_pb_row_fullwidth\u00bb _builder_version=\u00bb4.16&#8243; width=\u00bb89%\u00bb width_tablet=\u00bb80%\u00bb width_phone=\u00bb80%\u00bb width_last_edited=\u00bbon|desktop\u00bb max_width=\u00bb89%\u00bb max_width_tablet=\u00bb80%\u00bb max_width_phone=\u00bb80%\u00bb max_width_last_edited=\u00bbon|desktop\u00bb make_fullwidth=\u00bbon\u00bb global_colors_info=\u00bb{}\u00bb][et_pb_column type=\u00bb4_4&#8243; _builder_version=\u00bb4.16&#8243; custom_padding=\u00bb|||\u00bb global_colors_info=\u00bb{}\u00bb custom_padding__hover=\u00bb|||\u00bb][et_pb_text _builder_version=\u00bb4.17.4&#8243; link_option_url=\u00bb<iframe src=%22https:\/\/www.google.com\/maps\/d\/u\/0\/embed?mid=1PFMfdZ0X8YKEIxTd4347hcr4biGgeXlw%22 width=%22640%22 height=%22480%22><\/iframe>\u00bb global_colors_info=\u00bb{}\u00bb]<\/p>\n<h2 style=\"text-align: center;\">Ver las tablas de lecture en el mapa de la Jurisdicci\u00f3n :<\/h2>\n<p>[\/et_pb_text][et_pb_text _builder_version=\u00bb4.17.4&#8243; _module_preset=\u00bbdefault\u00bb hover_enabled=\u00bb0&#8243; global_colors_info=\u00bb{}\u00bb sticky_enabled=\u00bb0&#8243;]<\/p>\n<p style=\"text-align: center;\"><iframe loading=\"lazy\" src=\"https:\/\/www.google.com\/maps\/d\/u\/0\/embed?mid=1lmVaM7k3Up7EELPVyr1-oMho-STbpqfz\" width=\"100%\" height=\"480\"><\/iframe><\/p>\n<p>[\/et_pb_text][\/et_pb_column][\/et_pb_row][et_pb_row _builder_version=\u00bb4.16&#8243; global_colors_info=\u00bb{}\u00bb][et_pb_column type=\u00bb4_4&#8243; _builder_version=\u00bb4.16&#8243; custom_padding=\u00bb|||\u00bb global_colors_info=\u00bb{}\u00bb custom_padding__hover=\u00bb|||\u00bb][et_pb_text _builder_version=\u00bb4.17.4&#8243; text_font=\u00bbRoboto||on||||||\u00bb text_font_size=\u00bb25px\u00bb text_line_height=\u00bb1.6em\u00bb header_font=\u00bb||||||||\u00bb background_size=\u00bbinitial\u00bb background_position=\u00bbtop_left\u00bb background_repeat=\u00bbrepeat\u00bb text_orientation=\u00bbcenter\u00bb module_alignment=\u00bbcenter\u00bb custom_margin=\u00bb0px|||\u00bb custom_padding=\u00bb||0px|\u00bb animation_direction=\u00bbtop\u00bb hover_enabled=\u00bb0&#8243; locked=\u00bboff\u00bb global_colors_info=\u00bb{}\u00bb sticky_enabled=\u00bb0&#8243; admin_label=\u00bbTexto\u00bb]<\/p>\n<p>Ellos nos apoyan<\/p>\n<p>[\/et_pb_text][et_pb_image src=\u00bbhttps:\/\/www.saintemilion-unesco.com\/wp-content\/uploads\/2018\/10\/logo-cvse-2.png\u00bb align=\u00bbcenter\u00bb align_tablet=\u00bbcenter\u00bb align_phone=\u00bbcenter\u00bb align_last_edited=\u00bbon|desktop\u00bb _builder_version=\u00bb4.16&#8243; max_width=\u00bb12%\u00bb max_width_tablet=\u00bb\u00bb max_width_phone=\u00bb\u00bb max_width_last_edited=\u00bbon|desktop\u00bb global_colors_info=\u00bb{}\u00bb][\/et_pb_image][\/et_pb_column][\/et_pb_row][\/et_pb_section]<\/p>\n","protected":false},"excerpt":{"rendered":"<p>El 20\u00ba aniversario de la inscripci\u00f3n de la Jurisdicci\u00f3n de Saint-\u00c9milion en la Lista del Patrimonio Mundial se ha dedicado a preservar, valorizar y destacar los paisajes culturales. En el marco de las celebraciones por este 20\u00ba aniversario, el proyecto \u00ab20 a\u00f1os, 20 sitios\u00bb ha puesto de relieve las caracter\u00edsticas excepcionales del territorio, de Saint-\u00c9milion [&hellip;]<\/p>\n","protected":false},"author":1,"featured_media":0,"parent":0,"menu_order":0,"comment_status":"closed","ping_status":"closed","template":"","meta":{"_et_pb_use_builder":"on","_et_pb_old_content":"","_et_gb_content_width":""},"yoast_head":"<!-- This site is optimized with the Yoast SEO plugin v19.13 - https:\/\/yoast.com\/wordpress\/plugins\/seo\/ -->\n<title>Recorrido de descubrimiento - Association Juridiction de Saint-Emilion<\/title>\n<meta name=\"robots\" content=\"index, follow, max-snippet:-1, max-image-preview:large, max-video-preview:-1\" \/>\n<link rel=\"canonical\" href=\"https:\/\/www.saintemilion-unesco.com\/es\/recorrido-de-descubrimiento\/\" \/>\n<meta property=\"og:locale\" content=\"es_ES\" \/>\n<meta property=\"og:type\" content=\"article\" \/>\n<meta property=\"og:title\" content=\"Recorrido de descubrimiento - Association Juridiction de Saint-Emilion\" \/>\n<meta property=\"og:description\" content=\"El 20\u00ba aniversario de la inscripci\u00f3n de la Jurisdicci\u00f3n de Saint-\u00c9milion en la Lista del Patrimonio Mundial se ha dedicado a preservar, valorizar y destacar los paisajes culturales. En el marco de las celebraciones por este 20\u00ba aniversario, el proyecto &quot;20 a\u00f1os, 20 sitios&quot; ha puesto de relieve las caracter\u00edsticas excepcionales del territorio, de Saint-\u00c9milion [&hellip;]\" \/>\n<meta property=\"og:url\" content=\"https:\/\/www.saintemilion-unesco.com\/es\/recorrido-de-descubrimiento\/\" \/>\n<meta property=\"og:site_name\" content=\"Association Juridiction de Saint-Emilion\" \/>\n<meta property=\"article:modified_time\" content=\"2022-07-22T07:27:35+00:00\" \/>\n<meta property=\"og:image\" content=\"https:\/\/www.saintemilion-unesco.com\/wp-content\/uploads\/2018\/11\/carte-juridiction-saint-emilion-unesco3-3.jpg\" \/>\n\t<meta property=\"og:image:width\" content=\"1920\" \/>\n\t<meta property=\"og:image:height\" content=\"764\" \/>\n\t<meta property=\"og:image:type\" content=\"image\/jpeg\" \/>\n<meta name=\"twitter:card\" content=\"summary_large_image\" \/>\n<meta name=\"twitter:label1\" content=\"Tiempo de lectura\" \/>\n\t<meta name=\"twitter:data1\" content=\"6 minutos\" \/>\n<script type=\"application\/ld+json\" class=\"yoast-schema-graph\">{\"@context\":\"https:\/\/schema.org\",\"@graph\":[{\"@type\":\"WebPage\",\"@id\":\"https:\/\/www.saintemilion-unesco.com\/es\/recorrido-de-descubrimiento\/\",\"url\":\"https:\/\/www.saintemilion-unesco.com\/es\/recorrido-de-descubrimiento\/\",\"name\":\"Recorrido de descubrimiento - Association Juridiction de Saint-Emilion\",\"isPartOf\":{\"@id\":\"https:\/\/www.saintemilion-unesco.com\/es\/#website\"},\"datePublished\":\"2021-03-10T14:42:26+00:00\",\"dateModified\":\"2022-07-22T07:27:35+00:00\",\"breadcrumb\":{\"@id\":\"https:\/\/www.saintemilion-unesco.com\/es\/recorrido-de-descubrimiento\/#breadcrumb\"},\"inLanguage\":\"es\",\"potentialAction\":[{\"@type\":\"ReadAction\",\"target\":[\"https:\/\/www.saintemilion-unesco.com\/es\/recorrido-de-descubrimiento\/\"]}]},{\"@type\":\"BreadcrumbList\",\"@id\":\"https:\/\/www.saintemilion-unesco.com\/es\/recorrido-de-descubrimiento\/#breadcrumb\",\"itemListElement\":[{\"@type\":\"ListItem\",\"position\":1,\"name\":\"Accueil\",\"item\":\"https:\/\/www.saintemilion-unesco.com\/es\/\"},{\"@type\":\"ListItem\",\"position\":2,\"name\":\"Recorrido de descubrimiento\"}]},{\"@type\":\"WebSite\",\"@id\":\"https:\/\/www.saintemilion-unesco.com\/es\/#website\",\"url\":\"https:\/\/www.saintemilion-unesco.com\/es\/\",\"name\":\"Association Juridiction de Saint-Emilion\",\"description\":\"Patrimoine Mondial de l&#039;Humanit\u00e9\",\"potentialAction\":[{\"@type\":\"SearchAction\",\"target\":{\"@type\":\"EntryPoint\",\"urlTemplate\":\"https:\/\/www.saintemilion-unesco.com\/es\/?s={search_term_string}\"},\"query-input\":\"required name=search_term_string\"}],\"inLanguage\":\"es\"}]}<\/script>\n<!-- \/ Yoast SEO plugin. -->","yoast_head_json":{"title":"Recorrido de descubrimiento - Association Juridiction de Saint-Emilion","robots":{"index":"index","follow":"follow","max-snippet":"max-snippet:-1","max-image-preview":"max-image-preview:large","max-video-preview":"max-video-preview:-1"},"canonical":"https:\/\/www.saintemilion-unesco.com\/es\/recorrido-de-descubrimiento\/","og_locale":"es_ES","og_type":"article","og_title":"Recorrido de descubrimiento - Association Juridiction de Saint-Emilion","og_description":"El 20\u00ba aniversario de la inscripci\u00f3n de la Jurisdicci\u00f3n de Saint-\u00c9milion en la Lista del Patrimonio Mundial se ha dedicado a preservar, valorizar y destacar los paisajes culturales. En el marco de las celebraciones por este 20\u00ba aniversario, el proyecto \"20 a\u00f1os, 20 sitios\" ha puesto de relieve las caracter\u00edsticas excepcionales del territorio, de Saint-\u00c9milion [&hellip;]","og_url":"https:\/\/www.saintemilion-unesco.com\/es\/recorrido-de-descubrimiento\/","og_site_name":"Association Juridiction de Saint-Emilion","article_modified_time":"2022-07-22T07:27:35+00:00","og_image":[{"width":1920,"height":764,"url":"https:\/\/www.saintemilion-unesco.com\/wp-content\/uploads\/2018\/11\/carte-juridiction-saint-emilion-unesco3-3.jpg","type":"image\/jpeg"}],"twitter_card":"summary_large_image","twitter_misc":{"Tiempo de lectura":"6 minutos"},"schema":{"@context":"https:\/\/schema.org","@graph":[{"@type":"WebPage","@id":"https:\/\/www.saintemilion-unesco.com\/es\/recorrido-de-descubrimiento\/","url":"https:\/\/www.saintemilion-unesco.com\/es\/recorrido-de-descubrimiento\/","name":"Recorrido de descubrimiento - Association Juridiction de Saint-Emilion","isPartOf":{"@id":"https:\/\/www.saintemilion-unesco.com\/es\/#website"},"datePublished":"2021-03-10T14:42:26+00:00","dateModified":"2022-07-22T07:27:35+00:00","breadcrumb":{"@id":"https:\/\/www.saintemilion-unesco.com\/es\/recorrido-de-descubrimiento\/#breadcrumb"},"inLanguage":"es","potentialAction":[{"@type":"ReadAction","target":["https:\/\/www.saintemilion-unesco.com\/es\/recorrido-de-descubrimiento\/"]}]},{"@type":"BreadcrumbList","@id":"https:\/\/www.saintemilion-unesco.com\/es\/recorrido-de-descubrimiento\/#breadcrumb","itemListElement":[{"@type":"ListItem","position":1,"name":"Accueil","item":"https:\/\/www.saintemilion-unesco.com\/es\/"},{"@type":"ListItem","position":2,"name":"Recorrido de descubrimiento"}]},{"@type":"WebSite","@id":"https:\/\/www.saintemilion-unesco.com\/es\/#website","url":"https:\/\/www.saintemilion-unesco.com\/es\/","name":"Association Juridiction de Saint-Emilion","description":"Patrimoine Mondial de l&#039;Humanit\u00e9","potentialAction":[{"@type":"SearchAction","target":{"@type":"EntryPoint","urlTemplate":"https:\/\/www.saintemilion-unesco.com\/es\/?s={search_term_string}"},"query-input":"required name=search_term_string"}],"inLanguage":"es"}]}},"_links":{"self":[{"href":"https:\/\/www.saintemilion-unesco.com\/es\/wp-json\/wp\/v2\/pages\/4033"}],"collection":[{"href":"https:\/\/www.saintemilion-unesco.com\/es\/wp-json\/wp\/v2\/pages"}],"about":[{"href":"https:\/\/www.saintemilion-unesco.com\/es\/wp-json\/wp\/v2\/types\/page"}],"author":[{"embeddable":true,"href":"https:\/\/www.saintemilion-unesco.com\/es\/wp-json\/wp\/v2\/users\/1"}],"replies":[{"embeddable":true,"href":"https:\/\/www.saintemilion-unesco.com\/es\/wp-json\/wp\/v2\/comments?post=4033"}],"version-history":[{"count":14,"href":"https:\/\/www.saintemilion-unesco.com\/es\/wp-json\/wp\/v2\/pages\/4033\/revisions"}],"predecessor-version":[{"id":5417,"href":"https:\/\/www.saintemilion-unesco.com\/es\/wp-json\/wp\/v2\/pages\/4033\/revisions\/5417"}],"wp:attachment":[{"href":"https:\/\/www.saintemilion-unesco.com\/es\/wp-json\/wp\/v2\/media?parent=4033"}],"curies":[{"name":"wp","href":"https:\/\/api.w.org\/{rel}","templated":true}]}}