{"id":5300,"date":"2022-07-13T12:36:45","date_gmt":"2022-07-13T10:36:45","guid":{"rendered":"https:\/\/www.saintemilion-unesco.com\/recorrido-de-descubrimiento\/les-cordeliers-y-el-conjunto-commanderie-maison-de-la-cadene-vistos-desde-la-tour-du-roy\/"},"modified":"2022-07-20T16:33:19","modified_gmt":"2022-07-20T14:33:19","slug":"les-cordeliers-y-el-conjunto-commanderie-maison-de-la-cadene-vistos-desde-la-tour-du-roy","status":"publish","type":"page","link":"https:\/\/www.saintemilion-unesco.com\/es\/recorrido-de-descubrimiento\/les-cordeliers-y-el-conjunto-commanderie-maison-de-la-cadene-vistos-desde-la-tour-du-roy\/","title":{"rendered":"Saint-Emilion &#8211; Les Cordeliers y el conjunto Commanderie\/Maison de la Cad\u00e8ne vistos desde la Tour du Roy"},"content":{"rendered":"<p>[et_pb_section fb_built=\u00bb1&#8243; admin_label=\u00bbHero\u00bb _builder_version=\u00bb4.16&#8243; use_background_color_gradient=\u00bbon\u00bb background_color_gradient_direction=\u00bb245deg\u00bb background_color_gradient_stops=\u00bbrgba(0,0,0,0.5) 0%|rgba(0,0,0,0) 100%\u00bb background_color_gradient_overlays_image=\u00bbon\u00bb background_color_gradient_start=\u00bbrgba(0,0,0,0.5)\u00bb background_color_gradient_end=\u00bbrgba(0,0,0,0)\u00bb background_image=\u00bbhttps:\/\/www.saintemilion-unesco.com\/wp-content\/uploads\/2021\/04\/Les-Cordeliers-et-lensemble-Commanderie-Maison-de-la-Cade\u0300ne-vus-depuis-la-Tour-du-Roy.jpg\u00bb custom_padding=\u00bb195px||195px||true|false\u00bb global_colors_info=\u00bb{}\u00bb][et_pb_row column_structure=\u00bb1_2,1_2&#8243; use_custom_gutter=\u00bbon\u00bb gutter_width=\u00bb1&#8243; module_class=\u00bb et_pb_row_fullwidth\u00bb _builder_version=\u00bb4.16&#8243; width=\u00bb100%\u00bb width_tablet=\u00bb100%\u00bb width_phone=\u00bb\u00bb width_last_edited=\u00bbon|desktop\u00bb max_width=\u00bb100%\u00bb max_width_tablet=\u00bb100%\u00bb max_width_phone=\u00bb\u00bb max_width_last_edited=\u00bbon|desktop\u00bb custom_margin=\u00bb|||\u00bb custom_padding=\u00bb70px|0px|70px|0px|true|false\u00bb make_fullwidth=\u00bbon\u00bb global_colors_info=\u00bb{}\u00bb][et_pb_column type=\u00bb1_2&#8243; _builder_version=\u00bb4.16&#8243; background_position=\u00bbtop_left\u00bb custom_padding=\u00bb|||\u00bb global_colors_info=\u00bb{}\u00bb custom_padding__hover=\u00bb|||\u00bb][\/et_pb_column][et_pb_column type=\u00bb1_2&#8243; _builder_version=\u00bb4.16&#8243; background_position=\u00bbtop_left\u00bb custom_padding=\u00bb|10%||10%\u00bb global_colors_info=\u00bb{}\u00bb custom_padding__hover=\u00bb|||\u00bb][et_pb_post_title meta=\u00bboff\u00bb featured_image=\u00bboff\u00bb _builder_version=\u00bb4.16&#8243; title_font=\u00bbOswald|700||on|||||\u00bb title_text_align=\u00bbleft\u00bb title_text_color=\u00bb#ffffff\u00bb title_font_size=\u00bb60px\u00bb title_line_height=\u00bb1.3em\u00bb text_orientation=\u00bbcenter\u00bb global_colors_info=\u00bb{}\u00bb][\/et_pb_post_title][et_pb_divider color=\u00bb#ed4441&#8243; divider_position=\u00bbcenter\u00bb divider_weight=\u00bb3px\u00bb disabled_on=\u00bbon|on|off%22&#8243; _builder_version=\u00bb4.16&#8243; max_width=\u00bb150px\u00bb height=\u00bbfalse\u00bb custom_margin=\u00bb30px|||\u00bb animation_direction=\u00bbtop\u00bb locked=\u00bboff\u00bb global_colors_info=\u00bb{}\u00bb][\/et_pb_divider][\/et_pb_column][\/et_pb_row][\/et_pb_section][et_pb_section fb_built=\u00bb1&#8243; custom_padding_last_edited=\u00bbon|tablet\u00bb admin_label=\u00bbOur Guides\u00bb _builder_version=\u00bb4.16&#8243; custom_padding=\u00bb110px||0||false|false\u00bb custom_padding_tablet=\u00bb60px||60px|\u00bb custom_padding_phone=\u00bb\u00bb global_colors_info=\u00bb{}\u00bb][et_pb_row _builder_version=\u00bb4.16&#8243; custom_padding=\u00bb0|0px|60px|0px|false|false\u00bb global_colors_info=\u00bb{}\u00bb][et_pb_column type=\u00bb4_4&#8243; _builder_version=\u00bb4.16&#8243; custom_padding=\u00bb|||\u00bb global_colors_info=\u00bb{}\u00bb custom_padding__hover=\u00bb|||\u00bb][et_pb_text _builder_version=\u00bb4.16&#8243; text_font=\u00bbRoboto||||||||\u00bb text_font_size=\u00bb16px\u00bb text_line_height=\u00bb1.9em\u00bb global_colors_info=\u00bb{}\u00bb]Las terrazas de la Tour du Roy ofrecen una ventana excepcional a la ciudad alta, enmarcada por el campanario de la iglesia monol\u00edtica y los contrafuertes del torre\u00f3n medieval.<\/p>\n<p>Situada en el extremo opuesto de la combe, la alta silueta de la \u00abCommanderie\u00bb es testigo del poder y la riqueza de la burgues\u00eda de Saint-\u00c9milion en el siglo XIII. Esta casa rom\u00e1nica, construida en torno al a\u00f1o 1200, perdi\u00f3 su fachada principal cuando se abri\u00f3 la calle Guadet en 1871. Hasta entonces, se encontraba adosada a la Maison de la Cad\u00e8ne, cuya torreta de escaleras estaba coronada por un tejado en atalaya, que a\u00fan puede verse en las fotos antiguas. Estas dos casas forman parte de una serie de fachadas que delimitan el borde de la meseta caliza y dominan la pendiente hacia la parte baja de la ciudad. En la Edad Media, la puerta de la Cadena, mencionada ya en el siglo XIII, constitu\u00eda el paso simb\u00f3lico entre las dos partes de la ciudad, que se cerraba, cuando era necesario, con una cadena (catena en lat\u00edn), que ha dado nombre al edificio.<\/p>\n<p>Al fondo de la plaza Cap du Pont, el front\u00f3n de la iglesia de los Cordeliers recuerda la retirada de los monjes franciscanos al interior de la ciudad durante la guerra de los Cien A\u00f1os, despu\u00e9s de que la Jurade mandara destruir su primer convento, situado al este de la ciudad. Este nuevo monasterio, construido a partir de 1380, se instal\u00f3 sobre el emplazamiento de antiguas casas burguesas, cuyas numerosas puertas y aperturas para tiendas, que se conservan a ambos lados del p\u00f3rtico de la iglesia, recuerdan la actividad comercial que reinaba hasta entonces en la calle de la puerta Brunet. Asimismo, detr\u00e1s de las fachadas an\u00f3nimas de algunas casas, perviven los restos de imponentes construcciones medievales levantadas durante la \u00e9poca dorada de la ciudad en el siglo XIII.<br \/>\n[\/et_pb_text][\/et_pb_column][\/et_pb_row][et_pb_row _builder_version=\u00bb4.16&#8243; _module_preset=\u00bbdefault\u00bb global_colors_info=\u00bb{}\u00bb][et_pb_column type=\u00bb4_4&#8243; _builder_version=\u00bb4.16&#8243; _module_preset=\u00bbdefault\u00bb global_colors_info=\u00bb{}\u00bb][et_pb_audio audio=\u00bbhttps:\/\/www.saintemilion-unesco.com\/wp-content\/uploads\/2022\/02\/12-Les-coredeliers-y-el-conjunto.mp3&#8243; title=\u00bbLes Cordeliers y el conjunto Commanderie\/Maison de la Cad\u00e8ne vistos desde la Tour du Roy\u00bb _builder_version=\u00bb4.17.4&#8243; background_color=\u00bb#e23b6d\u00bb hover_enabled=\u00bb0&#8243; global_colors_info=\u00bb{}\u00bb title_text=\u00bb12 Les coredeliers y el conjun\u00bb sticky_enabled=\u00bb0&#8243;][\/et_pb_audio][\/et_pb_column][\/et_pb_row][\/et_pb_section][et_pb_section fb_built=\u00bb1&#8243; admin_label=\u00bbOur Guides\u00bb _builder_version=\u00bb4.16&#8243; custom_padding=\u00bb0||0||true|false\u00bb global_colors_info=\u00bb{}\u00bb][et_pb_row _builder_version=\u00bb4.16&#8243; global_colors_info=\u00bb{}\u00bb][et_pb_column type=\u00bb4_4&#8243; _builder_version=\u00bb4.16&#8243; custom_padding=\u00bb|||\u00bb global_colors_info=\u00bb{}\u00bb custom_padding__hover=\u00bb|||\u00bb][et_pb_text admin_label=\u00bbTeam Title\u00bb _builder_version=\u00bb4.16&#8243; text_font=\u00bb||||\u00bb text_text_color=\u00bb#1a1a1a\u00bb header_font=\u00bbOswald|on||on|\u00bb header_text_align=\u00bbcenter\u00bb header_font_size=\u00bb60px\u00bb header_line_height=\u00bb1.3em\u00bb module_alignment=\u00bbcenter\u00bb custom_margin=\u00bb|||\u00bb custom_padding=\u00bb|||\u00bb animation_style=\u00bbslide\u00bb animation_direction=\u00bbtop\u00bb animation_intensity_slide=\u00bb10%\u00bb locked=\u00bboff\u00bb global_colors_info=\u00bb{}\u00bb]<\/p>\n<h1>m\u00c1s informaci\u00d3n<\/h1>\n<p>[\/et_pb_text][et_pb_divider color=\u00bb#ed4441&#8243; divider_position=\u00bbcenter\u00bb divider_weight=\u00bb3px\u00bb disabled_on=\u00bboff|off|off\u00bb _builder_version=\u00bb4.16&#8243; max_width=\u00bb150px\u00bb module_alignment=\u00bbcenter\u00bb height=\u00bbfalse\u00bb custom_margin=\u00bb30px|||\u00bb animation_direction=\u00bbtop\u00bb locked=\u00bboff\u00bb global_colors_info=\u00bb{}\u00bb][\/et_pb_divider][\/et_pb_column][\/et_pb_row][et_pb_row column_structure=\u00bb1_2,1_2&#8243; _builder_version=\u00bb4.16&#8243; global_colors_info=\u00bb{}\u00bb][et_pb_column type=\u00bb1_2&#8243; _builder_version=\u00bb4.16&#8243; custom_padding=\u00bb|||\u00bb global_colors_info=\u00bb{}\u00bb custom_padding__hover=\u00bb|||\u00bb][et_pb_image src=\u00bbhttps:\/\/www.saintemilion-unesco.com\/wp-content\/uploads\/2021\/04\/08-Piganeau-SAB-DSC_0281-1871.jpg\u00bb align_tablet=\u00bbcenter\u00bb align_phone=\u00bb\u00bb align_last_edited=\u00bbon|desktop\u00bb _builder_version=\u00bb4.16&#8243; global_colors_info=\u00bb{}\u00bb][\/et_pb_image][\/et_pb_column][et_pb_column type=\u00bb1_2&#8243; _builder_version=\u00bb4.16&#8243; custom_padding=\u00bb|||\u00bb global_colors_info=\u00bb{}\u00bb custom_padding__hover=\u00bb|||\u00bb][et_pb_image src=\u00bbhttps:\/\/www.saintemilion-unesco.com\/wp-content\/uploads\/2021\/04\/12-Saint-Emilion-Ar-Tour-du-Roy-@Franck-Haudiquert.jpg\u00bb align_tablet=\u00bbcenter\u00bb align_phone=\u00bb\u00bb align_last_edited=\u00bbon|desktop\u00bb _builder_version=\u00bb4.16&#8243; global_colors_info=\u00bb{}\u00bb][\/et_pb_image][\/et_pb_column][\/et_pb_row][\/et_pb_section][et_pb_section fb_built=\u00bb1&#8243; custom_padding_last_edited=\u00bbon|tablet\u00bb admin_label=\u00bbOur Guides\u00bb _builder_version=\u00bb4.16&#8243; custom_padding=\u00bb110px||0||false|false\u00bb custom_padding_tablet=\u00bb60px||60px|\u00bb custom_padding_phone=\u00bb\u00bb global_colors_info=\u00bb{}\u00bb][et_pb_row _builder_version=\u00bb4.16&#8243; global_colors_info=\u00bb{}\u00bb][et_pb_column type=\u00bb4_4&#8243; _builder_version=\u00bb4.16&#8243; custom_padding=\u00bb|||\u00bb global_colors_info=\u00bb{}\u00bb custom_padding__hover=\u00bb|||\u00bb][et_pb_text _builder_version=\u00bb4.16&#8243; global_colors_info=\u00bb{}\u00bb]<\/p>\n<h2 style=\"text-align: center;\">Ver las tablas de lectura en el mapa de la Jurisdicci\u00f3n :<\/h2>\n<p>[\/et_pb_text][et_pb_text _builder_version=\u00bb4.16&#8243; _module_preset=\u00bbdefault\u00bb global_colors_info=\u00bb{}\u00bb]<\/p>\n<p style=\"text-align: center;\"><iframe loading=\"lazy\" src=\"https:\/\/www.google.com\/maps\/d\/u\/0\/embed?mid=1lmVaM7k3Up7EELPVyr1-oMho-STbpqfz\" width=\"100%\" height=\"480\"><\/iframe><\/p>\n<p>[\/et_pb_text][\/et_pb_column][\/et_pb_row][et_pb_row _builder_version=\u00bb4.16&#8243; global_colors_info=\u00bb{}\u00bb][et_pb_column type=\u00bb4_4&#8243; _builder_version=\u00bb4.16&#8243; custom_padding=\u00bb|||\u00bb global_colors_info=\u00bb{}\u00bb custom_padding__hover=\u00bb|||\u00bb][et_pb_text _builder_version=\u00bb4.16&#8243; text_font=\u00bbRoboto||on||||||\u00bb text_font_size=\u00bb25px\u00bb text_line_height=\u00bb1.6em\u00bb header_font=\u00bb||||||||\u00bb background_size=\u00bbinitial\u00bb background_position=\u00bbtop_left\u00bb background_repeat=\u00bbrepeat\u00bb text_orientation=\u00bbcenter\u00bb module_alignment=\u00bbcenter\u00bb custom_margin=\u00bb0px|||\u00bb custom_padding=\u00bb||0px|\u00bb animation_direction=\u00bbtop\u00bb locked=\u00bboff\u00bb global_colors_info=\u00bb{}\u00bb]<\/p>\n<p>Ellos nos apoyan<\/p>\n<p>[\/et_pb_text][et_pb_image src=\u00bbhttps:\/\/www.saintemilion-unesco.com\/wp-content\/uploads\/2018\/10\/logo-cvse-2.png\u00bb align=\u00bbcenter\u00bb align_tablet=\u00bbcenter\u00bb align_phone=\u00bb\u00bb align_last_edited=\u00bbon|desktop\u00bb _builder_version=\u00bb4.16&#8243; max_width=\u00bb12%\u00bb max_width_tablet=\u00bb\u00bb max_width_phone=\u00bb\u00bb max_width_last_edited=\u00bbon|desktop\u00bb global_colors_info=\u00bb{}\u00bb][\/et_pb_image][\/et_pb_column][\/et_pb_row][\/et_pb_section]<\/p>\n","protected":false},"excerpt":{"rendered":"<p>Las terrazas de la Tour du Roy ofrecen una ventana excepcional a la ciudad alta, enmarcada por el campanario de la iglesia monol\u00edtica y los contrafuertes del torre\u00f3n medieval. Situada en el extremo opuesto de la combe, la alta silueta de la \u00abCommanderie\u00bb es testigo del poder y la riqueza de la burgues\u00eda de Saint-\u00c9milion [&hellip;]<\/p>\n","protected":false},"author":1,"featured_media":0,"parent":4033,"menu_order":12,"comment_status":"closed","ping_status":"closed","template":"","meta":{"_et_pb_use_builder":"on","_et_pb_old_content":"","_et_gb_content_width":""},"yoast_head":"<!-- This site is optimized with the Yoast SEO plugin v19.13 - https:\/\/yoast.com\/wordpress\/plugins\/seo\/ -->\n<title>Saint-Emilion - Les Cordeliers y el conjunto Commanderie\/Maison de la Cad\u00e8ne vistos desde la Tour du Roy - Association Juridiction de Saint-Emilion<\/title>\n<meta name=\"robots\" content=\"index, follow, max-snippet:-1, max-image-preview:large, max-video-preview:-1\" \/>\n<link rel=\"canonical\" href=\"https:\/\/www.saintemilion-unesco.com\/es\/recorrido-de-descubrimiento\/les-cordeliers-y-el-conjunto-commanderie-maison-de-la-cadene-vistos-desde-la-tour-du-roy\/\" \/>\n<meta property=\"og:locale\" content=\"es_ES\" \/>\n<meta property=\"og:type\" content=\"article\" \/>\n<meta property=\"og:title\" content=\"Saint-Emilion - Les Cordeliers y el conjunto Commanderie\/Maison de la Cad\u00e8ne vistos desde la Tour du Roy - Association Juridiction de Saint-Emilion\" \/>\n<meta property=\"og:description\" content=\"Las terrazas de la Tour du Roy ofrecen una ventana excepcional a la ciudad alta, enmarcada por el campanario de la iglesia monol\u00edtica y los contrafuertes del torre\u00f3n medieval. Situada en el extremo opuesto de la combe, la alta silueta de la &quot;Commanderie&quot; es testigo del poder y la riqueza de la burgues\u00eda de Saint-\u00c9milion [&hellip;]\" \/>\n<meta property=\"og:url\" content=\"https:\/\/www.saintemilion-unesco.com\/es\/recorrido-de-descubrimiento\/les-cordeliers-y-el-conjunto-commanderie-maison-de-la-cadene-vistos-desde-la-tour-du-roy\/\" \/>\n<meta property=\"og:site_name\" content=\"Association Juridiction de Saint-Emilion\" \/>\n<meta property=\"article:modified_time\" content=\"2022-07-20T14:33:19+00:00\" \/>\n<meta property=\"og:image\" content=\"https:\/\/www.saintemilion-unesco.com\/wp-content\/uploads\/2018\/11\/carte-juridiction-saint-emilion-unesco3-3.jpg\" \/>\n\t<meta property=\"og:image:width\" content=\"1920\" \/>\n\t<meta property=\"og:image:height\" content=\"764\" \/>\n\t<meta property=\"og:image:type\" content=\"image\/jpeg\" \/>\n<meta name=\"twitter:card\" content=\"summary_large_image\" \/>\n<meta name=\"twitter:label1\" content=\"Tiempo de lectura\" \/>\n\t<meta name=\"twitter:data1\" content=\"6 minutos\" \/>\n<script type=\"application\/ld+json\" class=\"yoast-schema-graph\">{\"@context\":\"https:\/\/schema.org\",\"@graph\":[{\"@type\":\"WebPage\",\"@id\":\"https:\/\/www.saintemilion-unesco.com\/es\/recorrido-de-descubrimiento\/les-cordeliers-y-el-conjunto-commanderie-maison-de-la-cadene-vistos-desde-la-tour-du-roy\/\",\"url\":\"https:\/\/www.saintemilion-unesco.com\/es\/recorrido-de-descubrimiento\/les-cordeliers-y-el-conjunto-commanderie-maison-de-la-cadene-vistos-desde-la-tour-du-roy\/\",\"name\":\"Saint-Emilion - Les Cordeliers y el conjunto Commanderie\/Maison de la Cad\u00e8ne vistos desde la Tour du Roy - Association Juridiction de Saint-Emilion\",\"isPartOf\":{\"@id\":\"https:\/\/www.saintemilion-unesco.com\/es\/#website\"},\"datePublished\":\"2022-07-13T10:36:45+00:00\",\"dateModified\":\"2022-07-20T14:33:19+00:00\",\"breadcrumb\":{\"@id\":\"https:\/\/www.saintemilion-unesco.com\/es\/recorrido-de-descubrimiento\/les-cordeliers-y-el-conjunto-commanderie-maison-de-la-cadene-vistos-desde-la-tour-du-roy\/#breadcrumb\"},\"inLanguage\":\"es\",\"potentialAction\":[{\"@type\":\"ReadAction\",\"target\":[\"https:\/\/www.saintemilion-unesco.com\/es\/recorrido-de-descubrimiento\/les-cordeliers-y-el-conjunto-commanderie-maison-de-la-cadene-vistos-desde-la-tour-du-roy\/\"]}]},{\"@type\":\"BreadcrumbList\",\"@id\":\"https:\/\/www.saintemilion-unesco.com\/es\/recorrido-de-descubrimiento\/les-cordeliers-y-el-conjunto-commanderie-maison-de-la-cadene-vistos-desde-la-tour-du-roy\/#breadcrumb\",\"itemListElement\":[{\"@type\":\"ListItem\",\"position\":1,\"name\":\"Accueil\",\"item\":\"https:\/\/www.saintemilion-unesco.com\/es\/\"},{\"@type\":\"ListItem\",\"position\":2,\"name\":\"Recorrido de descubrimiento\",\"item\":\"https:\/\/www.saintemilion-unesco.com\/es\/recorrido-de-descubrimiento\/\"},{\"@type\":\"ListItem\",\"position\":3,\"name\":\"Saint-Emilion &#8211; Les Cordeliers y el conjunto Commanderie\/Maison de la Cad\u00e8ne vistos desde la Tour du Roy\"}]},{\"@type\":\"WebSite\",\"@id\":\"https:\/\/www.saintemilion-unesco.com\/es\/#website\",\"url\":\"https:\/\/www.saintemilion-unesco.com\/es\/\",\"name\":\"Association Juridiction de Saint-Emilion\",\"description\":\"Patrimoine Mondial de l&#039;Humanit\u00e9\",\"potentialAction\":[{\"@type\":\"SearchAction\",\"target\":{\"@type\":\"EntryPoint\",\"urlTemplate\":\"https:\/\/www.saintemilion-unesco.com\/es\/?s={search_term_string}\"},\"query-input\":\"required name=search_term_string\"}],\"inLanguage\":\"es\"}]}<\/script>\n<!-- \/ Yoast SEO plugin. -->","yoast_head_json":{"title":"Saint-Emilion - Les Cordeliers y el conjunto Commanderie\/Maison de la Cad\u00e8ne vistos desde la Tour du Roy - Association Juridiction de Saint-Emilion","robots":{"index":"index","follow":"follow","max-snippet":"max-snippet:-1","max-image-preview":"max-image-preview:large","max-video-preview":"max-video-preview:-1"},"canonical":"https:\/\/www.saintemilion-unesco.com\/es\/recorrido-de-descubrimiento\/les-cordeliers-y-el-conjunto-commanderie-maison-de-la-cadene-vistos-desde-la-tour-du-roy\/","og_locale":"es_ES","og_type":"article","og_title":"Saint-Emilion - Les Cordeliers y el conjunto Commanderie\/Maison de la Cad\u00e8ne vistos desde la Tour du Roy - Association Juridiction de Saint-Emilion","og_description":"Las terrazas de la Tour du Roy ofrecen una ventana excepcional a la ciudad alta, enmarcada por el campanario de la iglesia monol\u00edtica y los contrafuertes del torre\u00f3n medieval. Situada en el extremo opuesto de la combe, la alta silueta de la \"Commanderie\" es testigo del poder y la riqueza de la burgues\u00eda de Saint-\u00c9milion [&hellip;]","og_url":"https:\/\/www.saintemilion-unesco.com\/es\/recorrido-de-descubrimiento\/les-cordeliers-y-el-conjunto-commanderie-maison-de-la-cadene-vistos-desde-la-tour-du-roy\/","og_site_name":"Association Juridiction de Saint-Emilion","article_modified_time":"2022-07-20T14:33:19+00:00","og_image":[{"width":1920,"height":764,"url":"https:\/\/www.saintemilion-unesco.com\/wp-content\/uploads\/2018\/11\/carte-juridiction-saint-emilion-unesco3-3.jpg","type":"image\/jpeg"}],"twitter_card":"summary_large_image","twitter_misc":{"Tiempo de lectura":"6 minutos"},"schema":{"@context":"https:\/\/schema.org","@graph":[{"@type":"WebPage","@id":"https:\/\/www.saintemilion-unesco.com\/es\/recorrido-de-descubrimiento\/les-cordeliers-y-el-conjunto-commanderie-maison-de-la-cadene-vistos-desde-la-tour-du-roy\/","url":"https:\/\/www.saintemilion-unesco.com\/es\/recorrido-de-descubrimiento\/les-cordeliers-y-el-conjunto-commanderie-maison-de-la-cadene-vistos-desde-la-tour-du-roy\/","name":"Saint-Emilion - Les Cordeliers y el conjunto Commanderie\/Maison de la Cad\u00e8ne vistos desde la Tour du Roy - Association Juridiction de Saint-Emilion","isPartOf":{"@id":"https:\/\/www.saintemilion-unesco.com\/es\/#website"},"datePublished":"2022-07-13T10:36:45+00:00","dateModified":"2022-07-20T14:33:19+00:00","breadcrumb":{"@id":"https:\/\/www.saintemilion-unesco.com\/es\/recorrido-de-descubrimiento\/les-cordeliers-y-el-conjunto-commanderie-maison-de-la-cadene-vistos-desde-la-tour-du-roy\/#breadcrumb"},"inLanguage":"es","potentialAction":[{"@type":"ReadAction","target":["https:\/\/www.saintemilion-unesco.com\/es\/recorrido-de-descubrimiento\/les-cordeliers-y-el-conjunto-commanderie-maison-de-la-cadene-vistos-desde-la-tour-du-roy\/"]}]},{"@type":"BreadcrumbList","@id":"https:\/\/www.saintemilion-unesco.com\/es\/recorrido-de-descubrimiento\/les-cordeliers-y-el-conjunto-commanderie-maison-de-la-cadene-vistos-desde-la-tour-du-roy\/#breadcrumb","itemListElement":[{"@type":"ListItem","position":1,"name":"Accueil","item":"https:\/\/www.saintemilion-unesco.com\/es\/"},{"@type":"ListItem","position":2,"name":"Recorrido de descubrimiento","item":"https:\/\/www.saintemilion-unesco.com\/es\/recorrido-de-descubrimiento\/"},{"@type":"ListItem","position":3,"name":"Saint-Emilion &#8211; Les Cordeliers y el conjunto Commanderie\/Maison de la Cad\u00e8ne vistos desde la Tour du Roy"}]},{"@type":"WebSite","@id":"https:\/\/www.saintemilion-unesco.com\/es\/#website","url":"https:\/\/www.saintemilion-unesco.com\/es\/","name":"Association Juridiction de Saint-Emilion","description":"Patrimoine Mondial de l&#039;Humanit\u00e9","potentialAction":[{"@type":"SearchAction","target":{"@type":"EntryPoint","urlTemplate":"https:\/\/www.saintemilion-unesco.com\/es\/?s={search_term_string}"},"query-input":"required name=search_term_string"}],"inLanguage":"es"}]}},"_links":{"self":[{"href":"https:\/\/www.saintemilion-unesco.com\/es\/wp-json\/wp\/v2\/pages\/5300"}],"collection":[{"href":"https:\/\/www.saintemilion-unesco.com\/es\/wp-json\/wp\/v2\/pages"}],"about":[{"href":"https:\/\/www.saintemilion-unesco.com\/es\/wp-json\/wp\/v2\/types\/page"}],"author":[{"embeddable":true,"href":"https:\/\/www.saintemilion-unesco.com\/es\/wp-json\/wp\/v2\/users\/1"}],"replies":[{"embeddable":true,"href":"https:\/\/www.saintemilion-unesco.com\/es\/wp-json\/wp\/v2\/comments?post=5300"}],"version-history":[{"count":6,"href":"https:\/\/www.saintemilion-unesco.com\/es\/wp-json\/wp\/v2\/pages\/5300\/revisions"}],"predecessor-version":[{"id":5342,"href":"https:\/\/www.saintemilion-unesco.com\/es\/wp-json\/wp\/v2\/pages\/5300\/revisions\/5342"}],"up":[{"embeddable":true,"href":"https:\/\/www.saintemilion-unesco.com\/es\/wp-json\/wp\/v2\/pages\/4033"}],"wp:attachment":[{"href":"https:\/\/www.saintemilion-unesco.com\/es\/wp-json\/wp\/v2\/media?parent=5300"}],"curies":[{"name":"wp","href":"https:\/\/api.w.org\/{rel}","templated":true}]}}